{"id":94581,"date":"2022-07-03T11:38:24","date_gmt":"2022-07-03T11:38:24","guid":{"rendered":"http:\/\/localhost\/fr\/?page_id=94581"},"modified":"2022-07-31T19:03:37","modified_gmt":"2022-07-31T19:03:37","slug":"culture","status":"publish","type":"page","link":"https:\/\/ami.mr\/fr\/culture","title":{"rendered":"Culture"},"content":{"rendered":"<p>[vc_row][vc_column width=&#8221;1\/4&#8243;]<div class=\" bs-listing bs-listing-listing-text-2 bs-listing-single-tab pagination-animate\">\t\t<h3 class=\"section-heading sh-t6 sh-s10 main-term-104\">\r\n\r\n\t\t\r\n\t\t\t\t\t\t\t<a href=\"https:\/\/ami.mr\/fr\/archives\/category\/4\" class=\"main-link\">\r\n\t\t\t\t\t\t\t<span class=\"h-text main-term-104\">\r\n\t\t\t\t\t\t\t\t<i class=\"bf-icon  fa fa-clock-o\"><\/i> ACTUALIT\u00c9S\t\t\t\t\t\t\t<\/span>\r\n\t\t\t\t<\/a>\r\n\t\t\t\r\n\t\t\r\n\t\t<\/h3>\r\n\t\t<div class=\"bs-slider-items-container\" data-slider-animation-speed=\"750\" data-slider-autoplay=\"0\" data-slider-control-dots=\"off\" data-slider-control-next-prev=\"style-1\" data-autoplaySpeed=\"3000\">\t\t<div class=\"bs-pagination-wrapper main-term-104 slider bs-slider-first-item bs-slider-item bs-items-3\">\r\n\t\t\t<div class=\"listing listing-text listing-text-2 clearfix columns-1\">\r\n\t\t<article class=\"post-292735 type-post format-standard has-post-thumbnail   listing-item listing-item-text listing-item-text-2 main-term-63918\">\r\n\t<div class=\"item-inner\">\r\n\t\t<h2 class=\"title\">\t\t<a href=\"https:\/\/ami.mr\/fr\/archives\/292735\" class=\"post-title post-url\">\r\n\t\t\tLa ministre de l\u2019\u00e9ducation et de la r\u00e9forme du syst\u00e8me&hellip;\t\t<\/a>\r\n\t\t<\/h2>\t\t<div class=\"post-meta\">\r\n\r\n\t\t\t\t\t\t\t<span class=\"time\"><time class=\"post-published updated\"\r\n\t\t\t\t                         datetime=\"2026-04-07T23:15:28+00:00\">depuis 3 semaines<\/time><\/span>\r\n\t\t\t\t\t\t<\/div>\r\n\t\t\t<\/div>\r\n\t<\/article >\r\n\t<article class=\"post-292147 type-post format-standard has-post-thumbnail   listing-item listing-item-text listing-item-text-2 main-term-63918\">\r\n\t<div class=\"item-inner\">\r\n\t\t<h2 class=\"title\">\t\t<a href=\"https:\/\/ami.mr\/fr\/archives\/292147\" class=\"post-title post-url\">\r\n\t\t\tLe Haut Conseil de l&#8217;\u00e9ducation organise un atelier sur&hellip;\t\t<\/a>\r\n\t\t<\/h2>\t\t<div class=\"post-meta\">\r\n\r\n\t\t\t\t\t\t\t<span class=\"time\"><time class=\"post-published updated\"\r\n\t\t\t\t                         datetime=\"2026-03-30T14:02:54+00:00\">depuis 4 semaines<\/time><\/span>\r\n\t\t\t\t\t\t<\/div>\r\n\t\t\t<\/div>\r\n\t<\/article >\r\n\t<article class=\"post-291637 type-post format-standard has-post-thumbnail   listing-item listing-item-text listing-item-text-2 main-term-63919\">\r\n\t<div class=\"item-inner\">\r\n\t\t<h2 class=\"title\">\t\t<a href=\"https:\/\/ami.mr\/fr\/archives\/291637\" class=\"post-title post-url\">\r\n\t\t\tLe Pr\u00e9sident de la R\u00e9publique adresse ses f\u00e9licitations \u00e0&hellip;\t\t<\/a>\r\n\t\t<\/h2>\t\t<div class=\"post-meta\">\r\n\r\n\t\t\t\t\t\t\t<span class=\"time\"><time class=\"post-published updated\"\r\n\t\t\t\t                         datetime=\"2026-03-22T01:01:24+00:00\">depuis 1 mois<\/time><\/span>\r\n\t\t\t\t\t\t<\/div>\r\n\t\t\t<\/div>\r\n\t<\/article >\r\n\t<article class=\"post-291418 type-post format-standard has-post-thumbnail   listing-item listing-item-text listing-item-text-2 main-term-63918\">\r\n\t<div class=\"item-inner\">\r\n\t\t<h2 class=\"title\">\t\t<a href=\"https:\/\/ami.mr\/fr\/archives\/291418\" class=\"post-title post-url\">\r\n\t\t\tLe Comit\u00e9 national du Croissant appelle \u00e0&hellip;\t\t<\/a>\r\n\t\t<\/h2>\t\t<div class=\"post-meta\">\r\n\r\n\t\t\t\t\t\t\t<span class=\"time\"><time class=\"post-published updated\"\r\n\t\t\t\t                         datetime=\"2026-03-17T15:16:29+00:00\">depuis 1 mois<\/time><\/span>\r\n\t\t\t\t\t\t<\/div>\r\n\t\t\t<\/div>\r\n\t<\/article >\r\n\t<\/div>\r\n\t\n\t<\/div>\t\t<div class=\"bs-pagination-wrapper main-term-104 slider  bs-slider-item bs-items-3\">\r\n\t\t\t<div class=\"listing listing-text listing-text-2 clearfix columns-1\">\r\n\t\t<article class=\"post-291376 type-post format-standard has-post-thumbnail   listing-item listing-item-text listing-item-text-2 main-term-63919\">\r\n\t<div class=\"item-inner\">\r\n\t\t<h2 class=\"title\">\t\t<a href=\"https:\/\/ami.mr\/fr\/archives\/291376\" class=\"post-title post-url\">\r\n\t\t\tPr\u00e9sident de la R\u00e9publique: La formation professionnelle, un&hellip;\t\t<\/a>\r\n\t\t<\/h2>\t\t<div class=\"post-meta\">\r\n\r\n\t\t\t\t\t\t\t<span class=\"time\"><time class=\"post-published updated\"\r\n\t\t\t\t                         datetime=\"2026-03-16T23:24:05+00:00\">depuis 1 mois<\/time><\/span>\r\n\t\t\t\t\t\t<\/div>\r\n\t\t\t<\/div>\r\n\t<\/article >\r\n\t<article class=\"post-291165 type-post format-standard has-post-thumbnail   listing-item listing-item-text listing-item-text-2 main-term-63919\">\r\n\t<div class=\"item-inner\">\r\n\t\t<h2 class=\"title\">\t\t<a href=\"https:\/\/ami.mr\/fr\/archives\/291165\" class=\"post-title post-url\">\r\n\t\t\tLa Premi\u00e8re Dame supervise le lancement de la treizi\u00e8me&hellip;\t\t<\/a>\r\n\t\t<\/h2>\t\t<div class=\"post-meta\">\r\n\r\n\t\t\t\t\t\t\t<span class=\"time\"><time class=\"post-published updated\"\r\n\t\t\t\t                         datetime=\"2026-03-13T05:20:44+00:00\">depuis 1 mois<\/time><\/span>\r\n\t\t\t\t\t\t<\/div>\r\n\t\t\t<\/div>\r\n\t<\/article >\r\n\t<article class=\"post-290940 type-post format-standard has-post-thumbnail   listing-item listing-item-text listing-item-text-2 main-term-63920\">\r\n\t<div class=\"item-inner\">\r\n\t\t<h2 class=\"title\">\t\t<a href=\"https:\/\/ami.mr\/fr\/archives\/290940\" class=\"post-title post-url\">\r\n\t\t\tLe Conseil sup\u00e9rieur de la Zakat lance la premi\u00e8re op\u00e9ration&hellip;\t\t<\/a>\r\n\t\t<\/h2>\t\t<div class=\"post-meta\">\r\n\r\n\t\t\t\t\t\t\t<span class=\"time\"><time class=\"post-published updated\"\r\n\t\t\t\t                         datetime=\"2026-03-10T16:55:48+00:00\">depuis 2 mois<\/time><\/span>\r\n\t\t\t\t\t\t<\/div>\r\n\t\t\t<\/div>\r\n\t<\/article >\r\n\t<article class=\"post-290856 type-post format-standard has-post-thumbnail   listing-item listing-item-text listing-item-text-2 main-term-63919\">\r\n\t<div class=\"item-inner\">\r\n\t\t<h2 class=\"title\">\t\t<a href=\"https:\/\/ami.mr\/fr\/archives\/290856\" class=\"post-title post-url\">\r\n\t\t\tLa Premi\u00e8re Dame supervise la c\u00e9r\u00e9monie de comm\u00e9moration de&hellip;\t\t<\/a>\r\n\t\t<\/h2>\t\t<div class=\"post-meta\">\r\n\r\n\t\t\t\t\t\t\t<span class=\"time\"><time class=\"post-published updated\"\r\n\t\t\t\t                         datetime=\"2026-03-09T02:20:43+00:00\">depuis 2 mois<\/time><\/span>\r\n\t\t\t\t\t\t<\/div>\r\n\t\t\t<\/div>\r\n\t<\/article >\r\n\t<\/div>\r\n\t\n\t<\/div>\t\t<div class=\"bs-pagination-wrapper main-term-104 slider  bs-slider-item bs-items-3\">\r\n\t\t\t<div class=\"listing listing-text listing-text-2 clearfix columns-1\">\r\n\t\t<article class=\"post-290853 type-post format-standard has-post-thumbnail   listing-item listing-item-text listing-item-text-2 main-term-63919\">\r\n\t<div class=\"item-inner\">\r\n\t\t<h2 class=\"title\">\t\t<a href=\"https:\/\/ami.mr\/fr\/archives\/290853\" class=\"post-title post-url\">\r\n\t\t\tLa Premi\u00e8re Dame: \u00abl&#8217;autonomisation des femmes est un&hellip;\t\t<\/a>\r\n\t\t<\/h2>\t\t<div class=\"post-meta\">\r\n\r\n\t\t\t\t\t\t\t<span class=\"time\"><time class=\"post-published updated\"\r\n\t\t\t\t                         datetime=\"2026-03-09T01:30:50+00:00\">depuis 2 mois<\/time><\/span>\r\n\t\t\t\t\t\t<\/div>\r\n\t\t\t<\/div>\r\n\t<\/article >\r\n\t<article class=\"post-290810 type-post format-standard has-post-thumbnail   listing-item listing-item-text listing-item-text-2 main-term-63919\">\r\n\t<div class=\"item-inner\">\r\n\t\t<h2 class=\"title\">\t\t<a href=\"https:\/\/ami.mr\/fr\/archives\/290810\" class=\"post-title post-url\">\r\n\t\t\tLe Pr\u00e9sident de la R\u00e9publique: L&#8217;autonomisation des&hellip;\t\t<\/a>\r\n\t\t<\/h2>\t\t<div class=\"post-meta\">\r\n\r\n\t\t\t\t\t\t\t<span class=\"time\"><time class=\"post-published updated\"\r\n\t\t\t\t                         datetime=\"2026-03-08T00:31:30+00:00\">depuis 2 mois<\/time><\/span>\r\n\t\t\t\t\t\t<\/div>\r\n\t\t\t<\/div>\r\n\t<\/article >\r\n\t<article class=\"post-290170 type-post format-standard has-post-thumbnail   listing-item listing-item-text listing-item-text-2 main-term-63920\">\r\n\t<div class=\"item-inner\">\r\n\t\t<h2 class=\"title\">\t\t<a href=\"https:\/\/ami.mr\/fr\/archives\/290170\" class=\"post-title post-url\">\r\n\t\t\tLe ministre de l&#8217;Int\u00e9rieur d\u00e9core des fonctionnaires,&hellip;\t\t<\/a>\r\n\t\t<\/h2>\t\t<div class=\"post-meta\">\r\n\r\n\t\t\t\t\t\t\t<span class=\"time\"><time class=\"post-published updated\"\r\n\t\t\t\t                         datetime=\"2026-02-24T14:50:35+00:00\">depuis 2 mois<\/time><\/span>\r\n\t\t\t\t\t\t<\/div>\r\n\t\t\t<\/div>\r\n\t<\/article >\r\n\t<article class=\"post-289862 type-post format-standard has-post-thumbnail   listing-item listing-item-text listing-item-text-2 main-term-63919\">\r\n\t<div class=\"item-inner\">\r\n\t\t<h2 class=\"title\">\t\t<a href=\"https:\/\/ami.mr\/fr\/archives\/289862\" class=\"post-title post-url\">\r\n\t\t\tLe Pr\u00e9sident de la R\u00e9publique f\u00e9licite ses compatriotes \u00e0&hellip;\t\t<\/a>\r\n\t\t<\/h2>\t\t<div class=\"post-meta\">\r\n\r\n\t\t\t\t\t\t\t<span class=\"time\"><time class=\"post-published updated\"\r\n\t\t\t\t                         datetime=\"2026-02-19T01:40:55+00:00\">depuis 2 mois<\/time><\/span>\r\n\t\t\t\t\t\t<\/div>\r\n\t\t\t<\/div>\r\n\t<\/article >\r\n\t<\/div>\r\n\t\n\t<\/div><div class=\"bs-slider-controls main-term-104\"><div class=\"bs-control-nav  bs-control-nav-style-1\"><\/div><\/div><\/div><\/div>[\/vc_column][vc_column width=&#8221;3\/4&#8243;]<div class=\" bs-listing bs-listing-slider-1 bs-listing-single-tab\">\t<div class=\"bs-shortcode bs-slider bs-slider-1 clearfix  l-1\">\r\n\r\n\t\t<div class=\"better-slider\" id=\"slider-295212\"\r\n\t\t     data-slideshowSpeed=\"7000\"\r\n\t\t     data-animation=\"slide\"\r\n\t\t     data-controlNav=\"1\"\r\n\t\t     data-animationSpeed=\"600\">\r\n\t\t\t<ul class=\"slides\">\r\n\t\t\t\t\t\t\t\t\t<li class=\"slide bs-slider-item bs-slider-1-item main-term-63919 has-post-thumbnail\">\r\n\t\t\t\t\t\t<div class=\"item-content\">\r\n\r\n\t\t\t\t\t\t\t<a class=\"img-cont\" href=\"https:\/\/ami.mr\/fr\/archives\/291637\"\r\n\t\t\t\t\t\t\t   style=\"background-image: url('https:\/\/ami.mr\/fr\/wp-content\/uploads\/2026\/03\/\u0631\u0626\u064a\u0633-\u0627\u0644\u062c\u0645\u0647\u0648\u0631\u064a\u0629.jpg')\"><\/a>\r\n\t\t\t\t\t\t\t\t\t\t\t\t\t\t<div class=\"content-container\">\r\n\t\t\t\t\t\t\t\t<h3 class=\"title\">\t\t\t\t\t\t\t\t<a class=\"post-url post-title\" href=\"https:\/\/ami.mr\/fr\/archives\/291637\">\r\n\t\t\t\t\t\t\t\t\tLe Pr\u00e9sident de la R\u00e9publique adresse ses f\u00e9licitations \u00e0 plusieurs Rois,&hellip;\t\t\t\t\t\t\t\t<\/a>\r\n\t\t\t\t\t\t\t\t<\/h3>\t\t\t\t\t\t\t<\/div>\r\n\t\t\t\t\t\t<\/div>\r\n\t\t\t\t\t<\/li>\r\n\t\t\t\t\t\t\t\t\t\t<li class=\"slide bs-slider-item bs-slider-1-item main-term-63919 has-post-thumbnail\">\r\n\t\t\t\t\t\t<div class=\"item-content\">\r\n\r\n\t\t\t\t\t\t\t<a class=\"img-cont\" href=\"https:\/\/ami.mr\/fr\/archives\/291376\"\r\n\t\t\t\t\t\t\t   style=\"background-image: url('https:\/\/ami.mr\/fr\/wp-content\/uploads\/2026\/03\/17-03-2026-51-1130x580.jpg')\"><\/a>\r\n\t\t\t\t\t\t\t\t\t\t\t\t\t\t<div class=\"content-container\">\r\n\t\t\t\t\t\t\t\t<h3 class=\"title\">\t\t\t\t\t\t\t\t<a class=\"post-url post-title\" href=\"https:\/\/ami.mr\/fr\/archives\/291376\">\r\n\t\t\t\t\t\t\t\t\tPr\u00e9sident de la R\u00e9publique: La formation professionnelle, un levier essentiel&hellip;\t\t\t\t\t\t\t\t<\/a>\r\n\t\t\t\t\t\t\t\t<\/h3>\t\t\t\t\t\t\t<\/div>\r\n\t\t\t\t\t\t<\/div>\r\n\t\t\t\t\t<\/li>\r\n\t\t\t\t\t\t\t\t\t\t<li class=\"slide bs-slider-item bs-slider-1-item main-term-63919 has-post-thumbnail\">\r\n\t\t\t\t\t\t<div class=\"item-content\">\r\n\r\n\t\t\t\t\t\t\t<a class=\"img-cont\" href=\"https:\/\/ami.mr\/fr\/archives\/291165\"\r\n\t\t\t\t\t\t\t   style=\"background-image: url('https:\/\/ami.mr\/fr\/wp-content\/uploads\/2026\/03\/\u0627\u0644\u0633\u064a\u062f\u0629-\u0627\u0644\u0627\u0648\u0644\u0649-1.gif')\"><\/a>\r\n\t\t\t\t\t\t\t\t\t\t\t\t\t\t<div class=\"content-container\">\r\n\t\t\t\t\t\t\t\t<h3 class=\"title\">\t\t\t\t\t\t\t\t<a class=\"post-url post-title\" href=\"https:\/\/ami.mr\/fr\/archives\/291165\">\r\n\t\t\t\t\t\t\t\t\tLa Premi\u00e8re Dame supervise le lancement de la treizi\u00e8me \u00e9dition du festival&hellip;\t\t\t\t\t\t\t\t<\/a>\r\n\t\t\t\t\t\t\t\t<\/h3>\t\t\t\t\t\t\t<\/div>\r\n\t\t\t\t\t\t<\/div>\r\n\t\t\t\t\t<\/li>\r\n\t\t\t\t\t\t\t\t\t\t<li class=\"slide bs-slider-item bs-slider-1-item main-term-63920 has-post-thumbnail\">\r\n\t\t\t\t\t\t<div class=\"item-content\">\r\n\r\n\t\t\t\t\t\t\t<a class=\"img-cont\" href=\"https:\/\/ami.mr\/fr\/archives\/290940\"\r\n\t\t\t\t\t\t\t   style=\"background-image: url('https:\/\/ami.mr\/fr\/wp-content\/uploads\/2026\/03\/10-03-2026-007-1130x580.jpeg')\"><\/a>\r\n\t\t\t\t\t\t\t\t\t\t\t\t\t\t<div class=\"content-container\">\r\n\t\t\t\t\t\t\t\t<h3 class=\"title\">\t\t\t\t\t\t\t\t<a class=\"post-url post-title\" href=\"https:\/\/ami.mr\/fr\/archives\/290940\">\r\n\t\t\t\t\t\t\t\t\tLe Conseil sup\u00e9rieur de la Zakat lance la premi\u00e8re op\u00e9ration institutionnelle de&hellip;\t\t\t\t\t\t\t\t<\/a>\r\n\t\t\t\t\t\t\t\t<\/h3>\t\t\t\t\t\t\t<\/div>\r\n\t\t\t\t\t\t<\/div>\r\n\t\t\t\t\t<\/li>\r\n\t\t\t\t\t\t\t\t\t\t<li class=\"slide bs-slider-item bs-slider-1-item main-term-63919 has-post-thumbnail\">\r\n\t\t\t\t\t\t<div class=\"item-content\">\r\n\r\n\t\t\t\t\t\t\t<a class=\"img-cont\" href=\"https:\/\/ami.mr\/fr\/archives\/290856\"\r\n\t\t\t\t\t\t\t   style=\"background-image: url('https:\/\/ami.mr\/fr\/wp-content\/uploads\/2026\/03\/\u0662\u0660\u0662\u0666\u0660\u0663\u0660\u0669_\u0660\u0661\u0662\u0665\u0665\u0664-1130x580.jpg')\"><\/a>\r\n\t\t\t\t\t\t\t\t\t\t\t\t\t\t<div class=\"content-container\">\r\n\t\t\t\t\t\t\t\t<h3 class=\"title\">\t\t\t\t\t\t\t\t<a class=\"post-url post-title\" href=\"https:\/\/ami.mr\/fr\/archives\/290856\">\r\n\t\t\t\t\t\t\t\t\tLa Premi\u00e8re Dame supervise la c\u00e9r\u00e9monie de comm\u00e9moration de la Journ\u00e9e&hellip;\t\t\t\t\t\t\t\t<\/a>\r\n\t\t\t\t\t\t\t\t<\/h3>\t\t\t\t\t\t\t<\/div>\r\n\t\t\t\t\t\t<\/div>\r\n\t\t\t\t\t<\/li>\r\n\t\t\t\t\t\t\t\t\t\t<li class=\"slide bs-slider-item bs-slider-1-item main-term-63919 has-post-thumbnail\">\r\n\t\t\t\t\t\t<div class=\"item-content\">\r\n\r\n\t\t\t\t\t\t\t<a class=\"img-cont\" href=\"https:\/\/ami.mr\/fr\/archives\/290853\"\r\n\t\t\t\t\t\t\t   style=\"background-image: url('https:\/\/ami.mr\/fr\/wp-content\/uploads\/2026\/03\/\u0662\u0660\u0662\u0666\u0660\u0663\u0660\u0669_\u0660\u0660\u0665\u0669\u0661\u0661-1130x580.jpg')\"><\/a>\r\n\t\t\t\t\t\t\t\t\t\t\t\t\t\t<div class=\"content-container\">\r\n\t\t\t\t\t\t\t\t<h3 class=\"title\">\t\t\t\t\t\t\t\t<a class=\"post-url post-title\" href=\"https:\/\/ami.mr\/fr\/archives\/290853\">\r\n\t\t\t\t\t\t\t\t\tLa Premi\u00e8re Dame: \u00abl&#8217;autonomisation des femmes est un choix national qui&hellip;\t\t\t\t\t\t\t\t<\/a>\r\n\t\t\t\t\t\t\t\t<\/h3>\t\t\t\t\t\t\t<\/div>\r\n\t\t\t\t\t\t<\/div>\r\n\t\t\t\t\t<\/li>\r\n\t\t\t\t\t\t\t\t\t\t<li class=\"slide bs-slider-item bs-slider-1-item main-term-63919 has-post-thumbnail\">\r\n\t\t\t\t\t\t<div class=\"item-content\">\r\n\r\n\t\t\t\t\t\t\t<a class=\"img-cont\" href=\"https:\/\/ami.mr\/fr\/archives\/290810\"\r\n\t\t\t\t\t\t\t   style=\"background-image: url('https:\/\/ami.mr\/fr\/wp-content\/uploads\/2026\/03\/\u0662\u0660\u0662\u0666\u0660\u0663\u0660\u0668_\u0660\u0660\u0660\u0669\u0665\u0669-1130x580.jpg')\"><\/a>\r\n\t\t\t\t\t\t\t\t\t\t\t\t\t\t<div class=\"content-container\">\r\n\t\t\t\t\t\t\t\t<h3 class=\"title\">\t\t\t\t\t\t\t\t<a class=\"post-url post-title\" href=\"https:\/\/ami.mr\/fr\/archives\/290810\">\r\n\t\t\t\t\t\t\t\t\tLe Pr\u00e9sident de la R\u00e9publique: L&#8217;autonomisation des femmes et la promotion&hellip;\t\t\t\t\t\t\t\t<\/a>\r\n\t\t\t\t\t\t\t\t<\/h3>\t\t\t\t\t\t\t<\/div>\r\n\t\t\t\t\t\t<\/div>\r\n\t\t\t\t\t<\/li>\r\n\t\t\t\t\t\t\t\t\t\t<li class=\"slide bs-slider-item bs-slider-1-item main-term-63920 has-post-thumbnail\">\r\n\t\t\t\t\t\t<div class=\"item-content\">\r\n\r\n\t\t\t\t\t\t\t<a class=\"img-cont\" href=\"https:\/\/ami.mr\/fr\/archives\/290170\"\r\n\t\t\t\t\t\t\t   style=\"background-image: url('https:\/\/ami.mr\/fr\/wp-content\/uploads\/2026\/02\/24-02-2026-51-1130x580.jpg')\"><\/a>\r\n\t\t\t\t\t\t\t\t\t\t\t\t\t\t<div class=\"content-container\">\r\n\t\t\t\t\t\t\t\t<h3 class=\"title\">\t\t\t\t\t\t\t\t<a class=\"post-url post-title\" href=\"https:\/\/ami.mr\/fr\/archives\/290170\">\r\n\t\t\t\t\t\t\t\t\tLe ministre de l&#8217;Int\u00e9rieur d\u00e9core des fonctionnaires, du d\u00e9partement\t\t\t\t\t\t\t\t<\/a>\r\n\t\t\t\t\t\t\t\t<\/h3>\t\t\t\t\t\t\t<\/div>\r\n\t\t\t\t\t\t<\/div>\r\n\t\t\t\t\t<\/li>\r\n\t\t\t\t\t\t\t\t<\/ul>\r\n\t\t<\/div>\r\n\t<\/div>\r\n<\/div>[\/vc_column][\/vc_row][vc_row][vc_column width=&#8221;1\/4&#8243;]<div class=\" bs-listing bs-listing-listing-thumbnail-1 bs-listing-single-tab\">\t\t<h3 class=\"section-heading sh-t6 sh-s10 main-term-104\">\r\n\r\n\t\t\r\n\t\t\t\t\t\t\t<a href=\"https:\/\/ami.mr\/fr\/archives\/category\/4\" class=\"main-link\">\r\n\t\t\t\t\t\t\t<span class=\"h-text main-term-104\">\r\n\t\t\t\t\t\t\t\tLes plus lus\t\t\t\t\t\t\t<\/span>\r\n\t\t\t\t<\/a>\r\n\t\t\t\r\n\t\t\r\n\t\t<\/h3>\r\n\t\t\t<div class=\"listing listing-thumbnail listing-tb-1 clearfix columns-1\">\r\n\t\t<article class=\"post-292735 type-post format-standard has-post-thumbnail   listing-item listing-item-thumbnail listing-item-tb-1 main-term-63918\">\r\n\t<div class=\"item-inner clearfix\">\r\n\t\t\t\t\t<div class=\"featured featured-type-featured-image\">\r\n\t\t\t\t<a  title=\"La ministre de l\u2019\u00e9ducation et de la r\u00e9forme du syst\u00e8me d&#8217;enseignement re\u00e7oit une mission du Fonds mon\u00e9taire international\" data-src=\"https:\/\/ami.mr\/fr\/wp-content\/uploads\/2026\/04\/\u0648\u0632\u064a\u0631\u0629-\u0627\u0644\u062a\u0631\u0628\u064a\u0629-1.gif\"\t\t\t\t\t\tclass=\"img-holder\" href=\"https:\/\/ami.mr\/fr\/archives\/292735\"><\/a>\r\n\t\t\t\t\t\t\t<\/div>\r\n\t\t<h2 class=\"title\">\t\t<a href=\"https:\/\/ami.mr\/fr\/archives\/292735\" class=\"post-url post-title\">\r\n\t\t\tLa ministre de l\u2019\u00e9ducation et de la r\u00e9forme du syst\u00e8me&hellip;\t\t<\/a>\r\n\t\t<\/h2>\t\t<div class=\"post-meta\">\r\n\r\n\t\t\t\t\t\t\t<span class=\"time\"><time class=\"post-published updated\"\r\n\t\t\t\t                         datetime=\"2026-04-07T23:15:28+00:00\">depuis 3 semaines<\/time><\/span>\r\n\t\t\t\t\t\t<\/div>\r\n\t\t\t<\/div>\r\n\t<\/article >\r\n\t<article class=\"post-292147 type-post format-standard has-post-thumbnail   listing-item listing-item-thumbnail listing-item-tb-1 main-term-63918\">\r\n\t<div class=\"item-inner clearfix\">\r\n\t\t\t\t\t<div class=\"featured featured-type-featured-image\">\r\n\t\t\t\t<a  title=\"Le Haut Conseil de l&#8217;\u00e9ducation organise un atelier sur la formulation d&#8217;avis juridiques et techniques sur les politiques \u00e9ducatives en Mauritanie\" data-src=\"https:\/\/ami.mr\/fr\/wp-content\/uploads\/2026\/03\/30-03-2026-003-86x64.jpg\" data-bs-srcset=\"{&quot;baseurl&quot;:&quot;https:\\\/\\\/ami.mr\\\/fr\\\/wp-content\\\/uploads\\\/2026\\\/03\\\/&quot;,&quot;sizes&quot;:{&quot;86&quot;:&quot;30-03-2026-003-86x64.jpg&quot;,&quot;210&quot;:&quot;30-03-2026-003-210x136.jpg&quot;,&quot;1400&quot;:&quot;30-03-2026-003.jpg&quot;}}\"\t\t\t\t\t\tclass=\"img-holder\" href=\"https:\/\/ami.mr\/fr\/archives\/292147\"><\/a>\r\n\t\t\t\t\t\t\t<\/div>\r\n\t\t<h2 class=\"title\">\t\t<a href=\"https:\/\/ami.mr\/fr\/archives\/292147\" class=\"post-url post-title\">\r\n\t\t\tLe Haut Conseil de l&#8217;\u00e9ducation organise un atelier sur&hellip;\t\t<\/a>\r\n\t\t<\/h2>\t\t<div class=\"post-meta\">\r\n\r\n\t\t\t\t\t\t\t<span class=\"time\"><time class=\"post-published updated\"\r\n\t\t\t\t                         datetime=\"2026-03-30T14:02:54+00:00\">depuis 4 semaines<\/time><\/span>\r\n\t\t\t\t\t\t<\/div>\r\n\t\t\t<\/div>\r\n\t<\/article >\r\n\t<article class=\"post-291637 type-post format-standard has-post-thumbnail   listing-item listing-item-thumbnail listing-item-tb-1 main-term-63919\">\r\n\t<div class=\"item-inner clearfix\">\r\n\t\t\t\t\t<div class=\"featured featured-type-featured-image\">\r\n\t\t\t\t<a  title=\"Le Pr\u00e9sident de la R\u00e9publique adresse ses f\u00e9licitations \u00e0 plusieurs Rois, Pr\u00e9sidents et \u00c9mirs \u00e0 l\u2019occasion de l\u2019A\u00efd el-Fitr\" data-src=\"https:\/\/ami.mr\/fr\/wp-content\/uploads\/2026\/03\/\u0631\u0626\u064a\u0633-\u0627\u0644\u062c\u0645\u0647\u0648\u0631\u064a\u0629-86x64.jpg\" data-bs-srcset=\"{&quot;baseurl&quot;:&quot;https:\\\/\\\/ami.mr\\\/fr\\\/wp-content\\\/uploads\\\/2026\\\/03\\\/&quot;,&quot;sizes&quot;:{&quot;86&quot;:&quot;\\u0631\\u0626\\u064a\\u0633-\\u0627\\u0644\\u062c\\u0645\\u0647\\u0648\\u0631\\u064a\\u0629-86x64.jpg&quot;,&quot;210&quot;:&quot;\\u0631\\u0626\\u064a\\u0633-\\u0627\\u0644\\u062c\\u0645\\u0647\\u0648\\u0631\\u064a\\u0629-210x136.jpg&quot;,&quot;640&quot;:&quot;\\u0631\\u0626\\u064a\\u0633-\\u0627\\u0644\\u062c\\u0645\\u0647\\u0648\\u0631\\u064a\\u0629.jpg&quot;}}\"\t\t\t\t\t\tclass=\"img-holder\" href=\"https:\/\/ami.mr\/fr\/archives\/291637\"><\/a>\r\n\t\t\t\t\t\t\t<\/div>\r\n\t\t<h2 class=\"title\">\t\t<a href=\"https:\/\/ami.mr\/fr\/archives\/291637\" class=\"post-url post-title\">\r\n\t\t\tLe Pr\u00e9sident de la R\u00e9publique adresse ses f\u00e9licitations \u00e0&hellip;\t\t<\/a>\r\n\t\t<\/h2>\t\t<div class=\"post-meta\">\r\n\r\n\t\t\t\t\t\t\t<span class=\"time\"><time class=\"post-published updated\"\r\n\t\t\t\t                         datetime=\"2026-03-22T01:01:24+00:00\">depuis 1 mois<\/time><\/span>\r\n\t\t\t\t\t\t<\/div>\r\n\t\t\t<\/div>\r\n\t<\/article >\r\n\t<article class=\"post-291418 type-post format-standard has-post-thumbnail   listing-item listing-item-thumbnail listing-item-tb-1 main-term-63918\">\r\n\t<div class=\"item-inner clearfix\">\r\n\t\t\t\t\t<div class=\"featured featured-type-featured-image\">\r\n\t\t\t\t<a  title=\"Le Comit\u00e9 national du Croissant appelle \u00e0 l&#8217;observation du croissant de Shawwal jeudi soir\" data-src=\"https:\/\/ami.mr\/fr\/wp-content\/uploads\/2026\/03\/16-02-2026-s007-86x64.jpeg\" data-bs-srcset=\"{&quot;baseurl&quot;:&quot;https:\\\/\\\/ami.mr\\\/fr\\\/wp-content\\\/uploads\\\/2026\\\/03\\\/&quot;,&quot;sizes&quot;:{&quot;86&quot;:&quot;16-02-2026-s007-86x64.jpeg&quot;,&quot;210&quot;:&quot;16-02-2026-s007-210x136.jpeg&quot;,&quot;380&quot;:&quot;16-02-2026-s007.jpeg&quot;}}\"\t\t\t\t\t\tclass=\"img-holder\" href=\"https:\/\/ami.mr\/fr\/archives\/291418\"><\/a>\r\n\t\t\t\t\t\t\t<\/div>\r\n\t\t<h2 class=\"title\">\t\t<a href=\"https:\/\/ami.mr\/fr\/archives\/291418\" class=\"post-url post-title\">\r\n\t\t\tLe Comit\u00e9 national du Croissant appelle \u00e0&hellip;\t\t<\/a>\r\n\t\t<\/h2>\t\t<div class=\"post-meta\">\r\n\r\n\t\t\t\t\t\t\t<span class=\"time\"><time class=\"post-published updated\"\r\n\t\t\t\t                         datetime=\"2026-03-17T15:16:29+00:00\">depuis 1 mois<\/time><\/span>\r\n\t\t\t\t\t\t<\/div>\r\n\t\t\t<\/div>\r\n\t<\/article >\r\n\t<article class=\"post-291376 type-post format-standard has-post-thumbnail   listing-item listing-item-thumbnail listing-item-tb-1 main-term-63919\">\r\n\t<div class=\"item-inner clearfix\">\r\n\t\t\t\t\t<div class=\"featured featured-type-featured-image\">\r\n\t\t\t\t<a  title=\"Pr\u00e9sident de la R\u00e9publique: La formation professionnelle, un levier essentiel pour le d\u00e9veloppement et l&#8217;autonomisation des jeunes\" data-src=\"https:\/\/ami.mr\/fr\/wp-content\/uploads\/2026\/03\/17-03-2026-51-86x64.jpg\" data-bs-srcset=\"{&quot;baseurl&quot;:&quot;https:\\\/\\\/ami.mr\\\/fr\\\/wp-content\\\/uploads\\\/2026\\\/03\\\/&quot;,&quot;sizes&quot;:{&quot;86&quot;:&quot;17-03-2026-51-86x64.jpg&quot;,&quot;210&quot;:&quot;17-03-2026-51-210x136.jpg&quot;,&quot;1400&quot;:&quot;17-03-2026-51.jpg&quot;}}\"\t\t\t\t\t\tclass=\"img-holder\" href=\"https:\/\/ami.mr\/fr\/archives\/291376\"><\/a>\r\n\t\t\t\t\t\t\t<\/div>\r\n\t\t<h2 class=\"title\">\t\t<a href=\"https:\/\/ami.mr\/fr\/archives\/291376\" class=\"post-url post-title\">\r\n\t\t\tPr\u00e9sident de la R\u00e9publique: La formation professionnelle, un&hellip;\t\t<\/a>\r\n\t\t<\/h2>\t\t<div class=\"post-meta\">\r\n\r\n\t\t\t\t\t\t\t<span class=\"time\"><time class=\"post-published updated\"\r\n\t\t\t\t                         datetime=\"2026-03-16T23:24:05+00:00\">depuis 1 mois<\/time><\/span>\r\n\t\t\t\t\t\t<\/div>\r\n\t\t\t<\/div>\r\n\t<\/article >\r\n\t<article class=\"post-291165 type-post format-standard has-post-thumbnail   listing-item listing-item-thumbnail listing-item-tb-1 main-term-63919\">\r\n\t<div class=\"item-inner clearfix\">\r\n\t\t\t\t\t<div class=\"featured featured-type-featured-image\">\r\n\t\t\t\t<a  title=\"La Premi\u00e8re Dame supervise le lancement de la treizi\u00e8me \u00e9dition du festival &#8220;Les Nuits de Med&#8217;h&#8221;\" data-src=\"https:\/\/ami.mr\/fr\/wp-content\/uploads\/2026\/03\/\u0627\u0644\u0633\u064a\u062f\u0629-\u0627\u0644\u0627\u0648\u0644\u0649-1.gif\"\t\t\t\t\t\tclass=\"img-holder\" href=\"https:\/\/ami.mr\/fr\/archives\/291165\"><\/a>\r\n\t\t\t\t\t\t\t<\/div>\r\n\t\t<h2 class=\"title\">\t\t<a href=\"https:\/\/ami.mr\/fr\/archives\/291165\" class=\"post-url post-title\">\r\n\t\t\tLa Premi\u00e8re Dame supervise le lancement de la treizi\u00e8me&hellip;\t\t<\/a>\r\n\t\t<\/h2>\t\t<div class=\"post-meta\">\r\n\r\n\t\t\t\t\t\t\t<span class=\"time\"><time class=\"post-published updated\"\r\n\t\t\t\t                         datetime=\"2026-03-13T05:20:44+00:00\">depuis 1 mois<\/time><\/span>\r\n\t\t\t\t\t\t<\/div>\r\n\t\t\t<\/div>\r\n\t<\/article >\r\n\t<article class=\"post-290940 type-post format-standard has-post-thumbnail   listing-item listing-item-thumbnail listing-item-tb-1 main-term-63920\">\r\n\t<div class=\"item-inner clearfix\">\r\n\t\t\t\t\t<div class=\"featured featured-type-featured-image\">\r\n\t\t\t\t<a  title=\"Le Conseil sup\u00e9rieur de la Zakat lance la premi\u00e8re op\u00e9ration institutionnelle de distribution de la Zakat en Mauritanie\" data-src=\"https:\/\/ami.mr\/fr\/wp-content\/uploads\/2026\/03\/10-03-2026-007-86x64.jpeg\" data-bs-srcset=\"{&quot;baseurl&quot;:&quot;https:\\\/\\\/ami.mr\\\/fr\\\/wp-content\\\/uploads\\\/2026\\\/03\\\/&quot;,&quot;sizes&quot;:{&quot;86&quot;:&quot;10-03-2026-007-86x64.jpeg&quot;,&quot;210&quot;:&quot;10-03-2026-007-210x136.jpeg&quot;,&quot;1400&quot;:&quot;10-03-2026-007.jpeg&quot;}}\"\t\t\t\t\t\tclass=\"img-holder\" href=\"https:\/\/ami.mr\/fr\/archives\/290940\"><\/a>\r\n\t\t\t\t\t\t\t<\/div>\r\n\t\t<h2 class=\"title\">\t\t<a href=\"https:\/\/ami.mr\/fr\/archives\/290940\" class=\"post-url post-title\">\r\n\t\t\tLe Conseil sup\u00e9rieur de la Zakat lance la premi\u00e8re op\u00e9ration&hellip;\t\t<\/a>\r\n\t\t<\/h2>\t\t<div class=\"post-meta\">\r\n\r\n\t\t\t\t\t\t\t<span class=\"time\"><time class=\"post-published updated\"\r\n\t\t\t\t                         datetime=\"2026-03-10T16:55:48+00:00\">depuis 2 mois<\/time><\/span>\r\n\t\t\t\t\t\t<\/div>\r\n\t\t\t<\/div>\r\n\t<\/article >\r\n\t<article class=\"post-290856 type-post format-standard has-post-thumbnail   listing-item listing-item-thumbnail listing-item-tb-1 main-term-63919\">\r\n\t<div class=\"item-inner clearfix\">\r\n\t\t\t\t\t<div class=\"featured featured-type-featured-image\">\r\n\t\t\t\t<a  title=\"La Premi\u00e8re Dame supervise la c\u00e9r\u00e9monie de comm\u00e9moration de la Journ\u00e9e internationale de la femme\" data-src=\"https:\/\/ami.mr\/fr\/wp-content\/uploads\/2026\/03\/\u0662\u0660\u0662\u0666\u0660\u0663\u0660\u0669_\u0660\u0661\u0662\u0665\u0665\u0664-86x64.jpg\" data-bs-srcset=\"{&quot;baseurl&quot;:&quot;https:\\\/\\\/ami.mr\\\/fr\\\/wp-content\\\/uploads\\\/2026\\\/03\\\/&quot;,&quot;sizes&quot;:{&quot;86&quot;:&quot;\\u0662\\u0660\\u0662\\u0666\\u0660\\u0663\\u0660\\u0669_\\u0660\\u0661\\u0662\\u0665\\u0665\\u0664-86x64.jpg&quot;,&quot;210&quot;:&quot;\\u0662\\u0660\\u0662\\u0666\\u0660\\u0663\\u0660\\u0669_\\u0660\\u0661\\u0662\\u0665\\u0665\\u0664-210x136.jpg&quot;,&quot;1400&quot;:&quot;\\u0662\\u0660\\u0662\\u0666\\u0660\\u0663\\u0660\\u0669_\\u0660\\u0661\\u0662\\u0665\\u0665\\u0664.jpg&quot;}}\"\t\t\t\t\t\tclass=\"img-holder\" href=\"https:\/\/ami.mr\/fr\/archives\/290856\"><\/a>\r\n\t\t\t\t\t\t\t<\/div>\r\n\t\t<h2 class=\"title\">\t\t<a href=\"https:\/\/ami.mr\/fr\/archives\/290856\" class=\"post-url post-title\">\r\n\t\t\tLa Premi\u00e8re Dame supervise la c\u00e9r\u00e9monie de comm\u00e9moration de&hellip;\t\t<\/a>\r\n\t\t<\/h2>\t\t<div class=\"post-meta\">\r\n\r\n\t\t\t\t\t\t\t<span class=\"time\"><time class=\"post-published updated\"\r\n\t\t\t\t                         datetime=\"2026-03-09T02:20:43+00:00\">depuis 2 mois<\/time><\/span>\r\n\t\t\t\t\t\t<\/div>\r\n\t\t\t<\/div>\r\n\t<\/article >\r\n\t<article class=\"post-290853 type-post format-standard has-post-thumbnail   listing-item listing-item-thumbnail listing-item-tb-1 main-term-63919\">\r\n\t<div class=\"item-inner clearfix\">\r\n\t\t\t\t\t<div class=\"featured featured-type-featured-image\">\r\n\t\t\t\t<a  title=\"La Premi\u00e8re Dame: \u00abl&#8217;autonomisation des femmes est un choix national qui renforce la stabilit\u00e9 et soutient le d\u00e9veloppement durable\u00bb\" data-src=\"https:\/\/ami.mr\/fr\/wp-content\/uploads\/2026\/03\/\u0662\u0660\u0662\u0666\u0660\u0663\u0660\u0669_\u0660\u0660\u0665\u0669\u0661\u0661-86x64.jpg\" data-bs-srcset=\"{&quot;baseurl&quot;:&quot;https:\\\/\\\/ami.mr\\\/fr\\\/wp-content\\\/uploads\\\/2026\\\/03\\\/&quot;,&quot;sizes&quot;:{&quot;86&quot;:&quot;\\u0662\\u0660\\u0662\\u0666\\u0660\\u0663\\u0660\\u0669_\\u0660\\u0660\\u0665\\u0669\\u0661\\u0661-86x64.jpg&quot;,&quot;210&quot;:&quot;\\u0662\\u0660\\u0662\\u0666\\u0660\\u0663\\u0660\\u0669_\\u0660\\u0660\\u0665\\u0669\\u0661\\u0661-210x136.jpg&quot;,&quot;1400&quot;:&quot;\\u0662\\u0660\\u0662\\u0666\\u0660\\u0663\\u0660\\u0669_\\u0660\\u0660\\u0665\\u0669\\u0661\\u0661.jpg&quot;}}\"\t\t\t\t\t\tclass=\"img-holder\" href=\"https:\/\/ami.mr\/fr\/archives\/290853\"><\/a>\r\n\t\t\t\t\t\t\t<\/div>\r\n\t\t<h2 class=\"title\">\t\t<a href=\"https:\/\/ami.mr\/fr\/archives\/290853\" class=\"post-url post-title\">\r\n\t\t\tLa Premi\u00e8re Dame: \u00abl&#8217;autonomisation des femmes est un&hellip;\t\t<\/a>\r\n\t\t<\/h2>\t\t<div class=\"post-meta\">\r\n\r\n\t\t\t\t\t\t\t<span class=\"time\"><time class=\"post-published updated\"\r\n\t\t\t\t                         datetime=\"2026-03-09T01:30:50+00:00\">depuis 2 mois<\/time><\/span>\r\n\t\t\t\t\t\t<\/div>\r\n\t\t\t<\/div>\r\n\t<\/article >\r\n\t<\/div>\r\n\t<\/div>[\/vc_column][vc_column width=&#8221;3\/4&#8243;]<div class=\" bs-listing bs-listing-listing-mix-2-2 bs-listing-single-tab pagination-animate\">\t\t<div class=\"bs-pagination-wrapper main-term-104 more_btn bs-slider-first-item\">\r\n\t\t\t<div class=\"listing listing-mix-2-2 clearfix \">\r\n\t\t<div class=\"item-inner\">\r\n\t\t\t<div class=\"row\">\r\n\t\t\t\t<div class=\"col-lg-12\">\r\n\t\t\t\t\t\t\t\t\t\t\t<div class=\"listing listing-grid-1 clearfix columns-2\">\r\n\t\t\t\t\t\t\t\t<article class=\"post-292735 type-post format-standard has-post-thumbnail   listing-item listing-item-grid listing-item-grid-1 main-term-63918\">\r\n\t<div class=\"item-inner\">\r\n\t\t\t\t\t<div class=\"featured clearfix\">\r\n\t\t\t\t\t\t\t\t<a  title=\"La ministre de l\u2019\u00e9ducation et de la r\u00e9forme du syst\u00e8me d&#8217;enseignement re\u00e7oit une mission du Fonds mon\u00e9taire international\" data-src=\"https:\/\/ami.mr\/fr\/wp-content\/uploads\/2026\/04\/\u0648\u0632\u064a\u0631\u0629-\u0627\u0644\u062a\u0631\u0628\u064a\u0629-1.gif\"\t\t\t\t\t\tclass=\"img-holder\" href=\"https:\/\/ami.mr\/fr\/archives\/292735\"><\/a>\r\n\r\n\t\t\t\t\t\t\t<\/div>\r\n\t\t<h2 class=\"title\">\t\t<a href=\"https:\/\/ami.mr\/fr\/archives\/292735\" class=\"post-title post-url\">\r\n\t\t\tLa ministre de l\u2019\u00e9ducation et de la r\u00e9forme du syst\u00e8me d&#8217;enseignement re\u00e7oit&hellip;\t\t<\/a>\r\n\t\t<\/h2>\t\t<div class=\"post-meta\">\r\n\r\n\t\t\t\t\t\t\t<span class=\"time\"><time class=\"post-published updated\"\r\n\t\t\t\t                         datetime=\"2026-04-07T23:15:28+00:00\">depuis 3 semaines<\/time><\/span>\r\n\t\t\t\t\t\t<\/div>\r\n\t\t\t\t\t<div class=\"post-summary\">\r\n\t\t\t\tLa ministre de l\u2019\u00c9ducation et de la R\u00e9forme du Syst\u00e8me d'Enseignement, Mme Houda Babah, a re\u00e7u, mardi soir, dans&hellip;\t\t\t<\/div>\r\n\t\t\t<\/div>\r\n\t<\/article >\r\n\t<article class=\"post-292147 type-post format-standard has-post-thumbnail   listing-item listing-item-grid listing-item-grid-1 main-term-63918\">\r\n\t<div class=\"item-inner\">\r\n\t\t\t\t\t<div class=\"featured clearfix\">\r\n\t\t\t\t\t\t\t\t<a  title=\"Le Haut Conseil de l&#8217;\u00e9ducation organise un atelier sur la formulation d&#8217;avis juridiques et techniques sur les politiques \u00e9ducatives en Mauritanie\" data-src=\"https:\/\/ami.mr\/fr\/wp-content\/uploads\/2026\/03\/30-03-2026-003-357x210.jpg\" data-bs-srcset=\"{&quot;baseurl&quot;:&quot;https:\\\/\\\/ami.mr\\\/fr\\\/wp-content\\\/uploads\\\/2026\\\/03\\\/&quot;,&quot;sizes&quot;:{&quot;210&quot;:&quot;30-03-2026-003-210x136.jpg&quot;,&quot;279&quot;:&quot;30-03-2026-003-279x220.jpg&quot;,&quot;357&quot;:&quot;30-03-2026-003-357x210.jpg&quot;,&quot;750&quot;:&quot;30-03-2026-003-750x430.jpg&quot;,&quot;1400&quot;:&quot;30-03-2026-003.jpg&quot;}}\"\t\t\t\t\t\tclass=\"img-holder\" href=\"https:\/\/ami.mr\/fr\/archives\/292147\"><\/a>\r\n\r\n\t\t\t\t\t\t\t<\/div>\r\n\t\t<h2 class=\"title\">\t\t<a href=\"https:\/\/ami.mr\/fr\/archives\/292147\" class=\"post-title post-url\">\r\n\t\t\tLe Haut Conseil de l&#8217;\u00e9ducation organise un atelier sur la formulation&hellip;\t\t<\/a>\r\n\t\t<\/h2>\t\t<div class=\"post-meta\">\r\n\r\n\t\t\t\t\t\t\t<span class=\"time\"><time class=\"post-published updated\"\r\n\t\t\t\t                         datetime=\"2026-03-30T14:02:54+00:00\">depuis 4 semaines<\/time><\/span>\r\n\t\t\t\t\t\t<\/div>\r\n\t\t\t\t\t<div class=\"post-summary\">\r\n\t\t\t\tLes travaux d'un troisi\u00e8me atelier technique consacr\u00e9 \u00e0 la formulation des avis juridiques et techniques permettant&hellip;\t\t\t<\/div>\r\n\t\t\t<\/div>\r\n\t<\/article >\r\n\t\t\t\t\t\t<\/div>\r\n\t\t\t\t\t\t\t\t\t\t<\/div>\r\n\t\t\t<\/div>\r\n\t\t\t<div class=\"row\">\r\n\t\t\t\t<div class=\"col-lg-12\">\r\n\t\t\t\t\t\t<div class=\"listing listing-text listing-text-2 clearfix columns-2\">\r\n\t\t<article class=\"post-291637 type-post format-standard has-post-thumbnail   listing-item listing-item-text listing-item-text-2 main-term-63919\">\r\n\t<div class=\"item-inner\">\r\n\t\t<h2 class=\"title\">\t\t<a href=\"https:\/\/ami.mr\/fr\/archives\/291637\" class=\"post-title post-url\">\r\n\t\t\tLe Pr\u00e9sident de la R\u00e9publique adresse ses f\u00e9licitations \u00e0 plusieurs&hellip;\t\t<\/a>\r\n\t\t<\/h2>\t\t<div class=\"post-meta\">\r\n\r\n\t\t\t\t\t\t\t<span class=\"time\"><time class=\"post-published updated\"\r\n\t\t\t\t                         datetime=\"2026-03-22T01:01:24+00:00\">depuis 1 mois<\/time><\/span>\r\n\t\t\t\t\t\t<\/div>\r\n\t\t\t\t\t<div class=\"post-summary\">\r\n\t\t\t\tExcellence le Pr\u00e9sident de la R\u00e9publique, M. Mohamed Ould Cheikh El Ghazouani, a adress\u00e9 des messages de&hellip;\t\t\t<\/div>\r\n\t\t\t\t<\/div>\r\n\t<\/article >\r\n\t<article class=\"post-291418 type-post format-standard has-post-thumbnail   listing-item listing-item-text listing-item-text-2 main-term-63918\">\r\n\t<div class=\"item-inner\">\r\n\t\t<h2 class=\"title\">\t\t<a href=\"https:\/\/ami.mr\/fr\/archives\/291418\" class=\"post-title post-url\">\r\n\t\t\tLe Comit\u00e9 national du Croissant appelle \u00e0 l&#8217;observation du&hellip;\t\t<\/a>\r\n\t\t<\/h2>\t\t<div class=\"post-meta\">\r\n\r\n\t\t\t\t\t\t\t<span class=\"time\"><time class=\"post-published updated\"\r\n\t\t\t\t                         datetime=\"2026-03-17T15:16:29+00:00\">depuis 1 mois<\/time><\/span>\r\n\t\t\t\t\t\t<\/div>\r\n\t\t\t\t\t<div class=\"post-summary\">\r\n\t\t\t\tLe Comit\u00e9 national du Croissant, affili\u00e9 au minist\u00e8re des Affaires islamiques et de l'\u00c9nseignement originel, a&hellip;\t\t\t<\/div>\r\n\t\t\t\t<\/div>\r\n\t<\/article >\r\n\t<article class=\"post-291376 type-post format-standard has-post-thumbnail   listing-item listing-item-text listing-item-text-2 main-term-63919\">\r\n\t<div class=\"item-inner\">\r\n\t\t<h2 class=\"title\">\t\t<a href=\"https:\/\/ami.mr\/fr\/archives\/291376\" class=\"post-title post-url\">\r\n\t\t\tPr\u00e9sident de la R\u00e9publique: La formation professionnelle, un levier&hellip;\t\t<\/a>\r\n\t\t<\/h2>\t\t<div class=\"post-meta\">\r\n\r\n\t\t\t\t\t\t\t<span class=\"time\"><time class=\"post-published updated\"\r\n\t\t\t\t                         datetime=\"2026-03-16T23:24:05+00:00\">depuis 1 mois<\/time><\/span>\r\n\t\t\t\t\t\t<\/div>\r\n\t\t\t\t\t<div class=\"post-summary\">\r\n\t\t\t\tSon Excellence le Pr\u00e9sident de la R\u00e9publique, Monsieur Mohamed Ould Cheikh El Ghazouani, a affirm\u00e9 que la&hellip;\t\t\t<\/div>\r\n\t\t\t\t<\/div>\r\n\t<\/article >\r\n\t<article class=\"post-291165 type-post format-standard has-post-thumbnail   listing-item listing-item-text listing-item-text-2 main-term-63919\">\r\n\t<div class=\"item-inner\">\r\n\t\t<h2 class=\"title\">\t\t<a href=\"https:\/\/ami.mr\/fr\/archives\/291165\" class=\"post-title post-url\">\r\n\t\t\tLa Premi\u00e8re Dame supervise le lancement de la treizi\u00e8me \u00e9dition du&hellip;\t\t<\/a>\r\n\t\t<\/h2>\t\t<div class=\"post-meta\">\r\n\r\n\t\t\t\t\t\t\t<span class=\"time\"><time class=\"post-published updated\"\r\n\t\t\t\t                         datetime=\"2026-03-13T05:20:44+00:00\">depuis 1 mois<\/time><\/span>\r\n\t\t\t\t\t\t<\/div>\r\n\t\t\t\t\t<div class=\"post-summary\">\r\n\t\t\t\tMadame la Premi\u00e8re Dame, Dr Mariem Mohamed Fadel Dah, a supervis\u00e9, en compagnie du Ministre de la Culture, des&hellip;\t\t\t<\/div>\r\n\t\t\t\t<\/div>\r\n\t<\/article >\r\n\t<article class=\"post-290940 type-post format-standard has-post-thumbnail   listing-item listing-item-text listing-item-text-2 main-term-63920\">\r\n\t<div class=\"item-inner\">\r\n\t\t<h2 class=\"title\">\t\t<a href=\"https:\/\/ami.mr\/fr\/archives\/290940\" class=\"post-title post-url\">\r\n\t\t\tLe Conseil sup\u00e9rieur de la Zakat lance la premi\u00e8re op\u00e9ration&hellip;\t\t<\/a>\r\n\t\t<\/h2>\t\t<div class=\"post-meta\">\r\n\r\n\t\t\t\t\t\t\t<span class=\"time\"><time class=\"post-published updated\"\r\n\t\t\t\t                         datetime=\"2026-03-10T16:55:48+00:00\">depuis 2 mois<\/time><\/span>\r\n\t\t\t\t\t\t<\/div>\r\n\t\t\t\t\t<div class=\"post-summary\">\r\n\t\t\t\tLe ministre des Affaires islamiques et de l'Enseignement originel, M. El Fadel Ould Sidati Ould Ahmed Louly, a&hellip;\t\t\t<\/div>\r\n\t\t\t\t<\/div>\r\n\t<\/article >\r\n\t<article class=\"post-290856 type-post format-standard has-post-thumbnail   listing-item listing-item-text listing-item-text-2 main-term-63919\">\r\n\t<div class=\"item-inner\">\r\n\t\t<h2 class=\"title\">\t\t<a href=\"https:\/\/ami.mr\/fr\/archives\/290856\" class=\"post-title post-url\">\r\n\t\t\tLa Premi\u00e8re Dame supervise la c\u00e9r\u00e9monie de comm\u00e9moration de la Journ\u00e9e&hellip;\t\t<\/a>\r\n\t\t<\/h2>\t\t<div class=\"post-meta\">\r\n\r\n\t\t\t\t\t\t\t<span class=\"time\"><time class=\"post-published updated\"\r\n\t\t\t\t                         datetime=\"2026-03-09T02:20:43+00:00\">depuis 2 mois<\/time><\/span>\r\n\t\t\t\t\t\t<\/div>\r\n\t\t\t\t\t<div class=\"post-summary\">\r\n\t\t\t\tLa Premi\u00e8re Dame, Dr Mariem Mohamed Fadel Dah, accompagn\u00e9e de la Ministre du Travail social, de l'Enfance et de la&hellip;\t\t\t<\/div>\r\n\t\t\t\t<\/div>\r\n\t<\/article >\r\n\t<article class=\"post-290853 type-post format-standard has-post-thumbnail   listing-item listing-item-text listing-item-text-2 main-term-63919\">\r\n\t<div class=\"item-inner\">\r\n\t\t<h2 class=\"title\">\t\t<a href=\"https:\/\/ami.mr\/fr\/archives\/290853\" class=\"post-title post-url\">\r\n\t\t\tLa Premi\u00e8re Dame: \u00abl&#8217;autonomisation des femmes est un choix&hellip;\t\t<\/a>\r\n\t\t<\/h2>\t\t<div class=\"post-meta\">\r\n\r\n\t\t\t\t\t\t\t<span class=\"time\"><time class=\"post-published updated\"\r\n\t\t\t\t                         datetime=\"2026-03-09T01:30:50+00:00\">depuis 2 mois<\/time><\/span>\r\n\t\t\t\t\t\t<\/div>\r\n\t\t\t\t\t<div class=\"post-summary\">\r\n\t\t\t\tLa Premi\u00e8re dame, Dr Mariem Mohamed Fadel Dah, a adress\u00e9 ses hommages et sa gratitude aux femmes mauritaniennes,&hellip;\t\t\t<\/div>\r\n\t\t\t\t<\/div>\r\n\t<\/article >\r\n\t<article class=\"post-290810 type-post format-standard has-post-thumbnail   listing-item listing-item-text listing-item-text-2 main-term-63919\">\r\n\t<div class=\"item-inner\">\r\n\t\t<h2 class=\"title\">\t\t<a href=\"https:\/\/ami.mr\/fr\/archives\/290810\" class=\"post-title post-url\">\r\n\t\t\tLe Pr\u00e9sident de la R\u00e9publique: L&#8217;autonomisation des femmes et la&hellip;\t\t<\/a>\r\n\t\t<\/h2>\t\t<div class=\"post-meta\">\r\n\r\n\t\t\t\t\t\t\t<span class=\"time\"><time class=\"post-published updated\"\r\n\t\t\t\t                         datetime=\"2026-03-08T00:31:30+00:00\">depuis 2 mois<\/time><\/span>\r\n\t\t\t\t\t\t<\/div>\r\n\t\t\t\t\t<div class=\"post-summary\">\r\n\t\t\t\tSon Excellence le Pr\u00e9sident de la R\u00e9publique, M. Mohamed Ould Cheikh El Ghazouani, a affirm\u00e9, aujourd'hui, que&hellip;\t\t\t<\/div>\r\n\t\t\t\t<\/div>\r\n\t<\/article >\r\n\t<\/div>\r\n\t\t\t\t\t<\/div>\r\n\t\t\t<\/div>\r\n\t\t<\/div>\r\n\t<\/div>\r\n\n\t<\/div><div class=\"bs-pagination bs-ajax-pagination more_btn main-term-104 clearfix\">\r\n\t\t\t<script>var bs_ajax_paginate_375103989 = '{\"query\":{\"category\":\"104\",\"tag\":\"\",\"taxonomy\":\"\",\"post_ids\":\"\",\"post_type\":\"\",\"count\":\"10\",\"order_by\":\"date\",\"order\":\"DESC\",\"time_filter\":\"\",\"offset\":\"\",\"style\":\"listing-mix-2-2\",\"cats-tags-condition\":\"and\",\"cats-condition\":\"in\",\"tags-condition\":\"in\",\"featured_image\":\"1\",\"ignore_sticky_posts\":\"1\",\"author_ids\":\"\",\"disable_duplicate\":\"0\",\"ad-active\":0,\"paginate\":\"more_btn\",\"pagination-show-label\":\"0\",\"listing-settings\":{\"big-title-limit\":\"82\",\"big-excerpt\":\"1\",\"big-excerpt-limit\":\"115\",\"big-subtitle\":\"0\",\"big-subtitle-limit\":\"0\",\"big-subtitle-location\":\"before-meta\",\"big-format-icon\":\"0\",\"big-term-badge\":\"0\",\"big-term-badge-count\":\"1\",\"big-term-badge-tax\":\"category\",\"big-meta\":{\"show\":\"1\",\"author\":\"0\",\"date\":\"1\",\"date-format\":\"readable\",\"view\":\"0\",\"share\":\"0\",\"comment\":\"0\",\"review\":\"0\"},\"small-title-limit\":\"70\",\"small-subtitle\":\"0\",\"small-subtitle-limit\":\"0\",\"small-subtitle-location\":\"before-meta\",\"small-meta\":{\"show\":\"1\",\"author\":\"0\",\"date\":\"1\",\"date-format\":\"readable\",\"view\":\"0\",\"share\":\"0\",\"comment\":\"0\",\"review\":\"0\"}},\"override-listing-settings\":\"1\",\"_layout\":{\"state\":\"1|1|0\",\"page\":\"2-col-right\"}},\"type\":\"bs_post_listing\",\"view\":\"Publisher_Mix_Listing_2_2_Shortcode\",\"current_page\":1,\"ajax_url\":\"\\\/fr\\\/wp-admin\\\/admin-ajax.php\",\"remove_duplicates\":\"0\",\"query-main-term\":\"104\",\"paginate\":\"more_btn\",\"pagination-show-label\":\"0\",\"override-listing-settings\":\"1\",\"listing-settings\":{\"big-title-limit\":\"82\",\"big-excerpt\":\"1\",\"big-excerpt-limit\":\"115\",\"big-subtitle\":\"0\",\"big-subtitle-limit\":\"0\",\"big-subtitle-location\":\"before-meta\",\"big-format-icon\":\"0\",\"big-term-badge\":\"0\",\"big-term-badge-count\":\"1\",\"big-term-badge-tax\":\"category\",\"big-meta\":{\"show\":\"1\",\"author\":\"0\",\"date\":\"1\",\"date-format\":\"readable\",\"view\":\"0\",\"share\":\"0\",\"comment\":\"0\",\"review\":\"0\"},\"small-title-limit\":\"70\",\"small-subtitle\":\"0\",\"small-subtitle-limit\":\"0\",\"small-subtitle-location\":\"before-meta\",\"small-meta\":{\"show\":\"1\",\"author\":\"0\",\"date\":\"1\",\"date-format\":\"readable\",\"view\":\"0\",\"share\":\"0\",\"comment\":\"0\",\"review\":\"0\"}},\"ad-active\":false,\"_layout\":{\"state\":\"1|1|0\",\"page\":\"2-col-right\"},\"_bs_pagin_token\":\"4246042\",\"data\":{\"vars\":{\"post-ranking-offset\":10}}}';<\/script>\t\t\t\t<a  rel=\"next\" class=\"btn-bs-pagination\" data-id=\"375103989\"\r\n\t\t\t\t   title=\"Plus...\">\r\n\t\t\t<span class=\"loading\" style=\"display: none;\">\r\n\t\t\t\t<i class=\"fa fa-refresh fa-spin fa-fw\"><\/i>\r\n\t\t\t<\/span>\r\n\t\t\t\t\t<span class=\"loading\" style=\"display: none;\">\r\n\t\t\t\tChargement ...\t\t\t<\/span>\r\n\r\n\t\t\t\t\t<span class=\"loaded txt\">\r\n\t\t\t\tPlus...\t\t\t<\/span>\r\n\r\n\t\t\t\t\t<span class=\"loaded icon\">\r\n\t\t\t\t<i class=\"fa fa-angle-down\" aria-hidden=\"true\"><\/i>\r\n\t\t\t<\/span>\r\n\r\n\t\t\t\t\t<span class=\"no-more\" style=\"display: none;\">\r\n\t\t\t\tPas de nouveaux messages \r\n\t\t\t<\/span>\r\n\r\n\t\t\t\t<\/a>\r\n\r\n\t\t\t\t<\/div><\/div>[\/vc_column][\/vc_row]<\/p>\n","protected":false},"excerpt":{"rendered":"<p>[vc_row][vc_column width=&#8221;1\/4&#8243;][\/vc_column][vc_column width=&#8221;3\/4&#8243;][\/vc_column][\/vc_row][vc_row][vc_column width=&#8221;1\/4&#8243;][\/vc_column][vc_column width=&#8221;3\/4&#8243;][\/vc_column][\/vc_row]<\/p>\n","protected":false},"author":1,"featured_media":0,"parent":0,"menu_order":0,"comment_status":"closed","ping_status":"closed","template":"","meta":{"footnotes":""},"class_list":["post-94581","page","type-page","status-publish","hentry"],"_links":{"self":[{"href":"https:\/\/ami.mr\/fr\/wp-json\/wp\/v2\/pages\/94581","targetHints":{"allow":["GET"]}}],"collection":[{"href":"https:\/\/ami.mr\/fr\/wp-json\/wp\/v2\/pages"}],"about":[{"href":"https:\/\/ami.mr\/fr\/wp-json\/wp\/v2\/types\/page"}],"author":[{"embeddable":true,"href":"https:\/\/ami.mr\/fr\/wp-json\/wp\/v2\/users\/1"}],"replies":[{"embeddable":true,"href":"https:\/\/ami.mr\/fr\/wp-json\/wp\/v2\/comments?post=94581"}],"version-history":[{"count":5,"href":"https:\/\/ami.mr\/fr\/wp-json\/wp\/v2\/pages\/94581\/revisions"}],"predecessor-version":[{"id":201546,"href":"https:\/\/ami.mr\/fr\/wp-json\/wp\/v2\/pages\/94581\/revisions\/201546"}],"wp:attachment":[{"href":"https:\/\/ami.mr\/fr\/wp-json\/wp\/v2\/media?parent=94581"}],"curies":[{"name":"wp","href":"https:\/\/api.w.org\/{rel}","templated":true}]}}