{"id":94576,"date":"2022-07-03T11:37:26","date_gmt":"2022-07-03T11:37:26","guid":{"rendered":"http:\/\/localhost\/fr\/?page_id=94576"},"modified":"2022-07-31T18:57:12","modified_gmt":"2022-07-31T18:57:12","slug":"general","status":"publish","type":"page","link":"https:\/\/ami.mr\/fr\/general","title":{"rendered":"G\u00e9n\u00e9ral"},"content":{"rendered":"<p>[vc_row][vc_column width=&#8221;1\/4&#8243;]<div class=\" bs-listing bs-listing-listing-text-2 bs-listing-single-tab pagination-animate\">\t\t<h3 class=\"section-heading sh-t6 sh-s10 main-term-25\">\r\n\r\n\t\t\r\n\t\t\t\t\t\t\t<a href=\"https:\/\/ami.mr\/fr\/archives\/category\/10\" class=\"main-link\">\r\n\t\t\t\t\t\t\t<span class=\"h-text main-term-25\">\r\n\t\t\t\t\t\t\t\t<i class=\"bf-icon  fa fa-clock-o\"><\/i> ACTUALIT\u00c9S\t\t\t\t\t\t\t<\/span>\r\n\t\t\t\t<\/a>\r\n\t\t\t\r\n\t\t\r\n\t\t<\/h3>\r\n\t\t<div class=\"bs-slider-items-container\" data-slider-animation-speed=\"750\" data-slider-autoplay=\"0\" data-slider-control-dots=\"off\" data-slider-control-next-prev=\"style-1\" data-autoplaySpeed=\"3000\">\t\t<div class=\"bs-pagination-wrapper main-term-25 slider bs-slider-first-item bs-slider-item bs-items-3\">\r\n\t\t\t<div class=\"listing listing-text listing-text-2 clearfix columns-1\">\r\n\t\t<article class=\"post-293772 type-post format-standard has-post-thumbnail   listing-item listing-item-text listing-item-text-2 main-term-63918\">\r\n\t<div class=\"item-inner\">\r\n\t\t<h2 class=\"title\">\t\t<a href=\"https:\/\/ami.mr\/fr\/archives\/293772\" class=\"post-title post-url\">\r\n\t\t\tUNA et le Conseil g\u00e9n\u00e9ral des banques et institutions&hellip;\t\t<\/a>\r\n\t\t<\/h2>\t\t<div class=\"post-meta\">\r\n\r\n\t\t\t\t\t\t\t<span class=\"time\"><time class=\"post-published updated\"\r\n\t\t\t\t                         datetime=\"2026-04-22T21:58:39+00:00\">depuis 3 jours<\/time><\/span>\r\n\t\t\t\t\t\t<\/div>\r\n\t\t\t<\/div>\r\n\t<\/article >\r\n\t<article class=\"post-293642 type-post format-standard has-post-thumbnail   listing-item listing-item-text listing-item-text-2 main-term-63920\">\r\n\t<div class=\"item-inner\">\r\n\t\t<h2 class=\"title\">\t\t<a href=\"https:\/\/ami.mr\/fr\/archives\/293642\" class=\"post-title post-url\">\r\n\t\t\t13e rencontre interparlementaire: la Mauritanie renforce son&hellip;\t\t<\/a>\r\n\t\t<\/h2>\t\t<div class=\"post-meta\">\r\n\r\n\t\t\t\t\t\t\t<span class=\"time\"><time class=\"post-published updated\"\r\n\t\t\t\t                         datetime=\"2026-04-21T12:29:39+00:00\">depuis 5 jours<\/time><\/span>\r\n\t\t\t\t\t\t<\/div>\r\n\t\t\t<\/div>\r\n\t<\/article >\r\n\t<article class=\"post-293602 type-post format-standard has-post-thumbnail   listing-item listing-item-text listing-item-text-2 main-term-63957\">\r\n\t<div class=\"item-inner\">\r\n\t\t<h2 class=\"title\">\t\t<a href=\"https:\/\/ami.mr\/fr\/archives\/293602\" class=\"post-title post-url\">\r\n\t\t\tIntervention du pr\u00e9sident de la R\u00e9publique lors du Panel de&hellip;\t\t<\/a>\r\n\t\t<\/h2>\t\t<div class=\"post-meta\">\r\n\r\n\t\t\t\t\t\t\t<span class=\"time\"><time class=\"post-published updated\"\r\n\t\t\t\t                         datetime=\"2026-04-20T19:53:05+00:00\">depuis 6 jours<\/time><\/span>\r\n\t\t\t\t\t\t<\/div>\r\n\t\t\t<\/div>\r\n\t<\/article >\r\n\t<article class=\"post-293596 type-post format-standard has-post-thumbnail   listing-item listing-item-text listing-item-text-2 main-term-63957\">\r\n\t<div class=\"item-inner\">\r\n\t\t<h2 class=\"title\">\t\t<a href=\"https:\/\/ami.mr\/fr\/archives\/293596\" class=\"post-title post-url\">\r\n\t\t\tLe Pr\u00e9sident de la R\u00e9publique rencontre&hellip;\t\t<\/a>\r\n\t\t<\/h2>\t\t<div class=\"post-meta\">\r\n\r\n\t\t\t\t\t\t\t<span class=\"time\"><time class=\"post-published updated\"\r\n\t\t\t\t                         datetime=\"2026-04-20T18:55:38+00:00\">depuis 6 jours<\/time><\/span>\r\n\t\t\t\t\t\t<\/div>\r\n\t\t\t<\/div>\r\n\t<\/article >\r\n\t<\/div>\r\n\t\n\t<\/div>\t\t<div class=\"bs-pagination-wrapper main-term-25 slider  bs-slider-item bs-items-3\">\r\n\t\t\t<div class=\"listing listing-text listing-text-2 clearfix columns-1\">\r\n\t\t<article class=\"post-293592 type-post format-standard has-post-thumbnail   listing-item listing-item-text listing-item-text-2 main-term-63957\">\r\n\t<div class=\"item-inner\">\r\n\t\t<h2 class=\"title\">\t\t<a href=\"https:\/\/ami.mr\/fr\/archives\/293592\" class=\"post-title post-url\">\r\n\t\t\tLe Pr\u00e9sident de la R\u00e9publique regagne Nouakchott\t\t<\/a>\r\n\t\t<\/h2>\t\t<div class=\"post-meta\">\r\n\r\n\t\t\t\t\t\t\t<span class=\"time\"><time class=\"post-published updated\"\r\n\t\t\t\t                         datetime=\"2026-04-20T18:38:09+00:00\">depuis 6 jours<\/time><\/span>\r\n\t\t\t\t\t\t<\/div>\r\n\t\t\t<\/div>\r\n\t<\/article >\r\n\t<article class=\"post-293589 type-post format-standard has-post-thumbnail   listing-item listing-item-text listing-item-text-2 main-term-63957\">\r\n\t<div class=\"item-inner\">\r\n\t\t<h2 class=\"title\">\t\t<a href=\"https:\/\/ami.mr\/fr\/archives\/293589\" class=\"post-title post-url\">\r\n\t\t\tLe Pr\u00e9sident de la R\u00e9publique rencontre le vice-ministre&hellip;\t\t<\/a>\r\n\t\t<\/h2>\t\t<div class=\"post-meta\">\r\n\r\n\t\t\t\t\t\t\t<span class=\"time\"><time class=\"post-published updated\"\r\n\t\t\t\t                         datetime=\"2026-04-20T17:55:38+00:00\">depuis 6 jours<\/time><\/span>\r\n\t\t\t\t\t\t<\/div>\r\n\t\t\t<\/div>\r\n\t<\/article >\r\n\t<article class=\"post-293585 type-post format-standard has-post-thumbnail   listing-item listing-item-text listing-item-text-2 main-term-63957\">\r\n\t<div class=\"item-inner\">\r\n\t\t<h2 class=\"title\">\t\t<a href=\"https:\/\/ami.mr\/fr\/archives\/293585\" class=\"post-title post-url\">\r\n\t\t\tLe Premier ministre re\u00e7oit le pr\u00e9sident de la soci\u00e9t\u00e9&hellip;\t\t<\/a>\r\n\t\t<\/h2>\t\t<div class=\"post-meta\">\r\n\r\n\t\t\t\t\t\t\t<span class=\"time\"><time class=\"post-published updated\"\r\n\t\t\t\t                         datetime=\"2026-04-20T17:31:12+00:00\">depuis 6 jours<\/time><\/span>\r\n\t\t\t\t\t\t<\/div>\r\n\t\t\t<\/div>\r\n\t<\/article >\r\n\t<article class=\"post-293580 type-post format-standard has-post-thumbnail   listing-item listing-item-text listing-item-text-2 main-term-63957\">\r\n\t<div class=\"item-inner\">\r\n\t\t<h2 class=\"title\">\t\t<a href=\"https:\/\/ami.mr\/fr\/archives\/293580\" class=\"post-title post-url\">\r\n\t\t\tLe Pr\u00e9sident de la R\u00e9publique devant le Forum sur la Paix et&hellip;\t\t<\/a>\r\n\t\t<\/h2>\t\t<div class=\"post-meta\">\r\n\r\n\t\t\t\t\t\t\t<span class=\"time\"><time class=\"post-published updated\"\r\n\t\t\t\t                         datetime=\"2026-04-20T17:17:09+00:00\">depuis 6 jours<\/time><\/span>\r\n\t\t\t\t\t\t<\/div>\r\n\t\t\t<\/div>\r\n\t<\/article >\r\n\t<\/div>\r\n\t\n\t<\/div>\t\t<div class=\"bs-pagination-wrapper main-term-25 slider  bs-slider-item bs-items-3\">\r\n\t\t\t<div class=\"listing listing-text listing-text-2 clearfix columns-1\">\r\n\t\t<article class=\"post-293574 type-post format-standard has-post-thumbnail   listing-item listing-item-text listing-item-text-2 main-term-63957\">\r\n\t<div class=\"item-inner\">\r\n\t\t<h2 class=\"title\">\t\t<a href=\"https:\/\/ami.mr\/fr\/archives\/293574\" class=\"post-title post-url\">\r\n\t\t\tParlement : la conf\u00e9rence des pr\u00e9sidents programme plusieurs&hellip;\t\t<\/a>\r\n\t\t<\/h2>\t\t<div class=\"post-meta\">\r\n\r\n\t\t\t\t\t\t\t<span class=\"time\"><time class=\"post-published updated\"\r\n\t\t\t\t                         datetime=\"2026-04-20T16:40:32+00:00\">depuis 6 jours<\/time><\/span>\r\n\t\t\t\t\t\t<\/div>\r\n\t\t\t<\/div>\r\n\t<\/article >\r\n\t<article class=\"post-293570 type-post format-standard has-post-thumbnail   listing-item listing-item-text listing-item-text-2 main-term-63957\">\r\n\t<div class=\"item-inner\">\r\n\t\t<h2 class=\"title\">\t\t<a href=\"https:\/\/ami.mr\/fr\/archives\/293570\" class=\"post-title post-url\">\r\n\t\t\tLe Pr\u00e9sident de la R\u00e9publique rencontre la vice-ministre&hellip;\t\t<\/a>\r\n\t\t<\/h2>\t\t<div class=\"post-meta\">\r\n\r\n\t\t\t\t\t\t\t<span class=\"time\"><time class=\"post-published updated\"\r\n\t\t\t\t                         datetime=\"2026-04-20T16:27:50+00:00\">depuis 6 jours<\/time><\/span>\r\n\t\t\t\t\t\t<\/div>\r\n\t\t\t<\/div>\r\n\t<\/article >\r\n\t<article class=\"post-293567 type-post format-standard has-post-thumbnail   listing-item listing-item-text listing-item-text-2 main-term-63957\">\r\n\t<div class=\"item-inner\">\r\n\t\t<h2 class=\"title\">\t\t<a href=\"https:\/\/ami.mr\/fr\/archives\/293567\" class=\"post-title post-url\">\r\n\t\t\tLe Pr\u00e9sident de la R\u00e9publique rencontre la Secr\u00e9taire&hellip;\t\t<\/a>\r\n\t\t<\/h2>\t\t<div class=\"post-meta\">\r\n\r\n\t\t\t\t\t\t\t<span class=\"time\"><time class=\"post-published updated\"\r\n\t\t\t\t                         datetime=\"2026-04-20T16:25:07+00:00\">depuis 6 jours<\/time><\/span>\r\n\t\t\t\t\t\t<\/div>\r\n\t\t\t<\/div>\r\n\t<\/article >\r\n\t<article class=\"post-293553 type-post format-standard has-post-thumbnail   listing-item listing-item-text listing-item-text-2 main-term-63919\">\r\n\t<div class=\"item-inner\">\r\n\t\t<h2 class=\"title\">\t\t<a href=\"https:\/\/ami.mr\/fr\/archives\/293553\" class=\"post-title post-url\">\r\n\t\t\tLa colonie mauritanienne au S\u00e9n\u00e9gal a r\u00e9serv\u00e9 un accueil&hellip;\t\t<\/a>\r\n\t\t<\/h2>\t\t<div class=\"post-meta\">\r\n\r\n\t\t\t\t\t\t\t<span class=\"time\"><time class=\"post-published updated\"\r\n\t\t\t\t                         datetime=\"2026-04-20T12:57:38+00:00\">depuis 6 jours<\/time><\/span>\r\n\t\t\t\t\t\t<\/div>\r\n\t\t\t<\/div>\r\n\t<\/article >\r\n\t<\/div>\r\n\t\n\t<\/div><div class=\"bs-slider-controls main-term-25\"><div class=\"bs-control-nav  bs-control-nav-style-1\"><\/div><\/div><\/div><\/div>[\/vc_column][vc_column width=&#8221;3\/4&#8243;]<div class=\" bs-listing bs-listing-slider-1 bs-listing-single-tab\">\t<div class=\"bs-shortcode bs-slider bs-slider-1 clearfix  l-1\">\r\n\r\n\t\t<div class=\"better-slider\" id=\"slider-811464517\"\r\n\t\t     data-slideshowSpeed=\"7000\"\r\n\t\t     data-animation=\"slide\"\r\n\t\t     data-controlNav=\"1\"\r\n\t\t     data-animationSpeed=\"600\">\r\n\t\t\t<ul class=\"slides\">\r\n\t\t\t\t\t\t\t\t\t<li class=\"slide bs-slider-item bs-slider-1-item main-term-63957 has-post-thumbnail\">\r\n\t\t\t\t\t\t<div class=\"item-content\">\r\n\r\n\t\t\t\t\t\t\t<a class=\"img-cont\" href=\"https:\/\/ami.mr\/fr\/archives\/293602\"\r\n\t\t\t\t\t\t\t   style=\"background-image: url('https:\/\/ami.mr\/fr\/wp-content\/uploads\/2026\/04\/20-04-2026-s0015-1130x580.jpg')\"><\/a>\r\n\t\t\t\t\t\t\t\t\t\t\t\t\t\t<div class=\"content-container\">\r\n\t\t\t\t\t\t\t\t<h3 class=\"title\">\t\t\t\t\t\t\t\t<a class=\"post-url post-title\" href=\"https:\/\/ami.mr\/fr\/archives\/293602\">\r\n\t\t\t\t\t\t\t\t\tIntervention du pr\u00e9sident de la R\u00e9publique lors du Panel de haut niveau des&hellip;\t\t\t\t\t\t\t\t<\/a>\r\n\t\t\t\t\t\t\t\t<\/h3>\t\t\t\t\t\t\t<\/div>\r\n\t\t\t\t\t\t<\/div>\r\n\t\t\t\t\t<\/li>\r\n\t\t\t\t\t\t\t\t\t\t<li class=\"slide bs-slider-item bs-slider-1-item main-term-63957 has-post-thumbnail\">\r\n\t\t\t\t\t\t<div class=\"item-content\">\r\n\r\n\t\t\t\t\t\t\t<a class=\"img-cont\" href=\"https:\/\/ami.mr\/fr\/archives\/293596\"\r\n\t\t\t\t\t\t\t   style=\"background-image: url('https:\/\/ami.mr\/fr\/wp-content\/uploads\/2026\/04\/20-04-2026-s010-1-1130x580.jpg')\"><\/a>\r\n\t\t\t\t\t\t\t\t\t\t\t\t\t\t<div class=\"content-container\">\r\n\t\t\t\t\t\t\t\t<h3 class=\"title\">\t\t\t\t\t\t\t\t<a class=\"post-url post-title\" href=\"https:\/\/ami.mr\/fr\/archives\/293596\">\r\n\t\t\t\t\t\t\t\t\tLe Pr\u00e9sident de la R\u00e9publique rencontre l&#8217;ambassadrice, envoy\u00e9e sp\u00e9ciale&hellip;\t\t\t\t\t\t\t\t<\/a>\r\n\t\t\t\t\t\t\t\t<\/h3>\t\t\t\t\t\t\t<\/div>\r\n\t\t\t\t\t\t<\/div>\r\n\t\t\t\t\t<\/li>\r\n\t\t\t\t\t\t\t\t\t\t<li class=\"slide bs-slider-item bs-slider-1-item main-term-63957 has-post-thumbnail\">\r\n\t\t\t\t\t\t<div class=\"item-content\">\r\n\r\n\t\t\t\t\t\t\t<a class=\"img-cont\" href=\"https:\/\/ami.mr\/fr\/archives\/293592\"\r\n\t\t\t\t\t\t\t   style=\"background-image: url('https:\/\/ami.mr\/fr\/wp-content\/uploads\/2026\/04\/20-04-2026-s009-1130x580.jpg')\"><\/a>\r\n\t\t\t\t\t\t\t\t\t\t\t\t\t\t<div class=\"content-container\">\r\n\t\t\t\t\t\t\t\t<h3 class=\"title\">\t\t\t\t\t\t\t\t<a class=\"post-url post-title\" href=\"https:\/\/ami.mr\/fr\/archives\/293592\">\r\n\t\t\t\t\t\t\t\t\tLe Pr\u00e9sident de la R\u00e9publique regagne Nouakchott\t\t\t\t\t\t\t\t<\/a>\r\n\t\t\t\t\t\t\t\t<\/h3>\t\t\t\t\t\t\t<\/div>\r\n\t\t\t\t\t\t<\/div>\r\n\t\t\t\t\t<\/li>\r\n\t\t\t\t\t\t\t\t\t\t<li class=\"slide bs-slider-item bs-slider-1-item main-term-63957 has-post-thumbnail\">\r\n\t\t\t\t\t\t<div class=\"item-content\">\r\n\r\n\t\t\t\t\t\t\t<a class=\"img-cont\" href=\"https:\/\/ami.mr\/fr\/archives\/293589\"\r\n\t\t\t\t\t\t\t   style=\"background-image: url('https:\/\/ami.mr\/fr\/wp-content\/uploads\/2026\/04\/20-04-2026-s006-1130x580.jpg')\"><\/a>\r\n\t\t\t\t\t\t\t\t\t\t\t\t\t\t<div class=\"content-container\">\r\n\t\t\t\t\t\t\t\t<h3 class=\"title\">\t\t\t\t\t\t\t\t<a class=\"post-url post-title\" href=\"https:\/\/ami.mr\/fr\/archives\/293589\">\r\n\t\t\t\t\t\t\t\t\tLe Pr\u00e9sident de la R\u00e9publique rencontre le vice-ministre saoudien des Affaires&hellip;\t\t\t\t\t\t\t\t<\/a>\r\n\t\t\t\t\t\t\t\t<\/h3>\t\t\t\t\t\t\t<\/div>\r\n\t\t\t\t\t\t<\/div>\r\n\t\t\t\t\t<\/li>\r\n\t\t\t\t\t\t\t\t\t\t<li class=\"slide bs-slider-item bs-slider-1-item main-term-63957 has-post-thumbnail\">\r\n\t\t\t\t\t\t<div class=\"item-content\">\r\n\r\n\t\t\t\t\t\t\t<a class=\"img-cont\" href=\"https:\/\/ami.mr\/fr\/archives\/293585\"\r\n\t\t\t\t\t\t\t   style=\"background-image: url('https:\/\/ami.mr\/fr\/wp-content\/uploads\/2026\/04\/20-04-2026-s008-1130x580.jpg')\"><\/a>\r\n\t\t\t\t\t\t\t\t\t\t\t\t\t\t<div class=\"content-container\">\r\n\t\t\t\t\t\t\t\t<h3 class=\"title\">\t\t\t\t\t\t\t\t<a class=\"post-url post-title\" href=\"https:\/\/ami.mr\/fr\/archives\/293585\">\r\n\t\t\t\t\t\t\t\t\tLe Premier ministre re\u00e7oit le pr\u00e9sident de la soci\u00e9t\u00e9 Kinross\t\t\t\t\t\t\t\t<\/a>\r\n\t\t\t\t\t\t\t\t<\/h3>\t\t\t\t\t\t\t<\/div>\r\n\t\t\t\t\t\t<\/div>\r\n\t\t\t\t\t<\/li>\r\n\t\t\t\t\t\t\t\t\t\t<li class=\"slide bs-slider-item bs-slider-1-item main-term-63957 has-post-thumbnail\">\r\n\t\t\t\t\t\t<div class=\"item-content\">\r\n\r\n\t\t\t\t\t\t\t<a class=\"img-cont\" href=\"https:\/\/ami.mr\/fr\/archives\/293580\"\r\n\t\t\t\t\t\t\t   style=\"background-image: url('https:\/\/ami.mr\/fr\/wp-content\/uploads\/2026\/04\/20-04-2026-s007.jpg')\"><\/a>\r\n\t\t\t\t\t\t\t\t\t\t\t\t\t\t<div class=\"content-container\">\r\n\t\t\t\t\t\t\t\t<h3 class=\"title\">\t\t\t\t\t\t\t\t<a class=\"post-url post-title\" href=\"https:\/\/ami.mr\/fr\/archives\/293580\">\r\n\t\t\t\t\t\t\t\t\tLe Pr\u00e9sident de la R\u00e9publique devant le Forum sur la Paix et la S\u00e9curit\u00e9 en&hellip;\t\t\t\t\t\t\t\t<\/a>\r\n\t\t\t\t\t\t\t\t<\/h3>\t\t\t\t\t\t\t<\/div>\r\n\t\t\t\t\t\t<\/div>\r\n\t\t\t\t\t<\/li>\r\n\t\t\t\t\t\t\t\t\t\t<li class=\"slide bs-slider-item bs-slider-1-item main-term-63957 has-post-thumbnail\">\r\n\t\t\t\t\t\t<div class=\"item-content\">\r\n\r\n\t\t\t\t\t\t\t<a class=\"img-cont\" href=\"https:\/\/ami.mr\/fr\/archives\/293574\"\r\n\t\t\t\t\t\t\t   style=\"background-image: url('https:\/\/ami.mr\/fr\/wp-content\/uploads\/2026\/04\/20-04-2026-s004.jpg')\"><\/a>\r\n\t\t\t\t\t\t\t\t\t\t\t\t\t\t<div class=\"content-container\">\r\n\t\t\t\t\t\t\t\t<h3 class=\"title\">\t\t\t\t\t\t\t\t<a class=\"post-url post-title\" href=\"https:\/\/ami.mr\/fr\/archives\/293574\">\r\n\t\t\t\t\t\t\t\t\tParlement : la conf\u00e9rence des pr\u00e9sidents programme plusieurs projets de loi\t\t\t\t\t\t\t\t<\/a>\r\n\t\t\t\t\t\t\t\t<\/h3>\t\t\t\t\t\t\t<\/div>\r\n\t\t\t\t\t\t<\/div>\r\n\t\t\t\t\t<\/li>\r\n\t\t\t\t\t\t\t\t\t\t<li class=\"slide bs-slider-item bs-slider-1-item main-term-63957 has-post-thumbnail\">\r\n\t\t\t\t\t\t<div class=\"item-content\">\r\n\r\n\t\t\t\t\t\t\t<a class=\"img-cont\" href=\"https:\/\/ami.mr\/fr\/archives\/293570\"\r\n\t\t\t\t\t\t\t   style=\"background-image: url('https:\/\/ami.mr\/fr\/wp-content\/uploads\/2026\/04\/20-04-2026-s002-1130x580.jpg')\"><\/a>\r\n\t\t\t\t\t\t\t\t\t\t\t\t\t\t<div class=\"content-container\">\r\n\t\t\t\t\t\t\t\t<h3 class=\"title\">\t\t\t\t\t\t\t\t<a class=\"post-url post-title\" href=\"https:\/\/ami.mr\/fr\/archives\/293570\">\r\n\t\t\t\t\t\t\t\t\tLe Pr\u00e9sident de la R\u00e9publique rencontre la vice-ministre allemande des Affaires&hellip;\t\t\t\t\t\t\t\t<\/a>\r\n\t\t\t\t\t\t\t\t<\/h3>\t\t\t\t\t\t\t<\/div>\r\n\t\t\t\t\t\t<\/div>\r\n\t\t\t\t\t<\/li>\r\n\t\t\t\t\t\t\t\t<\/ul>\r\n\t\t<\/div>\r\n\t<\/div>\r\n<\/div>[\/vc_column][\/vc_row][vc_row][vc_column width=&#8221;1\/4&#8243;]<div class=\" bs-listing bs-listing-listing-thumbnail-1 bs-listing-single-tab\">\t\t<h3 class=\"section-heading sh-t6 sh-s10 main-term-25\">\r\n\r\n\t\t\r\n\t\t\t\t\t\t\t<a href=\"https:\/\/ami.mr\/fr\/archives\/category\/10\" class=\"main-link\">\r\n\t\t\t\t\t\t\t<span class=\"h-text main-term-25\">\r\n\t\t\t\t\t\t\t\tLes plus lus\t\t\t\t\t\t\t<\/span>\r\n\t\t\t\t<\/a>\r\n\t\t\t\r\n\t\t\r\n\t\t<\/h3>\r\n\t\t\t<div class=\"listing listing-thumbnail listing-tb-1 clearfix columns-1\">\r\n\t\t<article class=\"post-293772 type-post format-standard has-post-thumbnail   listing-item listing-item-thumbnail listing-item-tb-1 main-term-63918\">\r\n\t<div class=\"item-inner clearfix\">\r\n\t\t\t\t\t<div class=\"featured featured-type-featured-image\">\r\n\t\t\t\t<a  title=\"UNA et le Conseil g\u00e9n\u00e9ral des banques et institutions financi\u00e8res islamiques organisent un s\u00e9minaire destin\u00e9 aux journalistes sur les concepts de la finance islamique\" data-src=\"https:\/\/ami.mr\/fr\/wp-content\/uploads\/2026\/04\/\u064a\u0648\u0646\u0627-86x64.jpg\" data-bs-srcset=\"{&quot;baseurl&quot;:&quot;https:\\\/\\\/ami.mr\\\/fr\\\/wp-content\\\/uploads\\\/2026\\\/04\\\/&quot;,&quot;sizes&quot;:{&quot;86&quot;:&quot;\\u064a\\u0648\\u0646\\u0627-86x64.jpg&quot;,&quot;210&quot;:&quot;\\u064a\\u0648\\u0646\\u0627-210x136.jpg&quot;,&quot;1400&quot;:&quot;\\u064a\\u0648\\u0646\\u0627.jpg&quot;}}\"\t\t\t\t\t\tclass=\"img-holder\" href=\"https:\/\/ami.mr\/fr\/archives\/293772\"><\/a>\r\n\t\t\t\t\t\t\t<\/div>\r\n\t\t<h2 class=\"title\">\t\t<a href=\"https:\/\/ami.mr\/fr\/archives\/293772\" class=\"post-url post-title\">\r\n\t\t\tUNA et le Conseil g\u00e9n\u00e9ral des banques et institutions&hellip;\t\t<\/a>\r\n\t\t<\/h2>\t\t<div class=\"post-meta\">\r\n\r\n\t\t\t\t\t\t\t<span class=\"time\"><time class=\"post-published updated\"\r\n\t\t\t\t                         datetime=\"2026-04-22T21:58:39+00:00\">depuis 3 jours<\/time><\/span>\r\n\t\t\t\t\t\t<\/div>\r\n\t\t\t<\/div>\r\n\t<\/article >\r\n\t<article class=\"post-293642 type-post format-standard has-post-thumbnail   listing-item listing-item-thumbnail listing-item-tb-1 main-term-63920\">\r\n\t<div class=\"item-inner clearfix\">\r\n\t\t\t\t\t<div class=\"featured featured-type-featured-image\">\r\n\t\t\t\t<a  title=\"13e rencontre interparlementaire: la Mauritanie renforce son partenariat strat\u00e9gique avec l\u2019Union Europ\u00e9enne\" data-src=\"https:\/\/ami.mr\/fr\/wp-content\/uploads\/2026\/04\/21-04-2026-002-86x64.jpeg\" data-bs-srcset=\"{&quot;baseurl&quot;:&quot;https:\\\/\\\/ami.mr\\\/fr\\\/wp-content\\\/uploads\\\/2026\\\/04\\\/&quot;,&quot;sizes&quot;:{&quot;86&quot;:&quot;21-04-2026-002-86x64.jpeg&quot;,&quot;210&quot;:&quot;21-04-2026-002-210x136.jpeg&quot;,&quot;1400&quot;:&quot;21-04-2026-002.jpeg&quot;}}\"\t\t\t\t\t\tclass=\"img-holder\" href=\"https:\/\/ami.mr\/fr\/archives\/293642\"><\/a>\r\n\t\t\t\t\t\t\t<\/div>\r\n\t\t<h2 class=\"title\">\t\t<a href=\"https:\/\/ami.mr\/fr\/archives\/293642\" class=\"post-url post-title\">\r\n\t\t\t13e rencontre interparlementaire: la Mauritanie renforce son&hellip;\t\t<\/a>\r\n\t\t<\/h2>\t\t<div class=\"post-meta\">\r\n\r\n\t\t\t\t\t\t\t<span class=\"time\"><time class=\"post-published updated\"\r\n\t\t\t\t                         datetime=\"2026-04-21T12:29:39+00:00\">depuis 5 jours<\/time><\/span>\r\n\t\t\t\t\t\t<\/div>\r\n\t\t\t<\/div>\r\n\t<\/article >\r\n\t<article class=\"post-293602 type-post format-standard has-post-thumbnail   listing-item listing-item-thumbnail listing-item-tb-1 main-term-63957\">\r\n\t<div class=\"item-inner clearfix\">\r\n\t\t\t\t\t<div class=\"featured featured-type-featured-image\">\r\n\t\t\t\t<a  title=\"Intervention du pr\u00e9sident de la R\u00e9publique lors du Panel de haut niveau des chefs d\u2019\u00c9tat et hautes personnalit\u00e9s au Forum de Dakar sur la paix et la s\u00e9curit\u00e9\" data-src=\"https:\/\/ami.mr\/fr\/wp-content\/uploads\/2026\/04\/20-04-2026-s0015-86x64.jpg\" data-bs-srcset=\"{&quot;baseurl&quot;:&quot;https:\\\/\\\/ami.mr\\\/fr\\\/wp-content\\\/uploads\\\/2026\\\/04\\\/&quot;,&quot;sizes&quot;:{&quot;86&quot;:&quot;20-04-2026-s0015-86x64.jpg&quot;,&quot;210&quot;:&quot;20-04-2026-s0015-210x136.jpg&quot;,&quot;1400&quot;:&quot;20-04-2026-s0015.jpg&quot;}}\"\t\t\t\t\t\tclass=\"img-holder\" href=\"https:\/\/ami.mr\/fr\/archives\/293602\"><\/a>\r\n\t\t\t\t\t\t\t<\/div>\r\n\t\t<h2 class=\"title\">\t\t<a href=\"https:\/\/ami.mr\/fr\/archives\/293602\" class=\"post-url post-title\">\r\n\t\t\tIntervention du pr\u00e9sident de la R\u00e9publique lors du Panel de&hellip;\t\t<\/a>\r\n\t\t<\/h2>\t\t<div class=\"post-meta\">\r\n\r\n\t\t\t\t\t\t\t<span class=\"time\"><time class=\"post-published updated\"\r\n\t\t\t\t                         datetime=\"2026-04-20T19:53:05+00:00\">depuis 6 jours<\/time><\/span>\r\n\t\t\t\t\t\t<\/div>\r\n\t\t\t<\/div>\r\n\t<\/article >\r\n\t<article class=\"post-293596 type-post format-standard has-post-thumbnail   listing-item listing-item-thumbnail listing-item-tb-1 main-term-63957\">\r\n\t<div class=\"item-inner clearfix\">\r\n\t\t\t\t\t<div class=\"featured featured-type-featured-image\">\r\n\t\t\t\t<a  title=\"Le Pr\u00e9sident de la R\u00e9publique rencontre l&#8217;ambassadrice, envoy\u00e9e sp\u00e9ciale pour la r\u00e9gion du Sahel\" data-src=\"https:\/\/ami.mr\/fr\/wp-content\/uploads\/2026\/04\/20-04-2026-s010-1-86x64.jpg\" data-bs-srcset=\"{&quot;baseurl&quot;:&quot;https:\\\/\\\/ami.mr\\\/fr\\\/wp-content\\\/uploads\\\/2026\\\/04\\\/&quot;,&quot;sizes&quot;:{&quot;86&quot;:&quot;20-04-2026-s010-1-86x64.jpg&quot;,&quot;210&quot;:&quot;20-04-2026-s010-1-210x136.jpg&quot;,&quot;1400&quot;:&quot;20-04-2026-s010-1.jpg&quot;}}\"\t\t\t\t\t\tclass=\"img-holder\" href=\"https:\/\/ami.mr\/fr\/archives\/293596\"><\/a>\r\n\t\t\t\t\t\t\t<\/div>\r\n\t\t<h2 class=\"title\">\t\t<a href=\"https:\/\/ami.mr\/fr\/archives\/293596\" class=\"post-url post-title\">\r\n\t\t\tLe Pr\u00e9sident de la R\u00e9publique rencontre&hellip;\t\t<\/a>\r\n\t\t<\/h2>\t\t<div class=\"post-meta\">\r\n\r\n\t\t\t\t\t\t\t<span class=\"time\"><time class=\"post-published updated\"\r\n\t\t\t\t                         datetime=\"2026-04-20T18:55:38+00:00\">depuis 6 jours<\/time><\/span>\r\n\t\t\t\t\t\t<\/div>\r\n\t\t\t<\/div>\r\n\t<\/article >\r\n\t<article class=\"post-293592 type-post format-standard has-post-thumbnail   listing-item listing-item-thumbnail listing-item-tb-1 main-term-63957\">\r\n\t<div class=\"item-inner clearfix\">\r\n\t\t\t\t\t<div class=\"featured featured-type-featured-image\">\r\n\t\t\t\t<a  title=\"Le Pr\u00e9sident de la R\u00e9publique regagne Nouakchott\" data-src=\"https:\/\/ami.mr\/fr\/wp-content\/uploads\/2026\/04\/20-04-2026-s009-86x64.jpg\" data-bs-srcset=\"{&quot;baseurl&quot;:&quot;https:\\\/\\\/ami.mr\\\/fr\\\/wp-content\\\/uploads\\\/2026\\\/04\\\/&quot;,&quot;sizes&quot;:{&quot;86&quot;:&quot;20-04-2026-s009-86x64.jpg&quot;,&quot;210&quot;:&quot;20-04-2026-s009-210x136.jpg&quot;,&quot;1400&quot;:&quot;20-04-2026-s009.jpg&quot;}}\"\t\t\t\t\t\tclass=\"img-holder\" href=\"https:\/\/ami.mr\/fr\/archives\/293592\"><\/a>\r\n\t\t\t\t\t\t\t<\/div>\r\n\t\t<h2 class=\"title\">\t\t<a href=\"https:\/\/ami.mr\/fr\/archives\/293592\" class=\"post-url post-title\">\r\n\t\t\tLe Pr\u00e9sident de la R\u00e9publique regagne Nouakchott\t\t<\/a>\r\n\t\t<\/h2>\t\t<div class=\"post-meta\">\r\n\r\n\t\t\t\t\t\t\t<span class=\"time\"><time class=\"post-published updated\"\r\n\t\t\t\t                         datetime=\"2026-04-20T18:38:09+00:00\">depuis 6 jours<\/time><\/span>\r\n\t\t\t\t\t\t<\/div>\r\n\t\t\t<\/div>\r\n\t<\/article >\r\n\t<article class=\"post-293589 type-post format-standard has-post-thumbnail   listing-item listing-item-thumbnail listing-item-tb-1 main-term-63957\">\r\n\t<div class=\"item-inner clearfix\">\r\n\t\t\t\t\t<div class=\"featured featured-type-featured-image\">\r\n\t\t\t\t<a  title=\"Le Pr\u00e9sident de la R\u00e9publique rencontre le vice-ministre saoudien des Affaires \u00e9trang\u00e8res\" data-src=\"https:\/\/ami.mr\/fr\/wp-content\/uploads\/2026\/04\/20-04-2026-s006-86x64.jpg\" data-bs-srcset=\"{&quot;baseurl&quot;:&quot;https:\\\/\\\/ami.mr\\\/fr\\\/wp-content\\\/uploads\\\/2026\\\/04\\\/&quot;,&quot;sizes&quot;:{&quot;86&quot;:&quot;20-04-2026-s006-86x64.jpg&quot;,&quot;210&quot;:&quot;20-04-2026-s006-210x136.jpg&quot;,&quot;1400&quot;:&quot;20-04-2026-s006.jpg&quot;}}\"\t\t\t\t\t\tclass=\"img-holder\" href=\"https:\/\/ami.mr\/fr\/archives\/293589\"><\/a>\r\n\t\t\t\t\t\t\t<\/div>\r\n\t\t<h2 class=\"title\">\t\t<a href=\"https:\/\/ami.mr\/fr\/archives\/293589\" class=\"post-url post-title\">\r\n\t\t\tLe Pr\u00e9sident de la R\u00e9publique rencontre le vice-ministre&hellip;\t\t<\/a>\r\n\t\t<\/h2>\t\t<div class=\"post-meta\">\r\n\r\n\t\t\t\t\t\t\t<span class=\"time\"><time class=\"post-published updated\"\r\n\t\t\t\t                         datetime=\"2026-04-20T17:55:38+00:00\">depuis 6 jours<\/time><\/span>\r\n\t\t\t\t\t\t<\/div>\r\n\t\t\t<\/div>\r\n\t<\/article >\r\n\t<article class=\"post-293585 type-post format-standard has-post-thumbnail   listing-item listing-item-thumbnail listing-item-tb-1 main-term-63957\">\r\n\t<div class=\"item-inner clearfix\">\r\n\t\t\t\t\t<div class=\"featured featured-type-featured-image\">\r\n\t\t\t\t<a  title=\"Le Premier ministre re\u00e7oit le pr\u00e9sident de la soci\u00e9t\u00e9 Kinross\" data-src=\"https:\/\/ami.mr\/fr\/wp-content\/uploads\/2026\/04\/20-04-2026-s008-86x64.jpg\" data-bs-srcset=\"{&quot;baseurl&quot;:&quot;https:\\\/\\\/ami.mr\\\/fr\\\/wp-content\\\/uploads\\\/2026\\\/04\\\/&quot;,&quot;sizes&quot;:{&quot;86&quot;:&quot;20-04-2026-s008-86x64.jpg&quot;,&quot;210&quot;:&quot;20-04-2026-s008-210x136.jpg&quot;,&quot;1400&quot;:&quot;20-04-2026-s008.jpg&quot;}}\"\t\t\t\t\t\tclass=\"img-holder\" href=\"https:\/\/ami.mr\/fr\/archives\/293585\"><\/a>\r\n\t\t\t\t\t\t\t<\/div>\r\n\t\t<h2 class=\"title\">\t\t<a href=\"https:\/\/ami.mr\/fr\/archives\/293585\" class=\"post-url post-title\">\r\n\t\t\tLe Premier ministre re\u00e7oit le pr\u00e9sident de la soci\u00e9t\u00e9&hellip;\t\t<\/a>\r\n\t\t<\/h2>\t\t<div class=\"post-meta\">\r\n\r\n\t\t\t\t\t\t\t<span class=\"time\"><time class=\"post-published updated\"\r\n\t\t\t\t                         datetime=\"2026-04-20T17:31:12+00:00\">depuis 6 jours<\/time><\/span>\r\n\t\t\t\t\t\t<\/div>\r\n\t\t\t<\/div>\r\n\t<\/article >\r\n\t<article class=\"post-293580 type-post format-standard has-post-thumbnail   listing-item listing-item-thumbnail listing-item-tb-1 main-term-63957\">\r\n\t<div class=\"item-inner clearfix\">\r\n\t\t\t\t\t<div class=\"featured featured-type-featured-image\">\r\n\t\t\t\t<a  title=\"Le Pr\u00e9sident de la R\u00e9publique devant le Forum sur la Paix et la S\u00e9curit\u00e9 en Afrique : la stabilit\u00e9 du continent d\u00e9pend de sa capacit\u00e9 \u00e0 construire des m\u00e9canismes d&#8217;action collective et de coordination efficace\" data-src=\"https:\/\/ami.mr\/fr\/wp-content\/uploads\/2026\/04\/20-04-2026-s007-86x64.jpg\" data-bs-srcset=\"{&quot;baseurl&quot;:&quot;https:\\\/\\\/ami.mr\\\/fr\\\/wp-content\\\/uploads\\\/2026\\\/04\\\/&quot;,&quot;sizes&quot;:{&quot;86&quot;:&quot;20-04-2026-s007-86x64.jpg&quot;,&quot;210&quot;:&quot;20-04-2026-s007-210x136.jpg&quot;,&quot;750&quot;:&quot;20-04-2026-s007.jpg&quot;}}\"\t\t\t\t\t\tclass=\"img-holder\" href=\"https:\/\/ami.mr\/fr\/archives\/293580\"><\/a>\r\n\t\t\t\t\t\t\t<\/div>\r\n\t\t<h2 class=\"title\">\t\t<a href=\"https:\/\/ami.mr\/fr\/archives\/293580\" class=\"post-url post-title\">\r\n\t\t\tLe Pr\u00e9sident de la R\u00e9publique devant le Forum sur la Paix et&hellip;\t\t<\/a>\r\n\t\t<\/h2>\t\t<div class=\"post-meta\">\r\n\r\n\t\t\t\t\t\t\t<span class=\"time\"><time class=\"post-published updated\"\r\n\t\t\t\t                         datetime=\"2026-04-20T17:17:09+00:00\">depuis 6 jours<\/time><\/span>\r\n\t\t\t\t\t\t<\/div>\r\n\t\t\t<\/div>\r\n\t<\/article >\r\n\t<article class=\"post-293574 type-post format-standard has-post-thumbnail   listing-item listing-item-thumbnail listing-item-tb-1 main-term-63957\">\r\n\t<div class=\"item-inner clearfix\">\r\n\t\t\t\t\t<div class=\"featured featured-type-featured-image\">\r\n\t\t\t\t<a  title=\"Parlement : la conf\u00e9rence des pr\u00e9sidents programme plusieurs projets de loi\" data-src=\"https:\/\/ami.mr\/fr\/wp-content\/uploads\/2026\/04\/20-04-2026-s004-86x64.jpg\" data-bs-srcset=\"{&quot;baseurl&quot;:&quot;https:\\\/\\\/ami.mr\\\/fr\\\/wp-content\\\/uploads\\\/2026\\\/04\\\/&quot;,&quot;sizes&quot;:{&quot;86&quot;:&quot;20-04-2026-s004-86x64.jpg&quot;,&quot;210&quot;:&quot;20-04-2026-s004-210x136.jpg&quot;,&quot;750&quot;:&quot;20-04-2026-s004.jpg&quot;}}\"\t\t\t\t\t\tclass=\"img-holder\" href=\"https:\/\/ami.mr\/fr\/archives\/293574\"><\/a>\r\n\t\t\t\t\t\t\t<\/div>\r\n\t\t<h2 class=\"title\">\t\t<a href=\"https:\/\/ami.mr\/fr\/archives\/293574\" class=\"post-url post-title\">\r\n\t\t\tParlement : la conf\u00e9rence des pr\u00e9sidents programme plusieurs&hellip;\t\t<\/a>\r\n\t\t<\/h2>\t\t<div class=\"post-meta\">\r\n\r\n\t\t\t\t\t\t\t<span class=\"time\"><time class=\"post-published updated\"\r\n\t\t\t\t                         datetime=\"2026-04-20T16:40:32+00:00\">depuis 6 jours<\/time><\/span>\r\n\t\t\t\t\t\t<\/div>\r\n\t\t\t<\/div>\r\n\t<\/article >\r\n\t<\/div>\r\n\t<\/div>[\/vc_column][vc_column width=&#8221;3\/4&#8243;]<div class=\" bs-listing bs-listing-listing-mix-2-2 bs-listing-single-tab pagination-animate\">\t\t<div class=\"bs-pagination-wrapper main-term-25 more_btn bs-slider-first-item\">\r\n\t\t\t<div class=\"listing listing-mix-2-2 clearfix \">\r\n\t\t<div class=\"item-inner\">\r\n\t\t\t<div class=\"row\">\r\n\t\t\t\t<div class=\"col-lg-12\">\r\n\t\t\t\t\t\t\t\t\t\t\t<div class=\"listing listing-grid-1 clearfix columns-2\">\r\n\t\t\t\t\t\t\t\t<article class=\"post-293772 type-post format-standard has-post-thumbnail   listing-item listing-item-grid listing-item-grid-1 main-term-63918\">\r\n\t<div class=\"item-inner\">\r\n\t\t\t\t\t<div class=\"featured clearfix\">\r\n\t\t\t\t\t\t\t\t<a  title=\"UNA et le Conseil g\u00e9n\u00e9ral des banques et institutions financi\u00e8res islamiques organisent un s\u00e9minaire destin\u00e9 aux journalistes sur les concepts de la finance islamique\" data-src=\"https:\/\/ami.mr\/fr\/wp-content\/uploads\/2026\/04\/\u064a\u0648\u0646\u0627-357x210.jpg\" data-bs-srcset=\"{&quot;baseurl&quot;:&quot;https:\\\/\\\/ami.mr\\\/fr\\\/wp-content\\\/uploads\\\/2026\\\/04\\\/&quot;,&quot;sizes&quot;:{&quot;210&quot;:&quot;\\u064a\\u0648\\u0646\\u0627-210x136.jpg&quot;,&quot;279&quot;:&quot;\\u064a\\u0648\\u0646\\u0627-279x220.jpg&quot;,&quot;357&quot;:&quot;\\u064a\\u0648\\u0646\\u0627-357x210.jpg&quot;,&quot;750&quot;:&quot;\\u064a\\u0648\\u0646\\u0627-750x430.jpg&quot;,&quot;1400&quot;:&quot;\\u064a\\u0648\\u0646\\u0627.jpg&quot;}}\"\t\t\t\t\t\tclass=\"img-holder\" href=\"https:\/\/ami.mr\/fr\/archives\/293772\"><\/a>\r\n\r\n\t\t\t\t\t\t\t<\/div>\r\n\t\t<h2 class=\"title\">\t\t<a href=\"https:\/\/ami.mr\/fr\/archives\/293772\" class=\"post-title post-url\">\r\n\t\t\tUNA et le Conseil g\u00e9n\u00e9ral des banques et institutions financi\u00e8res islamiques&hellip;\t\t<\/a>\r\n\t\t<\/h2>\t\t<div class=\"post-meta\">\r\n\r\n\t\t\t\t\t\t\t<span class=\"time\"><time class=\"post-published updated\"\r\n\t\t\t\t                         datetime=\"2026-04-22T21:58:39+00:00\">depuis 3 jours<\/time><\/span>\r\n\t\t\t\t\t\t<\/div>\r\n\t\t\t\t\t<div class=\"post-summary\">\r\n\t\t\t\tL\u2019Union des agences de presse des pays de l\u2019Organisation de la coop\u00e9ration islamique (UNA) et le Conseil g\u00e9n\u00e9ral&hellip;\t\t\t<\/div>\r\n\t\t\t<\/div>\r\n\t<\/article >\r\n\t<article class=\"post-293642 type-post format-standard has-post-thumbnail   listing-item listing-item-grid listing-item-grid-1 main-term-63920\">\r\n\t<div class=\"item-inner\">\r\n\t\t\t\t\t<div class=\"featured clearfix\">\r\n\t\t\t\t\t\t\t\t<a  title=\"13e rencontre interparlementaire: la Mauritanie renforce son partenariat strat\u00e9gique avec l\u2019Union Europ\u00e9enne\" data-src=\"https:\/\/ami.mr\/fr\/wp-content\/uploads\/2026\/04\/21-04-2026-002-357x210.jpeg\" data-bs-srcset=\"{&quot;baseurl&quot;:&quot;https:\\\/\\\/ami.mr\\\/fr\\\/wp-content\\\/uploads\\\/2026\\\/04\\\/&quot;,&quot;sizes&quot;:{&quot;210&quot;:&quot;21-04-2026-002-210x136.jpeg&quot;,&quot;279&quot;:&quot;21-04-2026-002-279x220.jpeg&quot;,&quot;357&quot;:&quot;21-04-2026-002-357x210.jpeg&quot;,&quot;750&quot;:&quot;21-04-2026-002-750x430.jpeg&quot;,&quot;1400&quot;:&quot;21-04-2026-002.jpeg&quot;}}\"\t\t\t\t\t\tclass=\"img-holder\" href=\"https:\/\/ami.mr\/fr\/archives\/293642\"><\/a>\r\n\r\n\t\t\t\t\t\t\t<\/div>\r\n\t\t<h2 class=\"title\">\t\t<a href=\"https:\/\/ami.mr\/fr\/archives\/293642\" class=\"post-title post-url\">\r\n\t\t\t13e rencontre interparlementaire: la Mauritanie renforce son partenariat&hellip;\t\t<\/a>\r\n\t\t<\/h2>\t\t<div class=\"post-meta\">\r\n\r\n\t\t\t\t\t\t\t<span class=\"time\"><time class=\"post-published updated\"\r\n\t\t\t\t                         datetime=\"2026-04-21T12:29:39+00:00\">depuis 5 jours<\/time><\/span>\r\n\t\t\t\t\t\t<\/div>\r\n\t\t\t\t\t<div class=\"post-summary\">\r\n\t\t\t\tBruxelles a abrit\u00e9, lundi soir, les travaux de la 13\u1d49 rencontre interparlementaire entre l\u2019Assembl\u00e9e nationale de&hellip;\t\t\t<\/div>\r\n\t\t\t<\/div>\r\n\t<\/article >\r\n\t\t\t\t\t\t<\/div>\r\n\t\t\t\t\t\t\t\t\t\t<\/div>\r\n\t\t\t<\/div>\r\n\t\t\t<div class=\"row\">\r\n\t\t\t\t<div class=\"col-lg-12\">\r\n\t\t\t\t\t\t<div class=\"listing listing-text listing-text-2 clearfix columns-2\">\r\n\t\t<article class=\"post-293602 type-post format-standard has-post-thumbnail   listing-item listing-item-text listing-item-text-2 main-term-63957\">\r\n\t<div class=\"item-inner\">\r\n\t\t<h2 class=\"title\">\t\t<a href=\"https:\/\/ami.mr\/fr\/archives\/293602\" class=\"post-title post-url\">\r\n\t\t\tIntervention du pr\u00e9sident de la R\u00e9publique lors du Panel de haut&hellip;\t\t<\/a>\r\n\t\t<\/h2>\t\t<div class=\"post-meta\">\r\n\r\n\t\t\t\t\t\t\t<span class=\"time\"><time class=\"post-published updated\"\r\n\t\t\t\t                         datetime=\"2026-04-20T19:53:05+00:00\">depuis 6 jours<\/time><\/span>\r\n\t\t\t\t\t\t<\/div>\r\n\t\t\t\t\t<div class=\"post-summary\">\r\n\t\t\t\tLe Pr\u00e9sident de la R\u00e9publique, Son Excellence Monsieur, Mohamed Ould Cheikh El Ghazouani, a soulign\u00e9,&hellip;\t\t\t<\/div>\r\n\t\t\t\t<\/div>\r\n\t<\/article >\r\n\t<article class=\"post-293596 type-post format-standard has-post-thumbnail   listing-item listing-item-text listing-item-text-2 main-term-63957\">\r\n\t<div class=\"item-inner\">\r\n\t\t<h2 class=\"title\">\t\t<a href=\"https:\/\/ami.mr\/fr\/archives\/293596\" class=\"post-title post-url\">\r\n\t\t\tLe Pr\u00e9sident de la R\u00e9publique rencontre l&#8217;ambassadrice, envoy\u00e9e&hellip;\t\t<\/a>\r\n\t\t<\/h2>\t\t<div class=\"post-meta\">\r\n\r\n\t\t\t\t\t\t\t<span class=\"time\"><time class=\"post-published updated\"\r\n\t\t\t\t                         datetime=\"2026-04-20T18:55:38+00:00\">depuis 6 jours<\/time><\/span>\r\n\t\t\t\t\t\t<\/div>\r\n\t\t\t\t\t<div class=\"post-summary\">\r\n\t\t\t\tSon Excellence le Pr\u00e9sident de la R\u00e9publique, Monsieur Mohamed Ould Cheikh El Ghazouani, a rencontr\u00e9,&hellip;\t\t\t<\/div>\r\n\t\t\t\t<\/div>\r\n\t<\/article >\r\n\t<article class=\"post-293592 type-post format-standard has-post-thumbnail   listing-item listing-item-text listing-item-text-2 main-term-63957\">\r\n\t<div class=\"item-inner\">\r\n\t\t<h2 class=\"title\">\t\t<a href=\"https:\/\/ami.mr\/fr\/archives\/293592\" class=\"post-title post-url\">\r\n\t\t\tLe Pr\u00e9sident de la R\u00e9publique regagne Nouakchott\t\t<\/a>\r\n\t\t<\/h2>\t\t<div class=\"post-meta\">\r\n\r\n\t\t\t\t\t\t\t<span class=\"time\"><time class=\"post-published updated\"\r\n\t\t\t\t                         datetime=\"2026-04-20T18:38:09+00:00\">depuis 6 jours<\/time><\/span>\r\n\t\t\t\t\t\t<\/div>\r\n\t\t\t\t\t<div class=\"post-summary\">\r\n\t\t\t\tSon Excellence le Pr\u00e9sident de la R\u00e9publique, Monsieur Mohamed Ould Cheikh El Ghazouani, est rentr\u00e9,&hellip;\t\t\t<\/div>\r\n\t\t\t\t<\/div>\r\n\t<\/article >\r\n\t<article class=\"post-293589 type-post format-standard has-post-thumbnail   listing-item listing-item-text listing-item-text-2 main-term-63957\">\r\n\t<div class=\"item-inner\">\r\n\t\t<h2 class=\"title\">\t\t<a href=\"https:\/\/ami.mr\/fr\/archives\/293589\" class=\"post-title post-url\">\r\n\t\t\tLe Pr\u00e9sident de la R\u00e9publique rencontre le vice-ministre saoudien des&hellip;\t\t<\/a>\r\n\t\t<\/h2>\t\t<div class=\"post-meta\">\r\n\r\n\t\t\t\t\t\t\t<span class=\"time\"><time class=\"post-published updated\"\r\n\t\t\t\t                         datetime=\"2026-04-20T17:55:38+00:00\">depuis 6 jours<\/time><\/span>\r\n\t\t\t\t\t\t<\/div>\r\n\t\t\t\t\t<div class=\"post-summary\">\r\n\t\t\t\tSon Excellence le Pr\u00e9sident de la R\u00e9publique, Monsieur Mohamed Ould Cheikh El Ghazouani, a rencontr\u00e9,&hellip;\t\t\t<\/div>\r\n\t\t\t\t<\/div>\r\n\t<\/article >\r\n\t<article class=\"post-293585 type-post format-standard has-post-thumbnail   listing-item listing-item-text listing-item-text-2 main-term-63957\">\r\n\t<div class=\"item-inner\">\r\n\t\t<h2 class=\"title\">\t\t<a href=\"https:\/\/ami.mr\/fr\/archives\/293585\" class=\"post-title post-url\">\r\n\t\t\tLe Premier ministre re\u00e7oit le pr\u00e9sident de la soci\u00e9t\u00e9 Kinross\t\t<\/a>\r\n\t\t<\/h2>\t\t<div class=\"post-meta\">\r\n\r\n\t\t\t\t\t\t\t<span class=\"time\"><time class=\"post-published updated\"\r\n\t\t\t\t                         datetime=\"2026-04-20T17:31:12+00:00\">depuis 6 jours<\/time><\/span>\r\n\t\t\t\t\t\t<\/div>\r\n\t\t\t\t\t<div class=\"post-summary\">\r\n\t\t\t\tLe Premier ministre, Monsieur Moctar Ould Djay, a re\u00e7u, lundi \u00e0 Nouakchott, le pr\u00e9sident de la&hellip;\t\t\t<\/div>\r\n\t\t\t\t<\/div>\r\n\t<\/article >\r\n\t<article class=\"post-293580 type-post format-standard has-post-thumbnail   listing-item listing-item-text listing-item-text-2 main-term-63957\">\r\n\t<div class=\"item-inner\">\r\n\t\t<h2 class=\"title\">\t\t<a href=\"https:\/\/ami.mr\/fr\/archives\/293580\" class=\"post-title post-url\">\r\n\t\t\tLe Pr\u00e9sident de la R\u00e9publique devant le Forum sur la Paix et la&hellip;\t\t<\/a>\r\n\t\t<\/h2>\t\t<div class=\"post-meta\">\r\n\r\n\t\t\t\t\t\t\t<span class=\"time\"><time class=\"post-published updated\"\r\n\t\t\t\t                         datetime=\"2026-04-20T17:17:09+00:00\">depuis 6 jours<\/time><\/span>\r\n\t\t\t\t\t\t<\/div>\r\n\t\t\t\t\t<div class=\"post-summary\">\r\n\t\t\t\tSon Excellence le Pr\u00e9sident de la R\u00e9publique, M. Mohamed Ould Cheikh El Ghazouani, a exprim\u00e9 sa grande&hellip;\t\t\t<\/div>\r\n\t\t\t\t<\/div>\r\n\t<\/article >\r\n\t<article class=\"post-293574 type-post format-standard has-post-thumbnail   listing-item listing-item-text listing-item-text-2 main-term-63957\">\r\n\t<div class=\"item-inner\">\r\n\t\t<h2 class=\"title\">\t\t<a href=\"https:\/\/ami.mr\/fr\/archives\/293574\" class=\"post-title post-url\">\r\n\t\t\tParlement : la conf\u00e9rence des pr\u00e9sidents programme plusieurs projets&hellip;\t\t<\/a>\r\n\t\t<\/h2>\t\t<div class=\"post-meta\">\r\n\r\n\t\t\t\t\t\t\t<span class=\"time\"><time class=\"post-published updated\"\r\n\t\t\t\t                         datetime=\"2026-04-20T16:40:32+00:00\">depuis 6 jours<\/time><\/span>\r\n\t\t\t\t\t\t<\/div>\r\n\t\t\t\t\t<div class=\"post-summary\">\r\n\t\t\t\tLa conf\u00e9rence des pr\u00e9sidents de l'Assembl\u00e9e nationale s'est r\u00e9unie, lundi \u00e0 Nouakchott, sous la&hellip;\t\t\t<\/div>\r\n\t\t\t\t<\/div>\r\n\t<\/article >\r\n\t<article class=\"post-293570 type-post format-standard has-post-thumbnail   listing-item listing-item-text listing-item-text-2 main-term-63957\">\r\n\t<div class=\"item-inner\">\r\n\t\t<h2 class=\"title\">\t\t<a href=\"https:\/\/ami.mr\/fr\/archives\/293570\" class=\"post-title post-url\">\r\n\t\t\tLe Pr\u00e9sident de la R\u00e9publique rencontre la vice-ministre allemande des&hellip;\t\t<\/a>\r\n\t\t<\/h2>\t\t<div class=\"post-meta\">\r\n\r\n\t\t\t\t\t\t\t<span class=\"time\"><time class=\"post-published updated\"\r\n\t\t\t\t                         datetime=\"2026-04-20T16:27:50+00:00\">depuis 6 jours<\/time><\/span>\r\n\t\t\t\t\t\t<\/div>\r\n\t\t\t\t\t<div class=\"post-summary\">\r\n\t\t\t\tSon Excellence le Pr\u00e9sident de la R\u00e9publique, Monsieur Mohamed Ould Cheikh El Ghazouani, a rencontr\u00e9,&hellip;\t\t\t<\/div>\r\n\t\t\t\t<\/div>\r\n\t<\/article >\r\n\t<\/div>\r\n\t\t\t\t\t<\/div>\r\n\t\t\t<\/div>\r\n\t\t<\/div>\r\n\t<\/div>\r\n\n\t<\/div><div class=\"bs-pagination bs-ajax-pagination more_btn main-term-25 clearfix\">\r\n\t\t\t<script>var bs_ajax_paginate_1694459840 = '{\"query\":{\"category\":\"25,18\",\"tag\":\"\",\"taxonomy\":\"\",\"post_ids\":\"\",\"post_type\":\"\",\"count\":\"10\",\"order_by\":\"date\",\"order\":\"DESC\",\"time_filter\":\"\",\"offset\":\"\",\"style\":\"listing-mix-2-2\",\"cats-tags-condition\":\"and\",\"cats-condition\":\"in\",\"tags-condition\":\"in\",\"featured_image\":\"1\",\"ignore_sticky_posts\":\"1\",\"author_ids\":\"\",\"disable_duplicate\":\"0\",\"ad-active\":0,\"paginate\":\"more_btn\",\"pagination-show-label\":\"0\",\"listing-settings\":{\"big-title-limit\":\"82\",\"big-excerpt\":\"1\",\"big-excerpt-limit\":\"115\",\"big-subtitle\":\"0\",\"big-subtitle-limit\":\"0\",\"big-subtitle-location\":\"before-meta\",\"big-format-icon\":\"0\",\"big-term-badge\":\"0\",\"big-term-badge-count\":\"1\",\"big-term-badge-tax\":\"category\",\"big-meta\":{\"show\":\"1\",\"author\":\"0\",\"date\":\"1\",\"date-format\":\"readable\",\"view\":\"0\",\"share\":\"0\",\"comment\":\"0\",\"review\":\"0\"},\"small-title-limit\":\"70\",\"small-subtitle\":\"0\",\"small-subtitle-limit\":\"0\",\"small-subtitle-location\":\"before-meta\",\"small-meta\":{\"show\":\"1\",\"author\":\"0\",\"date\":\"1\",\"date-format\":\"readable\",\"view\":\"0\",\"share\":\"0\",\"comment\":\"0\",\"review\":\"0\"}},\"override-listing-settings\":\"1\",\"_layout\":{\"state\":\"1|1|0\",\"page\":\"2-col-right\"}},\"type\":\"bs_post_listing\",\"view\":\"Publisher_Mix_Listing_2_2_Shortcode\",\"current_page\":1,\"ajax_url\":\"\\\/fr\\\/wp-admin\\\/admin-ajax.php\",\"remove_duplicates\":\"0\",\"query-main-term\":\"25\",\"paginate\":\"more_btn\",\"pagination-show-label\":\"0\",\"override-listing-settings\":\"1\",\"listing-settings\":{\"big-title-limit\":\"82\",\"big-excerpt\":\"1\",\"big-excerpt-limit\":\"115\",\"big-subtitle\":\"0\",\"big-subtitle-limit\":\"0\",\"big-subtitle-location\":\"before-meta\",\"big-format-icon\":\"0\",\"big-term-badge\":\"0\",\"big-term-badge-count\":\"1\",\"big-term-badge-tax\":\"category\",\"big-meta\":{\"show\":\"1\",\"author\":\"0\",\"date\":\"1\",\"date-format\":\"readable\",\"view\":\"0\",\"share\":\"0\",\"comment\":\"0\",\"review\":\"0\"},\"small-title-limit\":\"70\",\"small-subtitle\":\"0\",\"small-subtitle-limit\":\"0\",\"small-subtitle-location\":\"before-meta\",\"small-meta\":{\"show\":\"1\",\"author\":\"0\",\"date\":\"1\",\"date-format\":\"readable\",\"view\":\"0\",\"share\":\"0\",\"comment\":\"0\",\"review\":\"0\"}},\"ad-active\":false,\"_layout\":{\"state\":\"1|1|0\",\"page\":\"2-col-right\"},\"_bs_pagin_token\":\"eca0d5e\",\"data\":{\"vars\":{\"post-ranking-offset\":10}}}';<\/script>\t\t\t\t<a  rel=\"next\" class=\"btn-bs-pagination\" data-id=\"1694459840\"\r\n\t\t\t\t   title=\"Plus...\">\r\n\t\t\t<span class=\"loading\" style=\"display: none;\">\r\n\t\t\t\t<i class=\"fa fa-refresh fa-spin fa-fw\"><\/i>\r\n\t\t\t<\/span>\r\n\t\t\t\t\t<span class=\"loading\" style=\"display: none;\">\r\n\t\t\t\tChargement ...\t\t\t<\/span>\r\n\r\n\t\t\t\t\t<span class=\"loaded txt\">\r\n\t\t\t\tPlus...\t\t\t<\/span>\r\n\r\n\t\t\t\t\t<span class=\"loaded icon\">\r\n\t\t\t\t<i class=\"fa fa-angle-down\" aria-hidden=\"true\"><\/i>\r\n\t\t\t<\/span>\r\n\r\n\t\t\t\t\t<span class=\"no-more\" style=\"display: none;\">\r\n\t\t\t\tPas de nouveaux messages \r\n\t\t\t<\/span>\r\n\r\n\t\t\t\t<\/a>\r\n\r\n\t\t\t\t<\/div><\/div>[\/vc_column][\/vc_row]<\/p>\n","protected":false},"excerpt":{"rendered":"<p>[vc_row][vc_column width=&#8221;1\/4&#8243;][\/vc_column][vc_column width=&#8221;3\/4&#8243;][\/vc_column][\/vc_row][vc_row][vc_column width=&#8221;1\/4&#8243;][\/vc_column][vc_column width=&#8221;3\/4&#8243;][\/vc_column][\/vc_row]<\/p>\n","protected":false},"author":1,"featured_media":0,"parent":0,"menu_order":0,"comment_status":"closed","ping_status":"closed","template":"","meta":{"footnotes":""},"class_list":["post-94576","page","type-page","status-publish","hentry"],"_links":{"self":[{"href":"https:\/\/ami.mr\/fr\/wp-json\/wp\/v2\/pages\/94576","targetHints":{"allow":["GET"]}}],"collection":[{"href":"https:\/\/ami.mr\/fr\/wp-json\/wp\/v2\/pages"}],"about":[{"href":"https:\/\/ami.mr\/fr\/wp-json\/wp\/v2\/types\/page"}],"author":[{"embeddable":true,"href":"https:\/\/ami.mr\/fr\/wp-json\/wp\/v2\/users\/1"}],"replies":[{"embeddable":true,"href":"https:\/\/ami.mr\/fr\/wp-json\/wp\/v2\/comments?post=94576"}],"version-history":[{"count":4,"href":"https:\/\/ami.mr\/fr\/wp-json\/wp\/v2\/pages\/94576\/revisions"}],"predecessor-version":[{"id":201372,"href":"https:\/\/ami.mr\/fr\/wp-json\/wp\/v2\/pages\/94576\/revisions\/201372"}],"wp:attachment":[{"href":"https:\/\/ami.mr\/fr\/wp-json\/wp\/v2\/media?parent=94576"}],"curies":[{"name":"wp","href":"https:\/\/api.w.org\/{rel}","templated":true}]}}