{"id":94576,"date":"2022-07-03T11:37:26","date_gmt":"2022-07-03T11:37:26","guid":{"rendered":"http:\/\/localhost\/fr\/?page_id=94576"},"modified":"2022-07-31T18:57:12","modified_gmt":"2022-07-31T18:57:12","slug":"general","status":"publish","type":"page","link":"https:\/\/ami.mr\/fr\/general","title":{"rendered":"G\u00e9n\u00e9ral"},"content":{"rendered":"<p>[vc_row][vc_column width=&#8221;1\/4&#8243;]<div class=\" bs-listing bs-listing-listing-text-2 bs-listing-single-tab pagination-animate\">\t\t<h3 class=\"section-heading sh-t6 sh-s10 main-term-25\">\r\n\r\n\t\t\r\n\t\t\t\t\t\t\t<a href=\"https:\/\/ami.mr\/fr\/archives\/category\/10\" class=\"main-link\">\r\n\t\t\t\t\t\t\t<span class=\"h-text main-term-25\">\r\n\t\t\t\t\t\t\t\t<i class=\"bf-icon  fa fa-clock-o\"><\/i> ACTUALIT\u00c9S\t\t\t\t\t\t\t<\/span>\r\n\t\t\t\t<\/a>\r\n\t\t\t\r\n\t\t\r\n\t\t<\/h3>\r\n\t\t<div class=\"bs-slider-items-container\" data-slider-animation-speed=\"750\" data-slider-autoplay=\"0\" data-slider-control-dots=\"off\" data-slider-control-next-prev=\"style-1\" data-autoplaySpeed=\"3000\">\t\t<div class=\"bs-pagination-wrapper main-term-25 slider bs-slider-first-item bs-slider-item bs-items-3\">\r\n\t\t\t<div class=\"listing listing-text listing-text-2 clearfix columns-1\">\r\n\t\t<article class=\"post-301821 type-post format-standard has-post-thumbnail   listing-item listing-item-text listing-item-text-2 main-term-63918\">\r\n\t<div class=\"item-inner\">\r\n\t\t<h2 class=\"title\">\t\t<a href=\"https:\/\/ami.mr\/fr\/archives\/301821\" class=\"post-title post-url\">\r\n\t\t\tL&#8217;ambassadeur de Mauritanie aupr\u00e8s de l&#8217;\u00c9tat des&hellip;\t\t<\/a>\r\n\t\t<\/h2>\t\t<div class=\"post-meta\">\r\n\r\n\t\t\t\t\t\t\t<span class=\"time\"><time class=\"post-published updated\"\r\n\t\t\t\t                         datetime=\"2026-09-04T15:44:33+00:00\">depuis 9 heures<\/time><\/span>\r\n\t\t\t\t\t\t<\/div>\r\n\t\t\t<\/div>\r\n\t<\/article >\r\n\t<article class=\"post-301683 type-post format-standard has-post-thumbnail   listing-item listing-item-text listing-item-text-2 main-term-63919\">\r\n\t<div class=\"item-inner\">\r\n\t\t<h2 class=\"title\">\t\t<a href=\"https:\/\/ami.mr\/fr\/archives\/301683\" class=\"post-title post-url\">\r\n\t\t\tLe Pr\u00e9sident de la R\u00e9publique f\u00e9licite son homologue&hellip;\t\t<\/a>\r\n\t\t<\/h2>\t\t<div class=\"post-meta\">\r\n\r\n\t\t\t\t\t\t\t<span class=\"time\"><time class=\"post-published updated\"\r\n\t\t\t\t                         datetime=\"2026-09-01T16:10:29+00:00\">depuis 3 jours<\/time><\/span>\r\n\t\t\t\t\t\t<\/div>\r\n\t\t\t<\/div>\r\n\t<\/article >\r\n\t<article class=\"post-301628 type-post format-standard has-post-thumbnail   listing-item listing-item-text listing-item-text-2 main-term-63919\">\r\n\t<div class=\"item-inner\">\r\n\t\t<h2 class=\"title\">\t\t<a href=\"https:\/\/ami.mr\/fr\/archives\/301628\" class=\"post-title post-url\">\r\n\t\t\tLe Pr\u00e9sident de la R\u00e9publique f\u00e9licite le Pr\u00e9sident de la&hellip;\t\t<\/a>\r\n\t\t<\/h2>\t\t<div class=\"post-meta\">\r\n\r\n\t\t\t\t\t\t\t<span class=\"time\"><time class=\"post-published updated\"\r\n\t\t\t\t                         datetime=\"2026-08-31T11:56:47+00:00\">depuis 5 jours<\/time><\/span>\r\n\t\t\t\t\t\t<\/div>\r\n\t\t\t<\/div>\r\n\t<\/article >\r\n\t<article class=\"post-301624 type-post format-standard has-post-thumbnail   listing-item listing-item-text listing-item-text-2 main-term-63919\">\r\n\t<div class=\"item-inner\">\r\n\t\t<h2 class=\"title\">\t\t<a href=\"https:\/\/ami.mr\/fr\/archives\/301624\" class=\"post-title post-url\">\r\n\t\t\tLe Pr\u00e9sident de la R\u00e9publique f\u00e9licite le Pr\u00e9sident de&hellip;\t\t<\/a>\r\n\t\t<\/h2>\t\t<div class=\"post-meta\">\r\n\r\n\t\t\t\t\t\t\t<span class=\"time\"><time class=\"post-published updated\"\r\n\t\t\t\t                         datetime=\"2026-08-31T11:44:36+00:00\">depuis 5 jours<\/time><\/span>\r\n\t\t\t\t\t\t<\/div>\r\n\t\t\t<\/div>\r\n\t<\/article >\r\n\t<\/div>\r\n\t\n\t<\/div>\t\t<div class=\"bs-pagination-wrapper main-term-25 slider  bs-slider-item bs-items-3\">\r\n\t\t\t<div class=\"listing listing-text listing-text-2 clearfix columns-1\">\r\n\t\t<article class=\"post-301622 type-post format-standard has-post-thumbnail   listing-item listing-item-text listing-item-text-2 main-term-63920\">\r\n\t<div class=\"item-inner\">\r\n\t\t<h2 class=\"title\">\t\t<a href=\"https:\/\/ami.mr\/fr\/archives\/301622\" class=\"post-title post-url\">\r\n\t\t\tRepr\u00e9sentant le Pr\u00e9sident de la R\u00e9publique, le ministre de&hellip;\t\t<\/a>\r\n\t\t<\/h2>\t\t<div class=\"post-meta\">\r\n\r\n\t\t\t\t\t\t\t<span class=\"time\"><time class=\"post-published updated\"\r\n\t\t\t\t                         datetime=\"2026-08-31T11:29:21+00:00\">depuis 5 jours<\/time><\/span>\r\n\t\t\t\t\t\t<\/div>\r\n\t\t\t<\/div>\r\n\t<\/article >\r\n\t<article class=\"post-301598 type-post format-standard has-post-thumbnail   listing-item listing-item-text listing-item-text-2 main-term-63918\">\r\n\t<div class=\"item-inner\">\r\n\t\t<h2 class=\"title\">\t\t<a href=\"https:\/\/ami.mr\/fr\/archives\/301598\" class=\"post-title post-url\">\r\n\t\t\tLe pr\u00e9sident de la R\u00e9publique du Tatarstan re\u00e7oit le&hellip;\t\t<\/a>\r\n\t\t<\/h2>\t\t<div class=\"post-meta\">\r\n\r\n\t\t\t\t\t\t\t<span class=\"time\"><time class=\"post-published updated\"\r\n\t\t\t\t                         datetime=\"2026-08-30T11:14:13+00:00\">depuis 6 jours<\/time><\/span>\r\n\t\t\t\t\t\t<\/div>\r\n\t\t\t<\/div>\r\n\t<\/article >\r\n\t<article class=\"post-301513 type-post format-standard has-post-thumbnail   listing-item listing-item-text listing-item-text-2 main-term-63920\">\r\n\t<div class=\"item-inner\">\r\n\t\t<h2 class=\"title\">\t\t<a href=\"https:\/\/ami.mr\/fr\/archives\/301513\" class=\"post-title post-url\">\r\n\t\t\tLe Secr\u00e9taire g\u00e9n\u00e9ral \u00e9lu de l\u2019OCI : \u00ab Je porte une vision&hellip;\t\t<\/a>\r\n\t\t<\/h2>\t\t<div class=\"post-meta\">\r\n\r\n\t\t\t\t\t\t\t<span class=\"time\"><time class=\"post-published updated\"\r\n\t\t\t\t                         datetime=\"2026-08-27T22:41:48+00:00\">depuis 1 semaine<\/time><\/span>\r\n\t\t\t\t\t\t<\/div>\r\n\t\t\t<\/div>\r\n\t<\/article >\r\n\t<article class=\"post-301489 type-post format-standard has-post-thumbnail   listing-item listing-item-text listing-item-text-2 main-term-63918\">\r\n\t<div class=\"item-inner\">\r\n\t\t<h2 class=\"title\">\t\t<a href=\"https:\/\/ami.mr\/fr\/archives\/301489\" class=\"post-title post-url\">\r\n\t\t\tLe ministre des Affaires \u00e9trang\u00e8res rencontre son homologue&hellip;\t\t<\/a>\r\n\t\t<\/h2>\t\t<div class=\"post-meta\">\r\n\r\n\t\t\t\t\t\t\t<span class=\"time\"><time class=\"post-published updated\"\r\n\t\t\t\t                         datetime=\"2026-08-27T19:16:45+00:00\">depuis 1 semaine<\/time><\/span>\r\n\t\t\t\t\t\t<\/div>\r\n\t\t\t<\/div>\r\n\t<\/article >\r\n\t<\/div>\r\n\t\n\t<\/div>\t\t<div class=\"bs-pagination-wrapper main-term-25 slider  bs-slider-item bs-items-3\">\r\n\t\t\t<div class=\"listing listing-text listing-text-2 clearfix columns-1\">\r\n\t\t<article class=\"post-301486 type-post format-standard has-post-thumbnail   listing-item listing-item-text listing-item-text-2 main-term-63918\">\r\n\t<div class=\"item-inner\">\r\n\t\t<h2 class=\"title\">\t\t<a href=\"https:\/\/ami.mr\/fr\/archives\/301486\" class=\"post-title post-url\">\r\n\t\t\tLe ministre des Affaires \u00e9trang\u00e8res tient une session de&hellip;\t\t<\/a>\r\n\t\t<\/h2>\t\t<div class=\"post-meta\">\r\n\r\n\t\t\t\t\t\t\t<span class=\"time\"><time class=\"post-published updated\"\r\n\t\t\t\t                         datetime=\"2026-08-27T19:07:58+00:00\">depuis 1 semaine<\/time><\/span>\r\n\t\t\t\t\t\t<\/div>\r\n\t\t\t<\/div>\r\n\t<\/article >\r\n\t<article class=\"post-301483 type-post format-standard has-post-thumbnail   listing-item listing-item-text listing-item-text-2 main-term-63920\">\r\n\t<div class=\"item-inner\">\r\n\t\t<h2 class=\"title\">\t\t<a href=\"https:\/\/ami.mr\/fr\/archives\/301483\" class=\"post-title post-url\">\r\n\t\t\tLe ministre des Affaires \u00e9trang\u00e8res : L&#8217;\u00e9lection du&hellip;\t\t<\/a>\r\n\t\t<\/h2>\t\t<div class=\"post-meta\">\r\n\r\n\t\t\t\t\t\t\t<span class=\"time\"><time class=\"post-published updated\"\r\n\t\t\t\t                         datetime=\"2026-08-27T18:55:09+00:00\">depuis 1 semaine<\/time><\/span>\r\n\t\t\t\t\t\t<\/div>\r\n\t\t\t<\/div>\r\n\t<\/article >\r\n\t<article class=\"post-301480 type-post format-standard has-post-thumbnail   listing-item listing-item-text listing-item-text-2 main-term-63918\">\r\n\t<div class=\"item-inner\">\r\n\t\t<h2 class=\"title\">\t\t<a href=\"https:\/\/ami.mr\/fr\/archives\/301480\" class=\"post-title post-url\">\r\n\t\t\tLe ministre des Affaires \u00e9trang\u00e8res rencontre le&hellip;\t\t<\/a>\r\n\t\t<\/h2>\t\t<div class=\"post-meta\">\r\n\r\n\t\t\t\t\t\t\t<span class=\"time\"><time class=\"post-published updated\"\r\n\t\t\t\t                         datetime=\"2026-08-27T18:22:56+00:00\">depuis 1 semaine<\/time><\/span>\r\n\t\t\t\t\t\t<\/div>\r\n\t\t\t<\/div>\r\n\t<\/article >\r\n\t<article class=\"post-301477 type-post format-standard has-post-thumbnail   listing-item listing-item-text listing-item-text-2 main-term-63918\">\r\n\t<div class=\"item-inner\">\r\n\t\t<h2 class=\"title\">\t\t<a href=\"https:\/\/ami.mr\/fr\/archives\/301477\" class=\"post-title post-url\">\r\n\t\t\tLe ministre des Affaires \u00e9trang\u00e8res rencontre son homologue&hellip;\t\t<\/a>\r\n\t\t<\/h2>\t\t<div class=\"post-meta\">\r\n\r\n\t\t\t\t\t\t\t<span class=\"time\"><time class=\"post-published updated\"\r\n\t\t\t\t                         datetime=\"2026-08-27T18:10:22+00:00\">depuis 1 semaine<\/time><\/span>\r\n\t\t\t\t\t\t<\/div>\r\n\t\t\t<\/div>\r\n\t<\/article >\r\n\t<\/div>\r\n\t\n\t<\/div><div class=\"bs-slider-controls main-term-25\"><div class=\"bs-control-nav  bs-control-nav-style-1\"><\/div><\/div><\/div><\/div>[\/vc_column][vc_column width=&#8221;3\/4&#8243;]<div class=\" bs-listing bs-listing-slider-1 bs-listing-single-tab\">\t<div class=\"bs-shortcode bs-slider bs-slider-1 clearfix  l-1\">\r\n\r\n\t\t<div class=\"better-slider\" id=\"slider-1632287771\"\r\n\t\t     data-slideshowSpeed=\"7000\"\r\n\t\t     data-animation=\"slide\"\r\n\t\t     data-controlNav=\"1\"\r\n\t\t     data-animationSpeed=\"600\">\r\n\t\t\t<ul class=\"slides\">\r\n\t\t\t\t\t\t\t\t\t<li class=\"slide bs-slider-item bs-slider-1-item main-term-63919 has-post-thumbnail\">\r\n\t\t\t\t\t\t<div class=\"item-content\">\r\n\r\n\t\t\t\t\t\t\t<a class=\"img-cont\" href=\"https:\/\/ami.mr\/fr\/archives\/301683\"\r\n\t\t\t\t\t\t\t   style=\"background-image: url('https:\/\/ami.mr\/fr\/wp-content\/uploads\/2026\/09\/01-09-2026-53.jpg')\"><\/a>\r\n\t\t\t\t\t\t\t\t\t\t\t\t\t\t<div class=\"content-container\">\r\n\t\t\t\t\t\t\t\t<h3 class=\"title\">\t\t\t\t\t\t\t\t<a class=\"post-url post-title\" href=\"https:\/\/ami.mr\/fr\/archives\/301683\">\r\n\t\t\t\t\t\t\t\t\tLe Pr\u00e9sident de la R\u00e9publique f\u00e9licite son homologue vietnamien\t\t\t\t\t\t\t\t<\/a>\r\n\t\t\t\t\t\t\t\t<\/h3>\t\t\t\t\t\t\t<\/div>\r\n\t\t\t\t\t\t<\/div>\r\n\t\t\t\t\t<\/li>\r\n\t\t\t\t\t\t\t\t\t\t<li class=\"slide bs-slider-item bs-slider-1-item main-term-63919 has-post-thumbnail\">\r\n\t\t\t\t\t\t<div class=\"item-content\">\r\n\r\n\t\t\t\t\t\t\t<a class=\"img-cont\" href=\"https:\/\/ami.mr\/fr\/archives\/301628\"\r\n\t\t\t\t\t\t\t   style=\"background-image: url('https:\/\/ami.mr\/fr\/wp-content\/uploads\/2026\/08\/31-08-2026-54.jpg')\"><\/a>\r\n\t\t\t\t\t\t\t\t\t\t\t\t\t\t<div class=\"content-container\">\r\n\t\t\t\t\t\t\t\t<h3 class=\"title\">\t\t\t\t\t\t\t\t<a class=\"post-url post-title\" href=\"https:\/\/ami.mr\/fr\/archives\/301628\">\r\n\t\t\t\t\t\t\t\t\tLe Pr\u00e9sident de la R\u00e9publique f\u00e9licite le Pr\u00e9sident de la Slovaquie\t\t\t\t\t\t\t\t<\/a>\r\n\t\t\t\t\t\t\t\t<\/h3>\t\t\t\t\t\t\t<\/div>\r\n\t\t\t\t\t\t<\/div>\r\n\t\t\t\t\t<\/li>\r\n\t\t\t\t\t\t\t\t\t\t<li class=\"slide bs-slider-item bs-slider-1-item main-term-63919 has-post-thumbnail\">\r\n\t\t\t\t\t\t<div class=\"item-content\">\r\n\r\n\t\t\t\t\t\t\t<a class=\"img-cont\" href=\"https:\/\/ami.mr\/fr\/archives\/301624\"\r\n\t\t\t\t\t\t\t   style=\"background-image: url('https:\/\/ami.mr\/fr\/wp-content\/uploads\/2026\/08\/31-08-2026-52.jpg')\"><\/a>\r\n\t\t\t\t\t\t\t\t\t\t\t\t\t\t<div class=\"content-container\">\r\n\t\t\t\t\t\t\t\t<h3 class=\"title\">\t\t\t\t\t\t\t\t<a class=\"post-url post-title\" href=\"https:\/\/ami.mr\/fr\/archives\/301624\">\r\n\t\t\t\t\t\t\t\t\tLe Pr\u00e9sident de la R\u00e9publique f\u00e9licite le Pr\u00e9sident de l\u2019Ouzb\u00e9kistan\t\t\t\t\t\t\t\t<\/a>\r\n\t\t\t\t\t\t\t\t<\/h3>\t\t\t\t\t\t\t<\/div>\r\n\t\t\t\t\t\t<\/div>\r\n\t\t\t\t\t<\/li>\r\n\t\t\t\t\t\t\t\t\t\t<li class=\"slide bs-slider-item bs-slider-1-item main-term-63920 has-post-thumbnail\">\r\n\t\t\t\t\t\t<div class=\"item-content\">\r\n\r\n\t\t\t\t\t\t\t<a class=\"img-cont\" href=\"https:\/\/ami.mr\/fr\/archives\/301466\"\r\n\t\t\t\t\t\t\t   style=\"background-image: url('https:\/\/ami.mr\/fr\/wp-content\/uploads\/2026\/08\/27-08-2026-51-1130x580.jpg')\"><\/a>\r\n\t\t\t\t\t\t\t\t\t\t\t\t\t\t<div class=\"content-container\">\r\n\t\t\t\t\t\t\t\t<h3 class=\"title\">\t\t\t\t\t\t\t\t<a class=\"post-url post-title\" href=\"https:\/\/ami.mr\/fr\/archives\/301466\">\r\n\t\t\t\t\t\t\t\t\tMinist\u00e8re des Affaires \u00e9trang\u00e8res: L\u2019\u00e9lection de M. Ismail Ould Cheikh Ahmed au&hellip;\t\t\t\t\t\t\t\t<\/a>\r\n\t\t\t\t\t\t\t\t<\/h3>\t\t\t\t\t\t\t<\/div>\r\n\t\t\t\t\t\t<\/div>\r\n\t\t\t\t\t<\/li>\r\n\t\t\t\t\t\t\t\t\t\t<li class=\"slide bs-slider-item bs-slider-1-item main-term-63919 has-post-thumbnail\">\r\n\t\t\t\t\t\t<div class=\"item-content\">\r\n\r\n\t\t\t\t\t\t\t<a class=\"img-cont\" href=\"https:\/\/ami.mr\/fr\/archives\/301464\"\r\n\t\t\t\t\t\t\t   style=\"background-image: url('https:\/\/ami.mr\/fr\/wp-content\/uploads\/2025\/12\/ghazouani-1-1-1.jpg')\"><\/a>\r\n\t\t\t\t\t\t\t\t\t\t\t\t\t\t<div class=\"content-container\">\r\n\t\t\t\t\t\t\t\t<h3 class=\"title\">\t\t\t\t\t\t\t\t<a class=\"post-url post-title\" href=\"https:\/\/ami.mr\/fr\/archives\/301464\">\r\n\t\t\t\t\t\t\t\t\tLe Pr\u00e9sident de la R\u00e9publique remercie les dirigeants des \u00c9tats membres de l\u2019OCI&hellip;\t\t\t\t\t\t\t\t<\/a>\r\n\t\t\t\t\t\t\t\t<\/h3>\t\t\t\t\t\t\t<\/div>\r\n\t\t\t\t\t\t<\/div>\r\n\t\t\t\t\t<\/li>\r\n\t\t\t\t\t\t\t\t\t\t<li class=\"slide bs-slider-item bs-slider-1-item main-term-63919 has-post-thumbnail\">\r\n\t\t\t\t\t\t<div class=\"item-content\">\r\n\r\n\t\t\t\t\t\t\t<a class=\"img-cont\" href=\"https:\/\/ami.mr\/fr\/archives\/301328\"\r\n\t\t\t\t\t\t\t   style=\"background-image: url('https:\/\/ami.mr\/fr\/wp-content\/uploads\/2026\/08\/24-08-2026-54.jpg')\"><\/a>\r\n\t\t\t\t\t\t\t\t\t\t\t\t\t\t<div class=\"content-container\">\r\n\t\t\t\t\t\t\t\t<h3 class=\"title\">\t\t\t\t\t\t\t\t<a class=\"post-url post-title\" href=\"https:\/\/ami.mr\/fr\/archives\/301328\">\r\n\t\t\t\t\t\t\t\t\tLe pr\u00e9sident de la R\u00e9publique f\u00e9licite son homologue uruguayen\t\t\t\t\t\t\t\t<\/a>\r\n\t\t\t\t\t\t\t\t<\/h3>\t\t\t\t\t\t\t<\/div>\r\n\t\t\t\t\t\t<\/div>\r\n\t\t\t\t\t<\/li>\r\n\t\t\t\t\t\t\t\t\t\t<li class=\"slide bs-slider-item bs-slider-1-item main-term-63957 has-post-thumbnail\">\r\n\t\t\t\t\t\t<div class=\"item-content\">\r\n\r\n\t\t\t\t\t\t\t<a class=\"img-cont\" href=\"https:\/\/ami.mr\/fr\/archives\/301311\"\r\n\t\t\t\t\t\t\t   style=\"background-image: url('https:\/\/ami.mr\/fr\/wp-content\/uploads\/2026\/08\/23-08-2026-s004-1130x580.jpg')\"><\/a>\r\n\t\t\t\t\t\t\t\t\t\t\t\t\t\t<div class=\"content-container\">\r\n\t\t\t\t\t\t\t\t<h3 class=\"title\">\t\t\t\t\t\t\t\t<a class=\"post-url post-title\" href=\"https:\/\/ami.mr\/fr\/archives\/301311\">\r\n\t\t\t\t\t\t\t\t\tLe Pr\u00e9sident de la R\u00e9publique s&#8217;enquiert des travaux de r\u00e9paration des&hellip;\t\t\t\t\t\t\t\t<\/a>\r\n\t\t\t\t\t\t\t\t<\/h3>\t\t\t\t\t\t\t<\/div>\r\n\t\t\t\t\t\t<\/div>\r\n\t\t\t\t\t<\/li>\r\n\t\t\t\t\t\t\t\t\t\t<li class=\"slide bs-slider-item bs-slider-1-item main-term-63919 has-post-thumbnail\">\r\n\t\t\t\t\t\t<div class=\"item-content\">\r\n\r\n\t\t\t\t\t\t\t<a class=\"img-cont\" href=\"https:\/\/ami.mr\/fr\/archives\/301075\"\r\n\t\t\t\t\t\t\t   style=\"background-image: url('https:\/\/ami.mr\/fr\/wp-content\/uploads\/2026\/08\/14-08-2024-007.jpeg')\"><\/a>\r\n\t\t\t\t\t\t\t\t\t\t\t\t\t\t<div class=\"content-container\">\r\n\t\t\t\t\t\t\t\t<h3 class=\"title\">\t\t\t\t\t\t\t\t<a class=\"post-url post-title\" href=\"https:\/\/ami.mr\/fr\/archives\/301075\">\r\n\t\t\t\t\t\t\t\t\tLe Pr\u00e9sident de la R\u00e9publique adresse ses f\u00e9licitations \u00e0 la Pr\u00e9sidente de&hellip;\t\t\t\t\t\t\t\t<\/a>\r\n\t\t\t\t\t\t\t\t<\/h3>\t\t\t\t\t\t\t<\/div>\r\n\t\t\t\t\t\t<\/div>\r\n\t\t\t\t\t<\/li>\r\n\t\t\t\t\t\t\t\t<\/ul>\r\n\t\t<\/div>\r\n\t<\/div>\r\n<\/div>[\/vc_column][\/vc_row][vc_row][vc_column width=&#8221;1\/4&#8243;]<div class=\" bs-listing bs-listing-listing-thumbnail-1 bs-listing-single-tab\">\t\t<h3 class=\"section-heading sh-t6 sh-s10 main-term-25\">\r\n\r\n\t\t\r\n\t\t\t\t\t\t\t<a href=\"https:\/\/ami.mr\/fr\/archives\/category\/10\" class=\"main-link\">\r\n\t\t\t\t\t\t\t<span class=\"h-text main-term-25\">\r\n\t\t\t\t\t\t\t\tLes plus lus\t\t\t\t\t\t\t<\/span>\r\n\t\t\t\t<\/a>\r\n\t\t\t\r\n\t\t\r\n\t\t<\/h3>\r\n\t\t\t<div class=\"listing listing-thumbnail listing-tb-1 clearfix columns-1\">\r\n\t\t<article class=\"post-301821 type-post format-standard has-post-thumbnail   listing-item listing-item-thumbnail listing-item-tb-1 main-term-63918\">\r\n\t<div class=\"item-inner clearfix\">\r\n\t\t\t\t\t<div class=\"featured featured-type-featured-image\">\r\n\t\t\t\t<a  title=\"L&#8217;ambassadeur de Mauritanie aupr\u00e8s de l&#8217;\u00c9tat des \u00c9mirats Arabes Unis pr\u00e9sente ses lettres de cr\u00e9ance\" data-src=\"https:\/\/ami.mr\/fr\/wp-content\/uploads\/2026\/09\/04-09-2026-008-86x64.jpg\" data-bs-srcset=\"{&quot;baseurl&quot;:&quot;https:\\\/\\\/ami.mr\\\/fr\\\/wp-content\\\/uploads\\\/2026\\\/09\\\/&quot;,&quot;sizes&quot;:{&quot;86&quot;:&quot;04-09-2026-008-86x64.jpg&quot;,&quot;210&quot;:&quot;04-09-2026-008-210x136.jpg&quot;,&quot;1400&quot;:&quot;04-09-2026-008.jpg&quot;}}\"\t\t\t\t\t\tclass=\"img-holder\" href=\"https:\/\/ami.mr\/fr\/archives\/301821\"><\/a>\r\n\t\t\t\t\t\t\t<\/div>\r\n\t\t<h2 class=\"title\">\t\t<a href=\"https:\/\/ami.mr\/fr\/archives\/301821\" class=\"post-url post-title\">\r\n\t\t\tL&#8217;ambassadeur de Mauritanie aupr\u00e8s de l&#8217;\u00c9tat des&hellip;\t\t<\/a>\r\n\t\t<\/h2>\t\t<div class=\"post-meta\">\r\n\r\n\t\t\t\t\t\t\t<span class=\"time\"><time class=\"post-published updated\"\r\n\t\t\t\t                         datetime=\"2026-09-04T15:44:33+00:00\">depuis 9 heures<\/time><\/span>\r\n\t\t\t\t\t\t<\/div>\r\n\t\t\t<\/div>\r\n\t<\/article >\r\n\t<article class=\"post-301683 type-post format-standard has-post-thumbnail   listing-item listing-item-thumbnail listing-item-tb-1 main-term-63919\">\r\n\t<div class=\"item-inner clearfix\">\r\n\t\t\t\t\t<div class=\"featured featured-type-featured-image\">\r\n\t\t\t\t<a  title=\"Le Pr\u00e9sident de la R\u00e9publique f\u00e9licite son homologue vietnamien\" data-src=\"https:\/\/ami.mr\/fr\/wp-content\/uploads\/2026\/09\/01-09-2026-53-86x64.jpg\" data-bs-srcset=\"{&quot;baseurl&quot;:&quot;https:\\\/\\\/ami.mr\\\/fr\\\/wp-content\\\/uploads\\\/2026\\\/09\\\/&quot;,&quot;sizes&quot;:{&quot;86&quot;:&quot;01-09-2026-53-86x64.jpg&quot;,&quot;210&quot;:&quot;01-09-2026-53-210x136.jpg&quot;,&quot;630&quot;:&quot;01-09-2026-53.jpg&quot;}}\"\t\t\t\t\t\tclass=\"img-holder\" href=\"https:\/\/ami.mr\/fr\/archives\/301683\"><\/a>\r\n\t\t\t\t\t\t\t<\/div>\r\n\t\t<h2 class=\"title\">\t\t<a href=\"https:\/\/ami.mr\/fr\/archives\/301683\" class=\"post-url post-title\">\r\n\t\t\tLe Pr\u00e9sident de la R\u00e9publique f\u00e9licite son homologue&hellip;\t\t<\/a>\r\n\t\t<\/h2>\t\t<div class=\"post-meta\">\r\n\r\n\t\t\t\t\t\t\t<span class=\"time\"><time class=\"post-published updated\"\r\n\t\t\t\t                         datetime=\"2026-09-01T16:10:29+00:00\">depuis 3 jours<\/time><\/span>\r\n\t\t\t\t\t\t<\/div>\r\n\t\t\t<\/div>\r\n\t<\/article >\r\n\t<article class=\"post-301628 type-post format-standard has-post-thumbnail   listing-item listing-item-thumbnail listing-item-tb-1 main-term-63919\">\r\n\t<div class=\"item-inner clearfix\">\r\n\t\t\t\t\t<div class=\"featured featured-type-featured-image\">\r\n\t\t\t\t<a  title=\"Le Pr\u00e9sident de la R\u00e9publique f\u00e9licite le Pr\u00e9sident de la Slovaquie\" data-src=\"https:\/\/ami.mr\/fr\/wp-content\/uploads\/2026\/08\/31-08-2026-54-86x64.jpg\" data-bs-srcset=\"{&quot;baseurl&quot;:&quot;https:\\\/\\\/ami.mr\\\/fr\\\/wp-content\\\/uploads\\\/2026\\\/08\\\/&quot;,&quot;sizes&quot;:{&quot;86&quot;:&quot;31-08-2026-54-86x64.jpg&quot;,&quot;210&quot;:&quot;31-08-2026-54-210x136.jpg&quot;,&quot;630&quot;:&quot;31-08-2026-54.jpg&quot;}}\"\t\t\t\t\t\tclass=\"img-holder\" href=\"https:\/\/ami.mr\/fr\/archives\/301628\"><\/a>\r\n\t\t\t\t\t\t\t<\/div>\r\n\t\t<h2 class=\"title\">\t\t<a href=\"https:\/\/ami.mr\/fr\/archives\/301628\" class=\"post-url post-title\">\r\n\t\t\tLe Pr\u00e9sident de la R\u00e9publique f\u00e9licite le Pr\u00e9sident de la&hellip;\t\t<\/a>\r\n\t\t<\/h2>\t\t<div class=\"post-meta\">\r\n\r\n\t\t\t\t\t\t\t<span class=\"time\"><time class=\"post-published updated\"\r\n\t\t\t\t                         datetime=\"2026-08-31T11:56:47+00:00\">depuis 5 jours<\/time><\/span>\r\n\t\t\t\t\t\t<\/div>\r\n\t\t\t<\/div>\r\n\t<\/article >\r\n\t<article class=\"post-301624 type-post format-standard has-post-thumbnail   listing-item listing-item-thumbnail listing-item-tb-1 main-term-63919\">\r\n\t<div class=\"item-inner clearfix\">\r\n\t\t\t\t\t<div class=\"featured featured-type-featured-image\">\r\n\t\t\t\t<a  title=\"Le Pr\u00e9sident de la R\u00e9publique f\u00e9licite le Pr\u00e9sident de l\u2019Ouzb\u00e9kistan\" data-src=\"https:\/\/ami.mr\/fr\/wp-content\/uploads\/2026\/08\/31-08-2026-52-86x64.jpg\" data-bs-srcset=\"{&quot;baseurl&quot;:&quot;https:\\\/\\\/ami.mr\\\/fr\\\/wp-content\\\/uploads\\\/2026\\\/08\\\/&quot;,&quot;sizes&quot;:{&quot;86&quot;:&quot;31-08-2026-52-86x64.jpg&quot;,&quot;210&quot;:&quot;31-08-2026-52-210x136.jpg&quot;,&quot;630&quot;:&quot;31-08-2026-52.jpg&quot;}}\"\t\t\t\t\t\tclass=\"img-holder\" href=\"https:\/\/ami.mr\/fr\/archives\/301624\"><\/a>\r\n\t\t\t\t\t\t\t<\/div>\r\n\t\t<h2 class=\"title\">\t\t<a href=\"https:\/\/ami.mr\/fr\/archives\/301624\" class=\"post-url post-title\">\r\n\t\t\tLe Pr\u00e9sident de la R\u00e9publique f\u00e9licite le Pr\u00e9sident de&hellip;\t\t<\/a>\r\n\t\t<\/h2>\t\t<div class=\"post-meta\">\r\n\r\n\t\t\t\t\t\t\t<span class=\"time\"><time class=\"post-published updated\"\r\n\t\t\t\t                         datetime=\"2026-08-31T11:44:36+00:00\">depuis 5 jours<\/time><\/span>\r\n\t\t\t\t\t\t<\/div>\r\n\t\t\t<\/div>\r\n\t<\/article >\r\n\t<article class=\"post-301622 type-post format-standard has-post-thumbnail   listing-item listing-item-thumbnail listing-item-tb-1 main-term-63920\">\r\n\t<div class=\"item-inner clearfix\">\r\n\t\t\t\t\t<div class=\"featured featured-type-featured-image\">\r\n\t\t\t\t<a  title=\"Repr\u00e9sentant le Pr\u00e9sident de la R\u00e9publique, le ministre de la D\u00e9fense participe \u00e0 la session extraordinaire de la Conf\u00e9rence des chefs d\u2019\u00c9tat et de gouvernement de l\u2019UA\" data-src=\"https:\/\/ami.mr\/fr\/wp-content\/uploads\/2026\/08\/31-08-2026-005-86x64.jpg\" data-bs-srcset=\"{&quot;baseurl&quot;:&quot;https:\\\/\\\/ami.mr\\\/fr\\\/wp-content\\\/uploads\\\/2026\\\/08\\\/&quot;,&quot;sizes&quot;:{&quot;86&quot;:&quot;31-08-2026-005-86x64.jpg&quot;,&quot;210&quot;:&quot;31-08-2026-005-210x136.jpg&quot;,&quot;1400&quot;:&quot;31-08-2026-005.jpg&quot;}}\"\t\t\t\t\t\tclass=\"img-holder\" href=\"https:\/\/ami.mr\/fr\/archives\/301622\"><\/a>\r\n\t\t\t\t\t\t\t<\/div>\r\n\t\t<h2 class=\"title\">\t\t<a href=\"https:\/\/ami.mr\/fr\/archives\/301622\" class=\"post-url post-title\">\r\n\t\t\tRepr\u00e9sentant le Pr\u00e9sident de la R\u00e9publique, le ministre de&hellip;\t\t<\/a>\r\n\t\t<\/h2>\t\t<div class=\"post-meta\">\r\n\r\n\t\t\t\t\t\t\t<span class=\"time\"><time class=\"post-published updated\"\r\n\t\t\t\t                         datetime=\"2026-08-31T11:29:21+00:00\">depuis 5 jours<\/time><\/span>\r\n\t\t\t\t\t\t<\/div>\r\n\t\t\t<\/div>\r\n\t<\/article >\r\n\t<article class=\"post-301598 type-post format-standard has-post-thumbnail   listing-item listing-item-thumbnail listing-item-tb-1 main-term-63918\">\r\n\t<div class=\"item-inner clearfix\">\r\n\t\t\t\t\t<div class=\"featured featured-type-featured-image\">\r\n\t\t\t\t<a  title=\"Le pr\u00e9sident de la R\u00e9publique du Tatarstan re\u00e7oit le directeur g\u00e9n\u00e9ral de l\u2019UNA et se voit d\u00e9cerner la M\u00e9daille de l\u2019Union pour la diplomatie m\u00e9diatique\" data-src=\"https:\/\/ami.mr\/fr\/wp-content\/uploads\/2026\/08\/302026.gif\"\t\t\t\t\t\tclass=\"img-holder\" href=\"https:\/\/ami.mr\/fr\/archives\/301598\"><\/a>\r\n\t\t\t\t\t\t\t<\/div>\r\n\t\t<h2 class=\"title\">\t\t<a href=\"https:\/\/ami.mr\/fr\/archives\/301598\" class=\"post-url post-title\">\r\n\t\t\tLe pr\u00e9sident de la R\u00e9publique du Tatarstan re\u00e7oit le&hellip;\t\t<\/a>\r\n\t\t<\/h2>\t\t<div class=\"post-meta\">\r\n\r\n\t\t\t\t\t\t\t<span class=\"time\"><time class=\"post-published updated\"\r\n\t\t\t\t                         datetime=\"2026-08-30T11:14:13+00:00\">depuis 6 jours<\/time><\/span>\r\n\t\t\t\t\t\t<\/div>\r\n\t\t\t<\/div>\r\n\t<\/article >\r\n\t<article class=\"post-301513 type-post format-standard has-post-thumbnail   listing-item listing-item-thumbnail listing-item-tb-1 main-term-63920\">\r\n\t<div class=\"item-inner clearfix\">\r\n\t\t\t\t\t<div class=\"featured featured-type-featured-image\">\r\n\t\t\t\t<a  title=\"Le Secr\u00e9taire g\u00e9n\u00e9ral \u00e9lu de l\u2019OCI : \u00ab Je porte une vision strat\u00e9gique visant \u00e0 faire de l\u2019Organisation une institution de premier plan et influente au cours des cinq prochaines ann\u00e9es \u00bb\" data-src=\"https:\/\/ami.mr\/fr\/wp-content\/uploads\/2026\/08\/27-08-2026-015-86x64.jpg\" data-bs-srcset=\"{&quot;baseurl&quot;:&quot;https:\\\/\\\/ami.mr\\\/fr\\\/wp-content\\\/uploads\\\/2026\\\/08\\\/&quot;,&quot;sizes&quot;:{&quot;86&quot;:&quot;27-08-2026-015-86x64.jpg&quot;,&quot;210&quot;:&quot;27-08-2026-015-210x136.jpg&quot;,&quot;1400&quot;:&quot;27-08-2026-015.jpg&quot;}}\"\t\t\t\t\t\tclass=\"img-holder\" href=\"https:\/\/ami.mr\/fr\/archives\/301513\"><\/a>\r\n\t\t\t\t\t\t\t<\/div>\r\n\t\t<h2 class=\"title\">\t\t<a href=\"https:\/\/ami.mr\/fr\/archives\/301513\" class=\"post-url post-title\">\r\n\t\t\tLe Secr\u00e9taire g\u00e9n\u00e9ral \u00e9lu de l\u2019OCI : \u00ab Je porte une vision&hellip;\t\t<\/a>\r\n\t\t<\/h2>\t\t<div class=\"post-meta\">\r\n\r\n\t\t\t\t\t\t\t<span class=\"time\"><time class=\"post-published updated\"\r\n\t\t\t\t                         datetime=\"2026-08-27T22:41:48+00:00\">depuis 1 semaine<\/time><\/span>\r\n\t\t\t\t\t\t<\/div>\r\n\t\t\t<\/div>\r\n\t<\/article >\r\n\t<article class=\"post-301489 type-post format-standard has-post-thumbnail   listing-item listing-item-thumbnail listing-item-tb-1 main-term-63918\">\r\n\t<div class=\"item-inner clearfix\">\r\n\t\t\t\t\t<div class=\"featured featured-type-featured-image\">\r\n\t\t\t\t<a  title=\"Le ministre des Affaires \u00e9trang\u00e8res rencontre son homologue alg\u00e9rien\" data-src=\"https:\/\/ami.mr\/fr\/wp-content\/uploads\/2026\/08\/26-08-2026-012-86x64.jpg\" data-bs-srcset=\"{&quot;baseurl&quot;:&quot;https:\\\/\\\/ami.mr\\\/fr\\\/wp-content\\\/uploads\\\/2026\\\/08\\\/&quot;,&quot;sizes&quot;:{&quot;86&quot;:&quot;26-08-2026-012-86x64.jpg&quot;,&quot;210&quot;:&quot;26-08-2026-012-210x136.jpg&quot;,&quot;1400&quot;:&quot;26-08-2026-012.jpg&quot;}}\"\t\t\t\t\t\tclass=\"img-holder\" href=\"https:\/\/ami.mr\/fr\/archives\/301489\"><\/a>\r\n\t\t\t\t\t\t\t<\/div>\r\n\t\t<h2 class=\"title\">\t\t<a href=\"https:\/\/ami.mr\/fr\/archives\/301489\" class=\"post-url post-title\">\r\n\t\t\tLe ministre des Affaires \u00e9trang\u00e8res rencontre son homologue&hellip;\t\t<\/a>\r\n\t\t<\/h2>\t\t<div class=\"post-meta\">\r\n\r\n\t\t\t\t\t\t\t<span class=\"time\"><time class=\"post-published updated\"\r\n\t\t\t\t                         datetime=\"2026-08-27T19:16:45+00:00\">depuis 1 semaine<\/time><\/span>\r\n\t\t\t\t\t\t<\/div>\r\n\t\t\t<\/div>\r\n\t<\/article >\r\n\t<article class=\"post-301486 type-post format-standard has-post-thumbnail   listing-item listing-item-thumbnail listing-item-tb-1 main-term-63918\">\r\n\t<div class=\"item-inner clearfix\">\r\n\t\t\t\t\t<div class=\"featured featured-type-featured-image\">\r\n\t\t\t\t<a  title=\"Le ministre des Affaires \u00e9trang\u00e8res tient une session de discussions avec son homologue des Maldives\" data-src=\"https:\/\/ami.mr\/fr\/wp-content\/uploads\/2026\/08\/27-08-2026-011-86x64.jpg\" data-bs-srcset=\"{&quot;baseurl&quot;:&quot;https:\\\/\\\/ami.mr\\\/fr\\\/wp-content\\\/uploads\\\/2026\\\/08\\\/&quot;,&quot;sizes&quot;:{&quot;86&quot;:&quot;27-08-2026-011-86x64.jpg&quot;,&quot;210&quot;:&quot;27-08-2026-011-210x136.jpg&quot;,&quot;1400&quot;:&quot;27-08-2026-011.jpg&quot;}}\"\t\t\t\t\t\tclass=\"img-holder\" href=\"https:\/\/ami.mr\/fr\/archives\/301486\"><\/a>\r\n\t\t\t\t\t\t\t<\/div>\r\n\t\t<h2 class=\"title\">\t\t<a href=\"https:\/\/ami.mr\/fr\/archives\/301486\" class=\"post-url post-title\">\r\n\t\t\tLe ministre des Affaires \u00e9trang\u00e8res tient une session de&hellip;\t\t<\/a>\r\n\t\t<\/h2>\t\t<div class=\"post-meta\">\r\n\r\n\t\t\t\t\t\t\t<span class=\"time\"><time class=\"post-published updated\"\r\n\t\t\t\t                         datetime=\"2026-08-27T19:07:58+00:00\">depuis 1 semaine<\/time><\/span>\r\n\t\t\t\t\t\t<\/div>\r\n\t\t\t<\/div>\r\n\t<\/article >\r\n\t<\/div>\r\n\t<\/div>[\/vc_column][vc_column width=&#8221;3\/4&#8243;]<div class=\" bs-listing bs-listing-listing-mix-2-2 bs-listing-single-tab pagination-animate\">\t\t<div class=\"bs-pagination-wrapper main-term-25 more_btn bs-slider-first-item\">\r\n\t\t\t<div class=\"listing listing-mix-2-2 clearfix \">\r\n\t\t<div class=\"item-inner\">\r\n\t\t\t<div class=\"row\">\r\n\t\t\t\t<div class=\"col-lg-12\">\r\n\t\t\t\t\t\t\t\t\t\t\t<div class=\"listing listing-grid-1 clearfix columns-2\">\r\n\t\t\t\t\t\t\t\t<article class=\"post-301821 type-post format-standard has-post-thumbnail   listing-item listing-item-grid listing-item-grid-1 main-term-63918\">\r\n\t<div class=\"item-inner\">\r\n\t\t\t\t\t<div class=\"featured clearfix\">\r\n\t\t\t\t\t\t\t\t<a  title=\"L&#8217;ambassadeur de Mauritanie aupr\u00e8s de l&#8217;\u00c9tat des \u00c9mirats Arabes Unis pr\u00e9sente ses lettres de cr\u00e9ance\" data-src=\"https:\/\/ami.mr\/fr\/wp-content\/uploads\/2026\/09\/04-09-2026-008-357x210.jpg\" data-bs-srcset=\"{&quot;baseurl&quot;:&quot;https:\\\/\\\/ami.mr\\\/fr\\\/wp-content\\\/uploads\\\/2026\\\/09\\\/&quot;,&quot;sizes&quot;:{&quot;210&quot;:&quot;04-09-2026-008-210x136.jpg&quot;,&quot;279&quot;:&quot;04-09-2026-008-279x220.jpg&quot;,&quot;357&quot;:&quot;04-09-2026-008-357x210.jpg&quot;,&quot;750&quot;:&quot;04-09-2026-008-750x430.jpg&quot;,&quot;1400&quot;:&quot;04-09-2026-008.jpg&quot;}}\"\t\t\t\t\t\tclass=\"img-holder\" href=\"https:\/\/ami.mr\/fr\/archives\/301821\"><\/a>\r\n\r\n\t\t\t\t\t\t\t<\/div>\r\n\t\t<h2 class=\"title\">\t\t<a href=\"https:\/\/ami.mr\/fr\/archives\/301821\" class=\"post-title post-url\">\r\n\t\t\tL&#8217;ambassadeur de Mauritanie aupr\u00e8s de l&#8217;\u00c9tat des \u00c9mirats Arabes Unis&hellip;\t\t<\/a>\r\n\t\t<\/h2>\t\t<div class=\"post-meta\">\r\n\r\n\t\t\t\t\t\t\t<span class=\"time\"><time class=\"post-published updated\"\r\n\t\t\t\t                         datetime=\"2026-09-04T15:44:33+00:00\">depuis 9 heures<\/time><\/span>\r\n\t\t\t\t\t\t<\/div>\r\n\t\t\t\t\t<div class=\"post-summary\">\r\n\t\t\t\tSon Excellence M. Abdallahi Abah Nagi Kebd a pr\u00e9sent\u00e9, hier jeudi au palais pr\u00e9sidentiel d'Abu Dhabi, ses lettres&hellip;\t\t\t<\/div>\r\n\t\t\t<\/div>\r\n\t<\/article >\r\n\t<article class=\"post-301683 type-post format-standard has-post-thumbnail   listing-item listing-item-grid listing-item-grid-1 main-term-63919\">\r\n\t<div class=\"item-inner\">\r\n\t\t\t\t\t<div class=\"featured clearfix\">\r\n\t\t\t\t\t\t\t\t<a  title=\"Le Pr\u00e9sident de la R\u00e9publique f\u00e9licite son homologue vietnamien\" data-src=\"https:\/\/ami.mr\/fr\/wp-content\/uploads\/2026\/09\/01-09-2026-53-357x210.jpg\" data-bs-srcset=\"{&quot;baseurl&quot;:&quot;https:\\\/\\\/ami.mr\\\/fr\\\/wp-content\\\/uploads\\\/2026\\\/09\\\/&quot;,&quot;sizes&quot;:{&quot;210&quot;:&quot;01-09-2026-53-210x136.jpg&quot;,&quot;279&quot;:&quot;01-09-2026-53-279x220.jpg&quot;,&quot;357&quot;:&quot;01-09-2026-53-357x210.jpg&quot;,&quot;630&quot;:&quot;01-09-2026-53.jpg&quot;}}\"\t\t\t\t\t\tclass=\"img-holder\" href=\"https:\/\/ami.mr\/fr\/archives\/301683\"><\/a>\r\n\r\n\t\t\t\t\t\t\t<\/div>\r\n\t\t<h2 class=\"title\">\t\t<a href=\"https:\/\/ami.mr\/fr\/archives\/301683\" class=\"post-title post-url\">\r\n\t\t\tLe Pr\u00e9sident de la R\u00e9publique f\u00e9licite son homologue vietnamien\t\t<\/a>\r\n\t\t<\/h2>\t\t<div class=\"post-meta\">\r\n\r\n\t\t\t\t\t\t\t<span class=\"time\"><time class=\"post-published updated\"\r\n\t\t\t\t                         datetime=\"2026-09-01T16:10:29+00:00\">depuis 3 jours<\/time><\/span>\r\n\t\t\t\t\t\t<\/div>\r\n\t\t\t\t\t<div class=\"post-summary\">\r\n\t\t\t\tSon Excellence le Pr\u00e9sident de la R\u00e9publique, M. Mohamed Ould Cheikh El Ghazouani, a adress\u00e9 mardi un message de&hellip;\t\t\t<\/div>\r\n\t\t\t<\/div>\r\n\t<\/article >\r\n\t\t\t\t\t\t<\/div>\r\n\t\t\t\t\t\t\t\t\t\t<\/div>\r\n\t\t\t<\/div>\r\n\t\t\t<div class=\"row\">\r\n\t\t\t\t<div class=\"col-lg-12\">\r\n\t\t\t\t\t\t<div class=\"listing listing-text listing-text-2 clearfix columns-2\">\r\n\t\t<article class=\"post-301628 type-post format-standard has-post-thumbnail   listing-item listing-item-text listing-item-text-2 main-term-63919\">\r\n\t<div class=\"item-inner\">\r\n\t\t<h2 class=\"title\">\t\t<a href=\"https:\/\/ami.mr\/fr\/archives\/301628\" class=\"post-title post-url\">\r\n\t\t\tLe Pr\u00e9sident de la R\u00e9publique f\u00e9licite le Pr\u00e9sident de la Slovaquie\t\t<\/a>\r\n\t\t<\/h2>\t\t<div class=\"post-meta\">\r\n\r\n\t\t\t\t\t\t\t<span class=\"time\"><time class=\"post-published updated\"\r\n\t\t\t\t                         datetime=\"2026-08-31T11:56:47+00:00\">depuis 5 jours<\/time><\/span>\r\n\t\t\t\t\t\t<\/div>\r\n\t\t\t\t\t<div class=\"post-summary\">\r\n\t\t\t\tSon Excellence le Pr\u00e9sident de la R\u00e9publique, M. Mohamed Ould Cheikh El Ghazouani, a adress\u00e9 ce lundi un message de&hellip;\t\t\t<\/div>\r\n\t\t\t\t<\/div>\r\n\t<\/article >\r\n\t<article class=\"post-301624 type-post format-standard has-post-thumbnail   listing-item listing-item-text listing-item-text-2 main-term-63919\">\r\n\t<div class=\"item-inner\">\r\n\t\t<h2 class=\"title\">\t\t<a href=\"https:\/\/ami.mr\/fr\/archives\/301624\" class=\"post-title post-url\">\r\n\t\t\tLe Pr\u00e9sident de la R\u00e9publique f\u00e9licite le Pr\u00e9sident de l\u2019Ouzb\u00e9kistan\t\t<\/a>\r\n\t\t<\/h2>\t\t<div class=\"post-meta\">\r\n\r\n\t\t\t\t\t\t\t<span class=\"time\"><time class=\"post-published updated\"\r\n\t\t\t\t                         datetime=\"2026-08-31T11:44:36+00:00\">depuis 5 jours<\/time><\/span>\r\n\t\t\t\t\t\t<\/div>\r\n\t\t\t\t\t<div class=\"post-summary\">\r\n\t\t\t\tSon Excellence le Pr\u00e9sident de la R\u00e9publique, M. Mohamed Ould Cheikh El Ghazouani, a adress\u00e9, ce lundi, un message&hellip;\t\t\t<\/div>\r\n\t\t\t\t<\/div>\r\n\t<\/article >\r\n\t<article class=\"post-301622 type-post format-standard has-post-thumbnail   listing-item listing-item-text listing-item-text-2 main-term-63920\">\r\n\t<div class=\"item-inner\">\r\n\t\t<h2 class=\"title\">\t\t<a href=\"https:\/\/ami.mr\/fr\/archives\/301622\" class=\"post-title post-url\">\r\n\t\t\tRepr\u00e9sentant le Pr\u00e9sident de la R\u00e9publique, le ministre de la D\u00e9fense&hellip;\t\t<\/a>\r\n\t\t<\/h2>\t\t<div class=\"post-meta\">\r\n\r\n\t\t\t\t\t\t\t<span class=\"time\"><time class=\"post-published updated\"\r\n\t\t\t\t                         datetime=\"2026-08-31T11:29:21+00:00\">depuis 5 jours<\/time><\/span>\r\n\t\t\t\t\t\t<\/div>\r\n\t\t\t\t\t<div class=\"post-summary\">\r\n\t\t\t\tSon Excellence le ministre de la D\u00e9fense, des Affaires de Retrait\u00e9s et des Enfants de Martyrs, M. Hanana Ould Sidi,&hellip;\t\t\t<\/div>\r\n\t\t\t\t<\/div>\r\n\t<\/article >\r\n\t<article class=\"post-301598 type-post format-standard has-post-thumbnail   listing-item listing-item-text listing-item-text-2 main-term-63918\">\r\n\t<div class=\"item-inner\">\r\n\t\t<h2 class=\"title\">\t\t<a href=\"https:\/\/ami.mr\/fr\/archives\/301598\" class=\"post-title post-url\">\r\n\t\t\tLe pr\u00e9sident de la R\u00e9publique du Tatarstan re\u00e7oit le directeur g\u00e9n\u00e9ral&hellip;\t\t<\/a>\r\n\t\t<\/h2>\t\t<div class=\"post-meta\">\r\n\r\n\t\t\t\t\t\t\t<span class=\"time\"><time class=\"post-published updated\"\r\n\t\t\t\t                         datetime=\"2026-08-30T11:14:13+00:00\">depuis 6 jours<\/time><\/span>\r\n\t\t\t\t\t\t<\/div>\r\n\t\t\t\t\t<div class=\"post-summary\">\r\n\t\t\t\tLe pr\u00e9sident de la R\u00e9publique du Tatarstan, Roustam Minnikhanov, a re\u00e7u hier, vendredi, au Palais pr\u00e9sidentiel de&hellip;\t\t\t<\/div>\r\n\t\t\t\t<\/div>\r\n\t<\/article >\r\n\t<article class=\"post-301513 type-post format-standard has-post-thumbnail   listing-item listing-item-text listing-item-text-2 main-term-63920\">\r\n\t<div class=\"item-inner\">\r\n\t\t<h2 class=\"title\">\t\t<a href=\"https:\/\/ami.mr\/fr\/archives\/301513\" class=\"post-title post-url\">\r\n\t\t\tLe Secr\u00e9taire g\u00e9n\u00e9ral \u00e9lu de l\u2019OCI : \u00ab Je porte une vision strat\u00e9gique&hellip;\t\t<\/a>\r\n\t\t<\/h2>\t\t<div class=\"post-meta\">\r\n\r\n\t\t\t\t\t\t\t<span class=\"time\"><time class=\"post-published updated\"\r\n\t\t\t\t                         datetime=\"2026-08-27T22:41:48+00:00\">depuis 1 semaine<\/time><\/span>\r\n\t\t\t\t\t\t<\/div>\r\n\t\t\t\t\t<div class=\"post-summary\">\r\n\t\t\t\tLe Secr\u00e9taire g\u00e9n\u00e9ral \u00e9lu de l\u2019Organisation de la coop\u00e9ration islamique (OCI), M. Ismail Ould Cheikh Ahmed, a&hellip;\t\t\t<\/div>\r\n\t\t\t\t<\/div>\r\n\t<\/article >\r\n\t<article class=\"post-301489 type-post format-standard has-post-thumbnail   listing-item listing-item-text listing-item-text-2 main-term-63918\">\r\n\t<div class=\"item-inner\">\r\n\t\t<h2 class=\"title\">\t\t<a href=\"https:\/\/ami.mr\/fr\/archives\/301489\" class=\"post-title post-url\">\r\n\t\t\tLe ministre des Affaires \u00e9trang\u00e8res rencontre son homologue alg\u00e9rien\t\t<\/a>\r\n\t\t<\/h2>\t\t<div class=\"post-meta\">\r\n\r\n\t\t\t\t\t\t\t<span class=\"time\"><time class=\"post-published updated\"\r\n\t\t\t\t                         datetime=\"2026-08-27T19:16:45+00:00\">depuis 1 semaine<\/time><\/span>\r\n\t\t\t\t\t\t<\/div>\r\n\t\t\t\t\t<div class=\"post-summary\">\r\n\t\t\t\tSon Excellence le ministre des Affaires \u00e9trang\u00e8res et de la Coop\u00e9ration africaine et des Mauritaniens de&hellip;\t\t\t<\/div>\r\n\t\t\t\t<\/div>\r\n\t<\/article >\r\n\t<article class=\"post-301486 type-post format-standard has-post-thumbnail   listing-item listing-item-text listing-item-text-2 main-term-63918\">\r\n\t<div class=\"item-inner\">\r\n\t\t<h2 class=\"title\">\t\t<a href=\"https:\/\/ami.mr\/fr\/archives\/301486\" class=\"post-title post-url\">\r\n\t\t\tLe ministre des Affaires \u00e9trang\u00e8res tient une session de discussions&hellip;\t\t<\/a>\r\n\t\t<\/h2>\t\t<div class=\"post-meta\">\r\n\r\n\t\t\t\t\t\t\t<span class=\"time\"><time class=\"post-published updated\"\r\n\t\t\t\t                         datetime=\"2026-08-27T19:07:58+00:00\">depuis 1 semaine<\/time><\/span>\r\n\t\t\t\t\t\t<\/div>\r\n\t\t\t\t\t<div class=\"post-summary\">\r\n\t\t\t\tSon Excellence le ministre des Affaires \u00e9trang\u00e8res, de la Coop\u00e9ration africaine et des Mauritaniens de l\u2019Ext\u00e9rieur,&hellip;\t\t\t<\/div>\r\n\t\t\t\t<\/div>\r\n\t<\/article >\r\n\t<article class=\"post-301483 type-post format-standard has-post-thumbnail   listing-item listing-item-text listing-item-text-2 main-term-63920\">\r\n\t<div class=\"item-inner\">\r\n\t\t<h2 class=\"title\">\t\t<a href=\"https:\/\/ami.mr\/fr\/archives\/301483\" class=\"post-title post-url\">\r\n\t\t\tLe ministre des Affaires \u00e9trang\u00e8res : L&#8217;\u00e9lection du candidat&hellip;\t\t<\/a>\r\n\t\t<\/h2>\t\t<div class=\"post-meta\">\r\n\r\n\t\t\t\t\t\t\t<span class=\"time\"><time class=\"post-published updated\"\r\n\t\t\t\t                         datetime=\"2026-08-27T18:55:09+00:00\">depuis 1 semaine<\/time><\/span>\r\n\t\t\t\t\t\t<\/div>\r\n\t\t\t\t\t<div class=\"post-summary\">\r\n\t\t\t\tSon Excellence le ministre des Affaires \u00e9trang\u00e8res, de la Coop\u00e9ration africaine et des Mauritaniens de l\u2019Ext\u00e9rieur,&hellip;\t\t\t<\/div>\r\n\t\t\t\t<\/div>\r\n\t<\/article >\r\n\t<\/div>\r\n\t\t\t\t\t<\/div>\r\n\t\t\t<\/div>\r\n\t\t<\/div>\r\n\t<\/div>\r\n\n\t<\/div><div class=\"bs-pagination bs-ajax-pagination more_btn main-term-25 clearfix\">\r\n\t\t\t<script>var bs_ajax_paginate_303603808 = '{\"query\":{\"category\":\"25,18\",\"tag\":\"\",\"taxonomy\":\"\",\"post_ids\":\"\",\"post_type\":\"\",\"count\":\"10\",\"order_by\":\"date\",\"order\":\"DESC\",\"time_filter\":\"\",\"offset\":\"\",\"style\":\"listing-mix-2-2\",\"cats-tags-condition\":\"and\",\"cats-condition\":\"in\",\"tags-condition\":\"in\",\"featured_image\":\"1\",\"ignore_sticky_posts\":\"1\",\"author_ids\":\"\",\"disable_duplicate\":\"0\",\"ad-active\":0,\"paginate\":\"more_btn\",\"pagination-show-label\":\"0\",\"listing-settings\":{\"big-title-limit\":\"82\",\"big-excerpt\":\"1\",\"big-excerpt-limit\":\"115\",\"big-subtitle\":\"0\",\"big-subtitle-limit\":\"0\",\"big-subtitle-location\":\"before-meta\",\"big-format-icon\":\"0\",\"big-term-badge\":\"0\",\"big-term-badge-count\":\"1\",\"big-term-badge-tax\":\"category\",\"big-meta\":{\"show\":\"1\",\"author\":\"0\",\"date\":\"1\",\"date-format\":\"readable\",\"view\":\"0\",\"share\":\"0\",\"comment\":\"0\",\"review\":\"0\"},\"small-title-limit\":\"70\",\"small-subtitle\":\"0\",\"small-subtitle-limit\":\"0\",\"small-subtitle-location\":\"before-meta\",\"small-meta\":{\"show\":\"1\",\"author\":\"0\",\"date\":\"1\",\"date-format\":\"readable\",\"view\":\"0\",\"share\":\"0\",\"comment\":\"0\",\"review\":\"0\"}},\"override-listing-settings\":\"1\",\"_layout\":{\"state\":\"1|1|0\",\"page\":\"2-col-right\"}},\"type\":\"bs_post_listing\",\"view\":\"Publisher_Mix_Listing_2_2_Shortcode\",\"current_page\":1,\"ajax_url\":\"\\\/fr\\\/wp-admin\\\/admin-ajax.php\",\"remove_duplicates\":\"0\",\"query-main-term\":\"25\",\"paginate\":\"more_btn\",\"pagination-show-label\":\"0\",\"override-listing-settings\":\"1\",\"listing-settings\":{\"big-title-limit\":\"82\",\"big-excerpt\":\"1\",\"big-excerpt-limit\":\"115\",\"big-subtitle\":\"0\",\"big-subtitle-limit\":\"0\",\"big-subtitle-location\":\"before-meta\",\"big-format-icon\":\"0\",\"big-term-badge\":\"0\",\"big-term-badge-count\":\"1\",\"big-term-badge-tax\":\"category\",\"big-meta\":{\"show\":\"1\",\"author\":\"0\",\"date\":\"1\",\"date-format\":\"readable\",\"view\":\"0\",\"share\":\"0\",\"comment\":\"0\",\"review\":\"0\"},\"small-title-limit\":\"70\",\"small-subtitle\":\"0\",\"small-subtitle-limit\":\"0\",\"small-subtitle-location\":\"before-meta\",\"small-meta\":{\"show\":\"1\",\"author\":\"0\",\"date\":\"1\",\"date-format\":\"readable\",\"view\":\"0\",\"share\":\"0\",\"comment\":\"0\",\"review\":\"0\"}},\"ad-active\":false,\"_layout\":{\"state\":\"1|1|0\",\"page\":\"2-col-right\"},\"_bs_pagin_token\":\"68bad80\",\"data\":{\"vars\":{\"post-ranking-offset\":10}}}';<\/script>\t\t\t\t<a  rel=\"next\" class=\"btn-bs-pagination\" data-id=\"303603808\"\r\n\t\t\t\t   title=\"Plus...\">\r\n\t\t\t<span class=\"loading\" style=\"display: none;\">\r\n\t\t\t\t<i class=\"fa fa-refresh fa-spin fa-fw\"><\/i>\r\n\t\t\t<\/span>\r\n\t\t\t\t\t<span class=\"loading\" style=\"display: none;\">\r\n\t\t\t\tChargement ...\t\t\t<\/span>\r\n\r\n\t\t\t\t\t<span class=\"loaded txt\">\r\n\t\t\t\tPlus...\t\t\t<\/span>\r\n\r\n\t\t\t\t\t<span class=\"loaded icon\">\r\n\t\t\t\t<i class=\"fa fa-angle-down\" aria-hidden=\"true\"><\/i>\r\n\t\t\t<\/span>\r\n\r\n\t\t\t\t\t<span class=\"no-more\" style=\"display: none;\">\r\n\t\t\t\tPas de nouveaux messages \r\n\t\t\t<\/span>\r\n\r\n\t\t\t\t<\/a>\r\n\r\n\t\t\t\t<\/div><\/div>[\/vc_column][\/vc_row]<\/p>\n","protected":false},"excerpt":{"rendered":"<p>[vc_row][vc_column width=&#8221;1\/4&#8243;][\/vc_column][vc_column width=&#8221;3\/4&#8243;][\/vc_column][\/vc_row][vc_row][vc_column width=&#8221;1\/4&#8243;][\/vc_column][vc_column width=&#8221;3\/4&#8243;][\/vc_column][\/vc_row]<\/p>\n","protected":false},"author":1,"featured_media":0,"parent":0,"menu_order":0,"comment_status":"closed","ping_status":"closed","template":"","meta":{"footnotes":""},"class_list":["post-94576","page","type-page","status-publish","hentry"],"_links":{"self":[{"href":"https:\/\/ami.mr\/fr\/wp-json\/wp\/v2\/pages\/94576","targetHints":{"allow":["GET"]}}],"collection":[{"href":"https:\/\/ami.mr\/fr\/wp-json\/wp\/v2\/pages"}],"about":[{"href":"https:\/\/ami.mr\/fr\/wp-json\/wp\/v2\/types\/page"}],"author":[{"embeddable":true,"href":"https:\/\/ami.mr\/fr\/wp-json\/wp\/v2\/users\/1"}],"replies":[{"embeddable":true,"href":"https:\/\/ami.mr\/fr\/wp-json\/wp\/v2\/comments?post=94576"}],"version-history":[{"count":4,"href":"https:\/\/ami.mr\/fr\/wp-json\/wp\/v2\/pages\/94576\/revisions"}],"predecessor-version":[{"id":201372,"href":"https:\/\/ami.mr\/fr\/wp-json\/wp\/v2\/pages\/94576\/revisions\/201372"}],"wp:attachment":[{"href":"https:\/\/ami.mr\/fr\/wp-json\/wp\/v2\/media?parent=94576"}],"curies":[{"name":"wp","href":"https:\/\/api.w.org\/{rel}","templated":true}]}}