{"id":94573,"date":"2022-07-03T11:35:37","date_gmt":"2022-07-03T11:35:37","guid":{"rendered":"http:\/\/localhost\/fr\/?page_id=94573"},"modified":"2023-02-16T15:06:22","modified_gmt":"2023-02-16T15:06:22","slug":"mauritanie","status":"publish","type":"page","link":"https:\/\/ami.mr\/fr\/mauritanie","title":{"rendered":"Mauritanie"},"content":{"rendered":"<p>[vc_row][vc_column width=&#8221;1\/4&#8243;]<div class=\" bs-listing bs-listing-listing-text-2 bs-listing-single-tab pagination-animate\">\t\t<h3 class=\"section-heading sh-t6 sh-s10 main-term-63959\">\r\n\r\n\t\t\r\n\t\t\t\t\t\t\t<a href=\"https:\/\/ami.mr\/fr\/archives\/category\/afficher\/mauritanie\" class=\"main-link\">\r\n\t\t\t\t\t\t\t<span class=\"h-text main-term-63959\">\r\n\t\t\t\t\t\t\t\t<i class=\"bf-icon  fa fa-clock-o\"><\/i> ACTUALIT\u00c9S\t\t\t\t\t\t\t<\/span>\r\n\t\t\t\t<\/a>\r\n\t\t\t\r\n\t\t\r\n\t\t<\/h3>\r\n\t\t<div class=\"bs-slider-items-container\" data-slider-animation-speed=\"750\" data-slider-autoplay=\"0\" data-slider-control-dots=\"off\" data-slider-control-next-prev=\"style-1\" data-autoplaySpeed=\"3000\">\t\t<div class=\"bs-pagination-wrapper main-term-63959 slider bs-slider-first-item bs-slider-item bs-items-3\">\r\n\t\t\t<div class=\"listing listing-text listing-text-2 clearfix columns-1\">\r\n\t\t<article class=\"post-301729 type-post format-standard has-post-thumbnail   listing-item listing-item-text listing-item-text-2 main-term-63920\">\r\n\t<div class=\"item-inner\">\r\n\t\t<h2 class=\"title\">\t\t<a href=\"https:\/\/ami.mr\/fr\/archives\/301729\" class=\"post-title post-url\">\r\n\t\t\tAppel aux propri\u00e9taires fonciers ruraux de Nouakchott pour&hellip;\t\t<\/a>\r\n\t\t<\/h2>\t\t<div class=\"post-meta\">\r\n\r\n\t\t\t\t\t\t\t<span class=\"time\"><time class=\"post-published updated\"\r\n\t\t\t\t                         datetime=\"2026-09-02T17:18:25+00:00\">depuis 22 minutes<\/time><\/span>\r\n\t\t\t\t\t\t<\/div>\r\n\t\t\t<\/div>\r\n\t<\/article >\r\n\t<article class=\"post-301726 type-post format-standard has-post-thumbnail   listing-item listing-item-text listing-item-text-2 main-term-63918\">\r\n\t<div class=\"item-inner\">\r\n\t\t<h2 class=\"title\">\t\t<a href=\"https:\/\/ami.mr\/fr\/archives\/301726\" class=\"post-title post-url\">\r\n\t\t\tLe P\u00f4le de la Coalition de l\u2019opposition d\u00e9mocratique tient&hellip;\t\t<\/a>\r\n\t\t<\/h2>\t\t<div class=\"post-meta\">\r\n\r\n\t\t\t\t\t\t\t<span class=\"time\"><time class=\"post-published updated\"\r\n\t\t\t\t                         datetime=\"2026-09-02T16:15:40+00:00\">depuis 1 heure<\/time><\/span>\r\n\t\t\t\t\t\t<\/div>\r\n\t\t\t<\/div>\r\n\t<\/article >\r\n\t<article class=\"post-301707 type-post format-standard has-post-thumbnail   listing-item listing-item-text listing-item-text-2 main-term-63918\">\r\n\t<div class=\"item-inner\">\r\n\t\t<h2 class=\"title\">\t\t<a href=\"https:\/\/ami.mr\/fr\/archives\/301707\" class=\"post-title post-url\">\r\n\t\t\tLe ministre de la D\u00e9fense re\u00e7oit une d\u00e9l\u00e9gation militaire&hellip;\t\t<\/a>\r\n\t\t<\/h2>\t\t<div class=\"post-meta\">\r\n\r\n\t\t\t\t\t\t\t<span class=\"time\"><time class=\"post-published updated\"\r\n\t\t\t\t                         datetime=\"2026-09-02T13:03:16+00:00\">depuis 5 heures<\/time><\/span>\r\n\t\t\t\t\t\t<\/div>\r\n\t\t\t<\/div>\r\n\t<\/article >\r\n\t<article class=\"post-301673 type-post format-standard has-post-thumbnail   listing-item listing-item-text listing-item-text-2 main-term-63918\">\r\n\t<div class=\"item-inner\">\r\n\t\t<h2 class=\"title\">\t\t<a href=\"https:\/\/ami.mr\/fr\/archives\/301673\" class=\"post-title post-url\">\r\n\t\t\tLancement d&#8217;un championnat sportif pour juniors \u00e0 Ouad&hellip;\t\t<\/a>\r\n\t\t<\/h2>\t\t<div class=\"post-meta\">\r\n\r\n\t\t\t\t\t\t\t<span class=\"time\"><time class=\"post-published updated\"\r\n\t\t\t\t                         datetime=\"2026-09-01T10:06:05+00:00\">depuis 1 jour<\/time><\/span>\r\n\t\t\t\t\t\t<\/div>\r\n\t\t\t<\/div>\r\n\t<\/article >\r\n\t<\/div>\r\n\t\n\t<\/div>\t\t<div class=\"bs-pagination-wrapper main-term-63959 slider  bs-slider-item bs-items-3\">\r\n\t\t\t<div class=\"listing listing-text listing-text-2 clearfix columns-1\">\r\n\t\t<article class=\"post-301670 type-post format-standard has-post-thumbnail   listing-item listing-item-text listing-item-text-2 main-term-63918\">\r\n\t<div class=\"item-inner\">\r\n\t\t<h2 class=\"title\">\t\t<a href=\"https:\/\/ami.mr\/fr\/archives\/301670\" class=\"post-title post-url\">\r\n\t\t\tRetour \u00e0 Nouakchott du ministre de la D\u00e9fense\t\t<\/a>\r\n\t\t<\/h2>\t\t<div class=\"post-meta\">\r\n\r\n\t\t\t\t\t\t\t<span class=\"time\"><time class=\"post-published updated\"\r\n\t\t\t\t                         datetime=\"2026-09-01T09:52:32+00:00\">depuis 1 jour<\/time><\/span>\r\n\t\t\t\t\t\t<\/div>\r\n\t\t\t<\/div>\r\n\t<\/article >\r\n\t<article class=\"post-301635 type-post format-standard has-post-thumbnail   listing-item listing-item-text listing-item-text-2 main-term-63918\">\r\n\t<div class=\"item-inner\">\r\n\t\t<h2 class=\"title\">\t\t<a href=\"https:\/\/ami.mr\/fr\/archives\/301635\" class=\"post-title post-url\">\r\n\t\t\tAtelier consacr\u00e9 \u00e0 l\u2019examen des projets d\u2019accords de&hellip;\t\t<\/a>\r\n\t\t<\/h2>\t\t<div class=\"post-meta\">\r\n\r\n\t\t\t\t\t\t\t<span class=\"time\"><time class=\"post-published updated\"\r\n\t\t\t\t                         datetime=\"2026-08-31T12:45:28+00:00\">depuis 2 jours<\/time><\/span>\r\n\t\t\t\t\t\t<\/div>\r\n\t\t\t<\/div>\r\n\t<\/article >\r\n\t<article class=\"post-301619 type-post format-standard has-post-thumbnail   listing-item listing-item-text listing-item-text-2 main-term-63918\">\r\n\t<div class=\"item-inner\">\r\n\t\t<h2 class=\"title\">\t\t<a href=\"https:\/\/ami.mr\/fr\/archives\/301619\" class=\"post-title post-url\">\r\n\t\t\tCl\u00f4ture des activit\u00e9s la colonie nationale 2026 pour les&hellip;\t\t<\/a>\r\n\t\t<\/h2>\t\t<div class=\"post-meta\">\r\n\r\n\t\t\t\t\t\t\t<span class=\"time\"><time class=\"post-published updated\"\r\n\t\t\t\t                         datetime=\"2026-08-31T11:20:47+00:00\">depuis 2 jours<\/time><\/span>\r\n\t\t\t\t\t\t<\/div>\r\n\t\t\t<\/div>\r\n\t<\/article >\r\n\t<article class=\"post-301606 type-post format-standard has-post-thumbnail   listing-item listing-item-text listing-item-text-2 main-term-63957\">\r\n\t<div class=\"item-inner\">\r\n\t\t<h2 class=\"title\">\t\t<a href=\"https:\/\/ami.mr\/fr\/archives\/301606\" class=\"post-title post-url\">\r\n\t\t\tLe Pr\u00e9sident de la R\u00e9publique adresse ses condol\u00e9ances au&hellip;\t\t<\/a>\r\n\t\t<\/h2>\t\t<div class=\"post-meta\">\r\n\r\n\t\t\t\t\t\t\t<span class=\"time\"><time class=\"post-published updated\"\r\n\t\t\t\t                         datetime=\"2026-08-30T15:32:46+00:00\">depuis 3 jours<\/time><\/span>\r\n\t\t\t\t\t\t<\/div>\r\n\t\t\t<\/div>\r\n\t<\/article >\r\n\t<\/div>\r\n\t\n\t<\/div>\t\t<div class=\"bs-pagination-wrapper main-term-63959 slider  bs-slider-item bs-items-3\">\r\n\t\t\t<div class=\"listing listing-text listing-text-2 clearfix columns-1\">\r\n\t\t<article class=\"post-301595 type-post format-standard has-post-thumbnail   listing-item listing-item-text listing-item-text-2 main-term-63918\">\r\n\t<div class=\"item-inner\">\r\n\t\t<h2 class=\"title\">\t\t<a href=\"https:\/\/ami.mr\/fr\/archives\/301595\" class=\"post-title post-url\">\r\n\t\t\tYahya Ngam, ancien ambassadeur : &#8220;L\u2019\u00e9lection de M.&hellip;\t\t<\/a>\r\n\t\t<\/h2>\t\t<div class=\"post-meta\">\r\n\r\n\t\t\t\t\t\t\t<span class=\"time\"><time class=\"post-published updated\"\r\n\t\t\t\t                         datetime=\"2026-08-30T11:02:24+00:00\">depuis 3 jours<\/time><\/span>\r\n\t\t\t\t\t\t<\/div>\r\n\t\t\t<\/div>\r\n\t<\/article >\r\n\t<article class=\"post-301592 type-post format-standard has-post-thumbnail   listing-item listing-item-text listing-item-text-2 main-term-63957\">\r\n\t<div class=\"item-inner\">\r\n\t\t<h2 class=\"title\">\t\t<a href=\"https:\/\/ami.mr\/fr\/archives\/301592\" class=\"post-title post-url\">\r\n\t\t\tLe Pr\u00e9sident de la R\u00e9publique adresse ses f\u00e9licitations au&hellip;\t\t<\/a>\r\n\t\t<\/h2>\t\t<div class=\"post-meta\">\r\n\r\n\t\t\t\t\t\t\t<span class=\"time\"><time class=\"post-published updated\"\r\n\t\t\t\t                         datetime=\"2026-08-30T10:52:53+00:00\">depuis 3 jours<\/time><\/span>\r\n\t\t\t\t\t\t<\/div>\r\n\t\t\t<\/div>\r\n\t<\/article >\r\n\t<article class=\"post-301562 type-post format-standard has-post-thumbnail   listing-item listing-item-text listing-item-text-2 main-term-63918\">\r\n\t<div class=\"item-inner\">\r\n\t\t<h2 class=\"title\">\t\t<a href=\"https:\/\/ami.mr\/fr\/archives\/301562\" class=\"post-title post-url\">\r\n\t\t\tSidi Mohamed Hanena, ancien ambassadeur: &#8220;L\u2019\u00e9lection&hellip;\t\t<\/a>\r\n\t\t<\/h2>\t\t<div class=\"post-meta\">\r\n\r\n\t\t\t\t\t\t\t<span class=\"time\"><time class=\"post-published updated\"\r\n\t\t\t\t                         datetime=\"2026-08-29T12:51:29+00:00\">depuis 4 jours<\/time><\/span>\r\n\t\t\t\t\t\t<\/div>\r\n\t\t\t<\/div>\r\n\t<\/article >\r\n\t<article class=\"post-301556 type-post format-standard has-post-thumbnail   listing-item listing-item-text listing-item-text-2 main-term-63918\">\r\n\t<div class=\"item-inner\">\r\n\t\t<h2 class=\"title\">\t\t<a href=\"https:\/\/ami.mr\/fr\/archives\/301556\" class=\"post-title post-url\">\r\n\t\t\tBilal Ould Werzeg, ancien ambassadeur : &#8220;Le consensus&hellip;\t\t<\/a>\r\n\t\t<\/h2>\t\t<div class=\"post-meta\">\r\n\r\n\t\t\t\t\t\t\t<span class=\"time\"><time class=\"post-published updated\"\r\n\t\t\t\t                         datetime=\"2026-08-29T11:52:46+00:00\">depuis 4 jours<\/time><\/span>\r\n\t\t\t\t\t\t<\/div>\r\n\t\t\t<\/div>\r\n\t<\/article >\r\n\t<\/div>\r\n\t\n\t<\/div><div class=\"bs-slider-controls main-term-63959\"><div class=\"bs-control-nav  bs-control-nav-style-1\"><\/div><\/div><\/div><\/div>[\/vc_column][vc_column width=&#8221;3\/4&#8243;]<div class=\" bs-listing bs-listing-slider-1 bs-listing-single-tab\">\t<div class=\"bs-shortcode bs-slider bs-slider-1 clearfix  l-1\">\r\n\r\n\t\t<div class=\"better-slider\" id=\"slider-683166618\"\r\n\t\t     data-slideshowSpeed=\"7000\"\r\n\t\t     data-animation=\"slide\"\r\n\t\t     data-controlNav=\"1\"\r\n\t\t     data-animationSpeed=\"600\">\r\n\t\t\t<ul class=\"slides\">\r\n\t\t\t\t\t\t\t\t\t<li class=\"slide bs-slider-item bs-slider-1-item main-term-63920 has-post-thumbnail\">\r\n\t\t\t\t\t\t<div class=\"item-content\">\r\n\r\n\t\t\t\t\t\t\t<a class=\"img-cont\" href=\"https:\/\/ami.mr\/fr\/archives\/301729\"\r\n\t\t\t\t\t\t\t   style=\"background-image: url('https:\/\/ami.mr\/fr\/wp-content\/uploads\/2026\/09\/\u0627\u0644\u0639\u0642\u0627\u0631\u0627\u062a.jpg')\"><\/a>\r\n\t\t\t\t\t\t\t\t\t\t\t\t\t\t<div class=\"content-container\">\r\n\t\t\t\t\t\t\t\t<h3 class=\"title\">\t\t\t\t\t\t\t\t<a class=\"post-url post-title\" href=\"https:\/\/ami.mr\/fr\/archives\/301729\">\r\n\t\t\t\t\t\t\t\t\tAppel aux propri\u00e9taires fonciers ruraux de Nouakchott pour Inscrire leurs&hellip;\t\t\t\t\t\t\t\t<\/a>\r\n\t\t\t\t\t\t\t\t<\/h3>\t\t\t\t\t\t\t<\/div>\r\n\t\t\t\t\t\t<\/div>\r\n\t\t\t\t\t<\/li>\r\n\t\t\t\t\t\t\t\t\t\t<li class=\"slide bs-slider-item bs-slider-1-item main-term-63918 has-post-thumbnail\">\r\n\t\t\t\t\t\t<div class=\"item-content\">\r\n\r\n\t\t\t\t\t\t\t<a class=\"img-cont\" href=\"https:\/\/ami.mr\/fr\/archives\/301726\"\r\n\t\t\t\t\t\t\t   style=\"background-image: url('https:\/\/ami.mr\/fr\/wp-content\/uploads\/2026\/09\/02-09-2026-008-1130x580.jpg')\"><\/a>\r\n\t\t\t\t\t\t\t\t\t\t\t\t\t\t<div class=\"content-container\">\r\n\t\t\t\t\t\t\t\t<h3 class=\"title\">\t\t\t\t\t\t\t\t<a class=\"post-url post-title\" href=\"https:\/\/ami.mr\/fr\/archives\/301726\">\r\n\t\t\t\t\t\t\t\t\tLe P\u00f4le de la Coalition de l\u2019opposition d\u00e9mocratique tient une conf\u00e9rence de&hellip;\t\t\t\t\t\t\t\t<\/a>\r\n\t\t\t\t\t\t\t\t<\/h3>\t\t\t\t\t\t\t<\/div>\r\n\t\t\t\t\t\t<\/div>\r\n\t\t\t\t\t<\/li>\r\n\t\t\t\t\t\t\t\t\t\t<li class=\"slide bs-slider-item bs-slider-1-item main-term-63957 has-post-thumbnail\">\r\n\t\t\t\t\t\t<div class=\"item-content\">\r\n\r\n\t\t\t\t\t\t\t<a class=\"img-cont\" href=\"https:\/\/ami.mr\/fr\/archives\/301606\"\r\n\t\t\t\t\t\t\t   style=\"background-image: url('https:\/\/ami.mr\/fr\/wp-content\/uploads\/2026\/08\/\u062a\u063a\u0631\u064a\u062f\u0629-\u0627\u0644\u0631\u0626\u064a\u0633.gif')\"><\/a>\r\n\t\t\t\t\t\t\t\t\t\t\t\t\t\t<div class=\"content-container\">\r\n\t\t\t\t\t\t\t\t<h3 class=\"title\">\t\t\t\t\t\t\t\t<a class=\"post-url post-title\" href=\"https:\/\/ami.mr\/fr\/archives\/301606\">\r\n\t\t\t\t\t\t\t\t\tLe Pr\u00e9sident de la R\u00e9publique adresse ses condol\u00e9ances au Roi de Norv\u00e8ge suite&hellip;\t\t\t\t\t\t\t\t<\/a>\r\n\t\t\t\t\t\t\t\t<\/h3>\t\t\t\t\t\t\t<\/div>\r\n\t\t\t\t\t\t<\/div>\r\n\t\t\t\t\t<\/li>\r\n\t\t\t\t\t\t\t\t\t\t<li class=\"slide bs-slider-item bs-slider-1-item main-term-63957 has-post-thumbnail\">\r\n\t\t\t\t\t\t<div class=\"item-content\">\r\n\r\n\t\t\t\t\t\t\t<a class=\"img-cont\" href=\"https:\/\/ami.mr\/fr\/archives\/301592\"\r\n\t\t\t\t\t\t\t   style=\"background-image: url('https:\/\/ami.mr\/fr\/wp-content\/uploads\/2026\/08\/30-08-2026-002.jpg')\"><\/a>\r\n\t\t\t\t\t\t\t\t\t\t\t\t\t\t<div class=\"content-container\">\r\n\t\t\t\t\t\t\t\t<h3 class=\"title\">\t\t\t\t\t\t\t\t<a class=\"post-url post-title\" href=\"https:\/\/ami.mr\/fr\/archives\/301592\">\r\n\t\t\t\t\t\t\t\t\tLe Pr\u00e9sident de la R\u00e9publique adresse ses f\u00e9licitations au Roi de Malaisie\t\t\t\t\t\t\t\t<\/a>\r\n\t\t\t\t\t\t\t\t<\/h3>\t\t\t\t\t\t\t<\/div>\r\n\t\t\t\t\t\t<\/div>\r\n\t\t\t\t\t<\/li>\r\n\t\t\t\t\t\t\t\t\t\t<li class=\"slide bs-slider-item bs-slider-1-item main-term-63957 has-post-thumbnail\">\r\n\t\t\t\t\t\t<div class=\"item-content\">\r\n\r\n\t\t\t\t\t\t\t<a class=\"img-cont\" href=\"https:\/\/ami.mr\/fr\/archives\/301527\"\r\n\t\t\t\t\t\t\t   style=\"background-image: url('https:\/\/ami.mr\/fr\/wp-content\/uploads\/2026\/08\/28-08-2026-002.jpg')\"><\/a>\r\n\t\t\t\t\t\t\t\t\t\t\t\t\t\t<div class=\"content-container\">\r\n\t\t\t\t\t\t\t\t<h3 class=\"title\">\t\t\t\t\t\t\t\t<a class=\"post-url post-title\" href=\"https:\/\/ami.mr\/fr\/archives\/301527\">\r\n\t\t\t\t\t\t\t\t\tLe Pr\u00e9sident de la R\u00e9publique entame ses vacances annuelles\t\t\t\t\t\t\t\t<\/a>\r\n\t\t\t\t\t\t\t\t<\/h3>\t\t\t\t\t\t\t<\/div>\r\n\t\t\t\t\t\t<\/div>\r\n\t\t\t\t\t<\/li>\r\n\t\t\t\t\t\t\t\t\t\t<li class=\"slide bs-slider-item bs-slider-1-item main-term-63919 has-post-thumbnail\">\r\n\t\t\t\t\t\t<div class=\"item-content\">\r\n\r\n\t\t\t\t\t\t\t<a class=\"img-cont\" href=\"https:\/\/ami.mr\/fr\/archives\/301517\"\r\n\t\t\t\t\t\t\t   style=\"background-image: url('https:\/\/ami.mr\/fr\/wp-content\/uploads\/2026\/08\/04-07-2025-56.jpeg')\"><\/a>\r\n\t\t\t\t\t\t\t\t\t\t\t\t\t\t<div class=\"content-container\">\r\n\t\t\t\t\t\t\t\t<h3 class=\"title\">\t\t\t\t\t\t\t\t<a class=\"post-url post-title\" href=\"https:\/\/ami.mr\/fr\/archives\/301517\">\r\n\t\t\t\t\t\t\t\t\tLe Pr\u00e9sident de la R\u00e9publique adresse ses condol\u00e9ances \u00e0 son homologue alg\u00e9rien&hellip;\t\t\t\t\t\t\t\t<\/a>\r\n\t\t\t\t\t\t\t\t<\/h3>\t\t\t\t\t\t\t<\/div>\r\n\t\t\t\t\t\t<\/div>\r\n\t\t\t\t\t<\/li>\r\n\t\t\t\t\t\t\t\t\t\t<li class=\"slide bs-slider-item bs-slider-1-item main-term-63957 has-post-thumbnail\">\r\n\t\t\t\t\t\t<div class=\"item-content\">\r\n\r\n\t\t\t\t\t\t\t<a class=\"img-cont\" href=\"https:\/\/ami.mr\/fr\/archives\/301506\"\r\n\t\t\t\t\t\t\t   style=\"background-image: url('https:\/\/ami.mr\/fr\/wp-content\/uploads\/2026\/08\/2708-2026-014-1130x580.jpg')\"><\/a>\r\n\t\t\t\t\t\t\t\t\t\t\t\t\t\t<div class=\"content-container\">\r\n\t\t\t\t\t\t\t\t<h3 class=\"title\">\t\t\t\t\t\t\t\t<a class=\"post-url post-title\" href=\"https:\/\/ami.mr\/fr\/archives\/301506\">\r\n\t\t\t\t\t\t\t\t\tLe porte-parole du gouvernement salue l\u2019\u00e9lection du Mauritanien Ismail Ould&hellip;\t\t\t\t\t\t\t\t<\/a>\r\n\t\t\t\t\t\t\t\t<\/h3>\t\t\t\t\t\t\t<\/div>\r\n\t\t\t\t\t\t<\/div>\r\n\t\t\t\t\t<\/li>\r\n\t\t\t\t\t\t\t\t\t\t<li class=\"slide bs-slider-item bs-slider-1-item main-term-63957 has-post-thumbnail\">\r\n\t\t\t\t\t\t<div class=\"item-content\">\r\n\r\n\t\t\t\t\t\t\t<a class=\"img-cont\" href=\"https:\/\/ami.mr\/fr\/archives\/301493\"\r\n\t\t\t\t\t\t\t   style=\"background-image: url('https:\/\/ami.mr\/fr\/wp-content\/uploads\/2026\/08\/27-08-2026-013-1130x580.jpg')\"><\/a>\r\n\t\t\t\t\t\t\t\t\t\t\t\t\t\t<div class=\"content-container\">\r\n\t\t\t\t\t\t\t\t<h3 class=\"title\">\t\t\t\t\t\t\t\t<a class=\"post-url post-title\" href=\"https:\/\/ami.mr\/fr\/archives\/301493\">\r\n\t\t\t\t\t\t\t\t\tLe Conseil des ministres f\u00e9licite le Pr\u00e9sident de la R\u00e9publique pour la victoire&hellip;\t\t\t\t\t\t\t\t<\/a>\r\n\t\t\t\t\t\t\t\t<\/h3>\t\t\t\t\t\t\t<\/div>\r\n\t\t\t\t\t\t<\/div>\r\n\t\t\t\t\t<\/li>\r\n\t\t\t\t\t\t\t\t<\/ul>\r\n\t\t<\/div>\r\n\t<\/div>\r\n<\/div>[\/vc_column][\/vc_row][vc_row][vc_column width=&#8221;1\/4&#8243;]<div class=\" bs-listing bs-listing-listing-thumbnail-1 bs-listing-single-tab\">\t\t<h3 class=\"section-heading sh-t6 sh-s10 main-term-none\">\r\n\r\n\t\t\r\n\t\t\t\t\t\t\t<span class=\"h-text main-term-none main-link\">\r\n\t\t\t\t\t\tLes plus lus\t\t\t\t\t<\/span>\r\n\t\t\t\r\n\t\t\r\n\t\t<\/h3>\r\n\t\t\t<div class=\"listing listing-thumbnail listing-tb-1 clearfix columns-1\">\r\n\t\t<\/div>\r\n\t<\/div>[\/vc_column][vc_column width=&#8221;3\/4&#8243;]<div class=\" bs-listing bs-listing-listing-mix-2-2 bs-listing-single-tab pagination-animate\">\t\t<div class=\"bs-pagination-wrapper main-term-63959 more_btn bs-slider-first-item\">\r\n\t\t\t<div class=\"listing listing-mix-2-2 clearfix \">\r\n\t\t<div class=\"item-inner\">\r\n\t\t\t<div class=\"row\">\r\n\t\t\t\t<div class=\"col-lg-12\">\r\n\t\t\t\t\t\t\t\t\t\t\t<div class=\"listing listing-grid-1 clearfix columns-2\">\r\n\t\t\t\t\t\t\t\t<article class=\"post-301729 type-post format-standard has-post-thumbnail   listing-item listing-item-grid listing-item-grid-1 main-term-63920\">\r\n\t<div class=\"item-inner\">\r\n\t\t\t\t\t<div class=\"featured clearfix\">\r\n\t\t\t\t\t\t\t\t<a  title=\"Appel aux propri\u00e9taires fonciers ruraux de Nouakchott pour Inscrire leurs dossiers\" data-src=\"https:\/\/ami.mr\/fr\/wp-content\/uploads\/2026\/09\/\u0627\u0644\u0639\u0642\u0627\u0631\u0627\u062a-357x210.jpg\" data-bs-srcset=\"{&quot;baseurl&quot;:&quot;https:\\\/\\\/ami.mr\\\/fr\\\/wp-content\\\/uploads\\\/2026\\\/09\\\/&quot;,&quot;sizes&quot;:{&quot;210&quot;:&quot;\\u0627\\u0644\\u0639\\u0642\\u0627\\u0631\\u0627\\u062a-210x136.jpg&quot;,&quot;279&quot;:&quot;\\u0627\\u0644\\u0639\\u0642\\u0627\\u0631\\u0627\\u062a-279x220.jpg&quot;,&quot;357&quot;:&quot;\\u0627\\u0644\\u0639\\u0642\\u0627\\u0631\\u0627\\u062a-357x210.jpg&quot;,&quot;750&quot;:&quot;\\u0627\\u0644\\u0639\\u0642\\u0627\\u0631\\u0627\\u062a.jpg&quot;}}\"\t\t\t\t\t\tclass=\"img-holder\" href=\"https:\/\/ami.mr\/fr\/archives\/301729\"><\/a>\r\n\r\n\t\t\t\t\t\t\t<\/div>\r\n\t\t<h2 class=\"title\">\t\t<a href=\"https:\/\/ami.mr\/fr\/archives\/301729\" class=\"post-title post-url\">\r\n\t\t\tAppel aux propri\u00e9taires fonciers ruraux de Nouakchott pour Inscrire leurs dossiers\t\t<\/a>\r\n\t\t<\/h2>\t\t<div class=\"post-meta\">\r\n\r\n\t\t\t\t\t\t\t<span class=\"time\"><time class=\"post-published updated\"\r\n\t\t\t\t                         datetime=\"2026-09-02T17:18:25+00:00\">depuis 22 minutes<\/time><\/span>\r\n\t\t\t\t\t\t<\/div>\r\n\t\t\t\t\t<div class=\"post-summary\">\r\n\t\t\t\tLe comit\u00e9 technique charg\u00e9 du fichier d'attribution des terrains ruraux et des parcelles conc\u00e9d\u00e9es aux promoteurs&hellip;\t\t\t<\/div>\r\n\t\t\t<\/div>\r\n\t<\/article >\r\n\t<article class=\"post-301726 type-post format-standard has-post-thumbnail   listing-item listing-item-grid listing-item-grid-1 main-term-63918\">\r\n\t<div class=\"item-inner\">\r\n\t\t\t\t\t<div class=\"featured clearfix\">\r\n\t\t\t\t\t\t\t\t<a  title=\"Le P\u00f4le de la Coalition de l\u2019opposition d\u00e9mocratique tient une conf\u00e9rence de presse \u00e0 Nouakchott\" data-src=\"https:\/\/ami.mr\/fr\/wp-content\/uploads\/2026\/09\/02-09-2026-008-357x210.jpg\" data-bs-srcset=\"{&quot;baseurl&quot;:&quot;https:\\\/\\\/ami.mr\\\/fr\\\/wp-content\\\/uploads\\\/2026\\\/09\\\/&quot;,&quot;sizes&quot;:{&quot;210&quot;:&quot;02-09-2026-008-210x136.jpg&quot;,&quot;279&quot;:&quot;02-09-2026-008-279x220.jpg&quot;,&quot;357&quot;:&quot;02-09-2026-008-357x210.jpg&quot;,&quot;750&quot;:&quot;02-09-2026-008-750x430.jpg&quot;,&quot;1400&quot;:&quot;02-09-2026-008.jpg&quot;}}\"\t\t\t\t\t\tclass=\"img-holder\" href=\"https:\/\/ami.mr\/fr\/archives\/301726\"><\/a>\r\n\r\n\t\t\t\t\t\t\t<\/div>\r\n\t\t<h2 class=\"title\">\t\t<a href=\"https:\/\/ami.mr\/fr\/archives\/301726\" class=\"post-title post-url\">\r\n\t\t\tLe P\u00f4le de la Coalition de l\u2019opposition d\u00e9mocratique tient une conf\u00e9rence de&hellip;\t\t<\/a>\r\n\t\t<\/h2>\t\t<div class=\"post-meta\">\r\n\r\n\t\t\t\t\t\t\t<span class=\"time\"><time class=\"post-published updated\"\r\n\t\t\t\t                         datetime=\"2026-09-02T16:15:40+00:00\">depuis 1 heure<\/time><\/span>\r\n\t\t\t\t\t\t<\/div>\r\n\t\t\t\t\t<div class=\"post-summary\">\r\n\t\t\t\tLe P\u00f4le de la Coalition de l\u2019opposition d\u00e9mocratique a tenu, mercredi \u00e0 Nouakchott, une conf\u00e9rence de presse au&hellip;\t\t\t<\/div>\r\n\t\t\t<\/div>\r\n\t<\/article >\r\n\t\t\t\t\t\t<\/div>\r\n\t\t\t\t\t\t\t\t\t\t<\/div>\r\n\t\t\t<\/div>\r\n\t\t\t<div class=\"row\">\r\n\t\t\t\t<div class=\"col-lg-12\">\r\n\t\t\t\t\t\t<div class=\"listing listing-text listing-text-2 clearfix columns-2\">\r\n\t\t<article class=\"post-301707 type-post format-standard has-post-thumbnail   listing-item listing-item-text listing-item-text-2 main-term-63918\">\r\n\t<div class=\"item-inner\">\r\n\t\t<h2 class=\"title\">\t\t<a href=\"https:\/\/ami.mr\/fr\/archives\/301707\" class=\"post-title post-url\">\r\n\t\t\tLe ministre de la D\u00e9fense re\u00e7oit une d\u00e9l\u00e9gation militaire libyenne\t\t<\/a>\r\n\t\t<\/h2>\t\t<div class=\"post-meta\">\r\n\r\n\t\t\t\t\t\t\t<span class=\"time\"><time class=\"post-published updated\"\r\n\t\t\t\t                         datetime=\"2026-09-02T13:03:16+00:00\">depuis 5 heures<\/time><\/span>\r\n\t\t\t\t\t\t<\/div>\r\n\t\t\t\t\t<div class=\"post-summary\">\r\n\t\t\t\tLe ministre de la D\u00e9fense et des Affaires des retrait\u00e9s et des Enfants des martyrs, M. Hanena Ould Sidi, a re\u00e7u,&hellip;\t\t\t<\/div>\r\n\t\t\t\t<\/div>\r\n\t<\/article >\r\n\t<article class=\"post-301673 type-post format-standard has-post-thumbnail   listing-item listing-item-text listing-item-text-2 main-term-63918\">\r\n\t<div class=\"item-inner\">\r\n\t\t<h2 class=\"title\">\t\t<a href=\"https:\/\/ami.mr\/fr\/archives\/301673\" class=\"post-title post-url\">\r\n\t\t\tLancement d&#8217;un championnat sportif pour juniors \u00e0 Ouad Naga\t\t<\/a>\r\n\t\t<\/h2>\t\t<div class=\"post-meta\">\r\n\r\n\t\t\t\t\t\t\t<span class=\"time\"><time class=\"post-published updated\"\r\n\t\t\t\t                         datetime=\"2026-09-01T10:06:05+00:00\">depuis 1 jour<\/time><\/span>\r\n\t\t\t\t\t\t<\/div>\r\n\t\t\t\t\t<div class=\"post-summary\">\r\n\t\t\t\tUn championnat sportif d\u00e9di\u00e9 \u00e0 la cat\u00e9gorie des juniors a \u00e9t\u00e9 lanc\u00e9 lundi soir, dans la ville de Ouad Naga, sous la&hellip;\t\t\t<\/div>\r\n\t\t\t\t<\/div>\r\n\t<\/article >\r\n\t<article class=\"post-301670 type-post format-standard has-post-thumbnail   listing-item listing-item-text listing-item-text-2 main-term-63918\">\r\n\t<div class=\"item-inner\">\r\n\t\t<h2 class=\"title\">\t\t<a href=\"https:\/\/ami.mr\/fr\/archives\/301670\" class=\"post-title post-url\">\r\n\t\t\tRetour \u00e0 Nouakchott du ministre de la D\u00e9fense\t\t<\/a>\r\n\t\t<\/h2>\t\t<div class=\"post-meta\">\r\n\r\n\t\t\t\t\t\t\t<span class=\"time\"><time class=\"post-published updated\"\r\n\t\t\t\t                         datetime=\"2026-09-01T09:52:32+00:00\">depuis 1 jour<\/time><\/span>\r\n\t\t\t\t\t\t<\/div>\r\n\t\t\t\t\t<div class=\"post-summary\">\r\n\t\t\t\tLe ministre de la D\u00e9fense, des Retrait\u00e9s et des Enfants des Martyrs, M. Hanena Ould Sidi, a regagn\u00e9 Nouakchott&hellip;\t\t\t<\/div>\r\n\t\t\t\t<\/div>\r\n\t<\/article >\r\n\t<article class=\"post-301635 type-post format-standard has-post-thumbnail   listing-item listing-item-text listing-item-text-2 main-term-63918\">\r\n\t<div class=\"item-inner\">\r\n\t\t<h2 class=\"title\">\t\t<a href=\"https:\/\/ami.mr\/fr\/archives\/301635\" class=\"post-title post-url\">\r\n\t\t\tAtelier consacr\u00e9 \u00e0 l\u2019examen des projets d\u2019accords de coop\u00e9ration&hellip;\t\t<\/a>\r\n\t\t<\/h2>\t\t<div class=\"post-meta\">\r\n\r\n\t\t\t\t\t\t\t<span class=\"time\"><time class=\"post-published updated\"\r\n\t\t\t\t                         datetime=\"2026-08-31T12:45:28+00:00\">depuis 2 jours<\/time><\/span>\r\n\t\t\t\t\t\t<\/div>\r\n\t\t\t\t\t<div class=\"post-summary\">\r\n\t\t\t\tLe minist\u00e8re de la Justice a organis\u00e9, ce lundi \u00e0 Nouakchott, un atelier consacr\u00e9 \u00e0 l\u2019examen et \u00e0 la mise au point&hellip;\t\t\t<\/div>\r\n\t\t\t\t<\/div>\r\n\t<\/article >\r\n\t<article class=\"post-301619 type-post format-standard has-post-thumbnail   listing-item listing-item-text listing-item-text-2 main-term-63918\">\r\n\t<div class=\"item-inner\">\r\n\t\t<h2 class=\"title\">\t\t<a href=\"https:\/\/ami.mr\/fr\/archives\/301619\" class=\"post-title post-url\">\r\n\t\t\tCl\u00f4ture des activit\u00e9s la colonie nationale 2026 pour les jeunes&hellip;\t\t<\/a>\r\n\t\t<\/h2>\t\t<div class=\"post-meta\">\r\n\r\n\t\t\t\t\t\t\t<span class=\"time\"><time class=\"post-published updated\"\r\n\t\t\t\t                         datetime=\"2026-08-31T11:20:47+00:00\">depuis 2 jours<\/time><\/span>\r\n\t\t\t\t\t\t<\/div>\r\n\t\t\t\t\t<div class=\"post-summary\">\r\n\t\t\t\tLe secr\u00e9taire g\u00e9n\u00e9ral du minist\u00e8re du Minist\u00e8re de l'Autonomisation des Jeunes, de l'Emploi, des Sports et du&hellip;\t\t\t<\/div>\r\n\t\t\t\t<\/div>\r\n\t<\/article >\r\n\t<article class=\"post-301606 type-post format-standard has-post-thumbnail   listing-item listing-item-text listing-item-text-2 main-term-63957\">\r\n\t<div class=\"item-inner\">\r\n\t\t<h2 class=\"title\">\t\t<a href=\"https:\/\/ami.mr\/fr\/archives\/301606\" class=\"post-title post-url\">\r\n\t\t\tLe Pr\u00e9sident de la R\u00e9publique adresse ses condol\u00e9ances au Roi de&hellip;\t\t<\/a>\r\n\t\t<\/h2>\t\t<div class=\"post-meta\">\r\n\r\n\t\t\t\t\t\t\t<span class=\"time\"><time class=\"post-published updated\"\r\n\t\t\t\t                         datetime=\"2026-08-30T15:32:46+00:00\">depuis 3 jours<\/time><\/span>\r\n\t\t\t\t\t\t<\/div>\r\n\t\t\t\t\t<div class=\"post-summary\">\r\n\t\t\t\tSon Excellence le Pr\u00e9sident de la R\u00e9publique, M. Mohamed Ould Cheikh El Ghazouani, a adress\u00e9 ses sinc\u00e8res&hellip;\t\t\t<\/div>\r\n\t\t\t\t<\/div>\r\n\t<\/article >\r\n\t<article class=\"post-301595 type-post format-standard has-post-thumbnail   listing-item listing-item-text listing-item-text-2 main-term-63918\">\r\n\t<div class=\"item-inner\">\r\n\t\t<h2 class=\"title\">\t\t<a href=\"https:\/\/ami.mr\/fr\/archives\/301595\" class=\"post-title post-url\">\r\n\t\t\tYahya Ngam, ancien ambassadeur : &#8220;L\u2019\u00e9lection de M. Isma\u00efl Ould&hellip;\t\t<\/a>\r\n\t\t<\/h2>\t\t<div class=\"post-meta\">\r\n\r\n\t\t\t\t\t\t\t<span class=\"time\"><time class=\"post-published updated\"\r\n\t\t\t\t                         datetime=\"2026-08-30T11:02:24+00:00\">depuis 3 jours<\/time><\/span>\r\n\t\t\t\t\t\t<\/div>\r\n\t\t\t\t\t<div class=\"post-summary\">\r\n\t\t\t\tL\u2019\u00e9lection \u00e0 l\u2019unanimit\u00e9 du diplomate mauritanien et ancien ministre des Affaires M. Isma\u00efl Ould Cheikh Ahmed, au&hellip;\t\t\t<\/div>\r\n\t\t\t\t<\/div>\r\n\t<\/article >\r\n\t<article class=\"post-301592 type-post format-standard has-post-thumbnail   listing-item listing-item-text listing-item-text-2 main-term-63957\">\r\n\t<div class=\"item-inner\">\r\n\t\t<h2 class=\"title\">\t\t<a href=\"https:\/\/ami.mr\/fr\/archives\/301592\" class=\"post-title post-url\">\r\n\t\t\tLe Pr\u00e9sident de la R\u00e9publique adresse ses f\u00e9licitations au Roi de&hellip;\t\t<\/a>\r\n\t\t<\/h2>\t\t<div class=\"post-meta\">\r\n\r\n\t\t\t\t\t\t\t<span class=\"time\"><time class=\"post-published updated\"\r\n\t\t\t\t                         datetime=\"2026-08-30T10:52:53+00:00\">depuis 3 jours<\/time><\/span>\r\n\t\t\t\t\t\t<\/div>\r\n\t\t\t\t\t<div class=\"post-summary\">\r\n\t\t\t\tSon Excellence le Pr\u00e9sident de la R\u00e9publique, M. Mohamed Ould Cheikh El Ghazouani, a adress\u00e9, ce dimanche, un&hellip;\t\t\t<\/div>\r\n\t\t\t\t<\/div>\r\n\t<\/article >\r\n\t<\/div>\r\n\t\t\t\t\t<\/div>\r\n\t\t\t<\/div>\r\n\t\t<\/div>\r\n\t<\/div>\r\n\n\t<\/div><div class=\"bs-pagination bs-ajax-pagination more_btn main-term-63959 clearfix\">\r\n\t\t\t<script>var bs_ajax_paginate_1695472179 = '{\"query\":{\"category\":\"63959\",\"tag\":\"\",\"taxonomy\":\"\",\"post_ids\":\"\",\"post_type\":\"\",\"count\":\"10\",\"order_by\":\"date\",\"order\":\"DESC\",\"time_filter\":\"\",\"offset\":\"\",\"style\":\"listing-mix-2-2\",\"cats-tags-condition\":\"and\",\"cats-condition\":\"in\",\"tags-condition\":\"in\",\"featured_image\":\"1\",\"ignore_sticky_posts\":\"1\",\"author_ids\":\"\",\"disable_duplicate\":\"0\",\"ad-active\":0,\"paginate\":\"more_btn\",\"pagination-show-label\":\"0\",\"listing-settings\":{\"big-title-limit\":\"82\",\"big-excerpt\":\"1\",\"big-excerpt-limit\":\"115\",\"big-subtitle\":\"0\",\"big-subtitle-limit\":\"0\",\"big-subtitle-location\":\"before-meta\",\"big-format-icon\":\"0\",\"big-term-badge\":\"0\",\"big-term-badge-count\":\"1\",\"big-term-badge-tax\":\"category\",\"big-meta\":{\"show\":\"1\",\"author\":\"0\",\"date\":\"1\",\"date-format\":\"readable\",\"view\":\"0\",\"share\":\"0\",\"comment\":\"0\",\"review\":\"0\"},\"small-title-limit\":\"70\",\"small-subtitle\":\"0\",\"small-subtitle-limit\":\"0\",\"small-subtitle-location\":\"before-meta\",\"small-meta\":{\"show\":\"1\",\"author\":\"0\",\"date\":\"1\",\"date-format\":\"readable\",\"view\":\"0\",\"share\":\"0\",\"comment\":\"0\",\"review\":\"0\"}},\"override-listing-settings\":\"1\",\"_layout\":{\"state\":\"1|1|0\",\"page\":\"2-col-right\"}},\"type\":\"bs_post_listing\",\"view\":\"Publisher_Mix_Listing_2_2_Shortcode\",\"current_page\":1,\"ajax_url\":\"\\\/fr\\\/wp-admin\\\/admin-ajax.php\",\"remove_duplicates\":\"0\",\"query-main-term\":\"63959\",\"paginate\":\"more_btn\",\"pagination-show-label\":\"0\",\"override-listing-settings\":\"1\",\"listing-settings\":{\"big-title-limit\":\"82\",\"big-excerpt\":\"1\",\"big-excerpt-limit\":\"115\",\"big-subtitle\":\"0\",\"big-subtitle-limit\":\"0\",\"big-subtitle-location\":\"before-meta\",\"big-format-icon\":\"0\",\"big-term-badge\":\"0\",\"big-term-badge-count\":\"1\",\"big-term-badge-tax\":\"category\",\"big-meta\":{\"show\":\"1\",\"author\":\"0\",\"date\":\"1\",\"date-format\":\"readable\",\"view\":\"0\",\"share\":\"0\",\"comment\":\"0\",\"review\":\"0\"},\"small-title-limit\":\"70\",\"small-subtitle\":\"0\",\"small-subtitle-limit\":\"0\",\"small-subtitle-location\":\"before-meta\",\"small-meta\":{\"show\":\"1\",\"author\":\"0\",\"date\":\"1\",\"date-format\":\"readable\",\"view\":\"0\",\"share\":\"0\",\"comment\":\"0\",\"review\":\"0\"}},\"ad-active\":false,\"_layout\":{\"state\":\"1|1|0\",\"page\":\"2-col-right\"},\"_bs_pagin_token\":\"fd4b1ff\",\"data\":{\"vars\":{\"post-ranking-offset\":4}}}';<\/script>\t\t\t\t<a  rel=\"next\" class=\"btn-bs-pagination\" data-id=\"1695472179\"\r\n\t\t\t\t   title=\"Plus...\">\r\n\t\t\t<span class=\"loading\" style=\"display: none;\">\r\n\t\t\t\t<i class=\"fa fa-refresh fa-spin fa-fw\"><\/i>\r\n\t\t\t<\/span>\r\n\t\t\t\t\t<span class=\"loading\" style=\"display: none;\">\r\n\t\t\t\tChargement ...\t\t\t<\/span>\r\n\r\n\t\t\t\t\t<span class=\"loaded txt\">\r\n\t\t\t\tPlus...\t\t\t<\/span>\r\n\r\n\t\t\t\t\t<span class=\"loaded icon\">\r\n\t\t\t\t<i class=\"fa fa-angle-down\" aria-hidden=\"true\"><\/i>\r\n\t\t\t<\/span>\r\n\r\n\t\t\t\t\t<span class=\"no-more\" style=\"display: none;\">\r\n\t\t\t\tPas de nouveaux messages \r\n\t\t\t<\/span>\r\n\r\n\t\t\t\t<\/a>\r\n\r\n\t\t\t\t<\/div><\/div>[\/vc_column][\/vc_row]<\/p>\n","protected":false},"excerpt":{"rendered":"<p>[vc_row][vc_column width=&#8221;1\/4&#8243;][\/vc_column][vc_column width=&#8221;3\/4&#8243;][\/vc_column][\/vc_row][vc_row][vc_column width=&#8221;1\/4&#8243;][\/vc_column][vc_column width=&#8221;3\/4&#8243;][\/vc_column][\/vc_row]<\/p>\n","protected":false},"author":1,"featured_media":0,"parent":0,"menu_order":0,"comment_status":"closed","ping_status":"closed","template":"","meta":{"footnotes":""},"class_list":["post-94573","page","type-page","status-publish","hentry"],"_links":{"self":[{"href":"https:\/\/ami.mr\/fr\/wp-json\/wp\/v2\/pages\/94573","targetHints":{"allow":["GET"]}}],"collection":[{"href":"https:\/\/ami.mr\/fr\/wp-json\/wp\/v2\/pages"}],"about":[{"href":"https:\/\/ami.mr\/fr\/wp-json\/wp\/v2\/types\/page"}],"author":[{"embeddable":true,"href":"https:\/\/ami.mr\/fr\/wp-json\/wp\/v2\/users\/1"}],"replies":[{"embeddable":true,"href":"https:\/\/ami.mr\/fr\/wp-json\/wp\/v2\/comments?post=94573"}],"version-history":[{"count":10,"href":"https:\/\/ami.mr\/fr\/wp-json\/wp\/v2\/pages\/94573\/revisions"}],"predecessor-version":[{"id":236554,"href":"https:\/\/ami.mr\/fr\/wp-json\/wp\/v2\/pages\/94573\/revisions\/236554"}],"wp:attachment":[{"href":"https:\/\/ami.mr\/fr\/wp-json\/wp\/v2\/media?parent=94573"}],"curies":[{"name":"wp","href":"https:\/\/api.w.org\/{rel}","templated":true}]}}