{"id":251670,"date":"2024-08-09T11:09:32","date_gmt":"2024-08-09T11:09:32","guid":{"rendered":"https:\/\/ami.mr\/fr\/?page_id=251670"},"modified":"2024-08-13T17:36:13","modified_gmt":"2024-08-13T17:36:13","slug":"ahmed-salem-ebode","status":"publish","type":"page","link":"https:\/\/ami.mr\/fr\/ahmed-salem-ebode","title":{"rendered":"Ahmed Salem Bede Etvagha- Ministre de la transformation num\u00e9rique et de la modernisation de l\u2019administration"},"content":{"rendered":"<h3 style=\"text-align: center;\"><strong>BIOGRAPHIE<\/strong><\/h3>\n<p><strong>AHMED SALEM BEDE ETFAGHA<\/strong><\/p>\n<p><strong>Date et lieu de naissance:<\/strong> 1981 \u00e0 Mederdra<img decoding=\"async\" class=\"size-medium wp-image-251843 alignright\" src=\"https:\/\/ami.mr\/fr\/wp-content\/uploads\/2024\/08\/AHMED-SALEM-ABEDDA-292x300.jpg\" alt=\"\" width=\"292\" height=\"300\" srcset=\"https:\/\/ami.mr\/fr\/wp-content\/uploads\/2024\/08\/AHMED-SALEM-ABEDDA-292x300.jpg 292w, https:\/\/ami.mr\/fr\/wp-content\/uploads\/2024\/08\/AHMED-SALEM-ABEDDA-768x788.jpg 768w, https:\/\/ami.mr\/fr\/wp-content\/uploads\/2024\/08\/AHMED-SALEM-ABEDDA.jpg 940w\" sizes=\"(max-width: 292px) 100vw, 292px\" \/><\/p>\n<p><strong>NNI<\/strong>: 1879445326<\/p>\n<p><strong>Matricule fonction publique<\/strong> : 96500Q<\/p>\n<p><strong>Ahmed Salem Bede <\/strong>est un <strong>administrateur de r\u00e9gies financi\u00e8res <\/strong>et <strong>ing\u00e9nieur d&#8217;\u00c9tat en informatique <\/strong>avec plus de <strong>15 ans d&#8217;exp\u00e9rience<\/strong>. Actuellement, il occupe le poste de <strong>Coordinateur National du Programme du Registre Social \u00e0 la D\u00e9l\u00e9gation G\u00e9n\u00e9rale TAAZOUR. <\/strong>Il a jou\u00e9 un r\u00f4le d\u00e9terminant dans la mise en place du Registre Social, utilisant des technologies de pointe pour en faire un mod\u00e8le r\u00e9gional. Son engagement exceptionnel a \u00e9t\u00e9 reconnu par les partenaires techniques et financiers, ce qui a permis d&#8217;attirer des financements significatifs gr\u00e2ce \u00e0 la transparence et \u00e0 la qualit\u00e9 du registre social.<\/p>\n<p>Au cours de sa carri\u00e8re, il a occup\u00e9 <strong>plusieurs postes de responsabilit\u00e9, <\/strong>notamment au <strong>Minist\u00e8re de l&#8217;\u00c9conomie, <\/strong>\u00e0 <strong>l&#8217;Autorit\u00e9 de R\u00e9gulation des March\u00e9s Publics (ARMP)<\/strong>, au <strong>Minist\u00e8re des Finances, <\/strong>\u00e0 la <strong>Commission \u00c9lectorale Nationale Ind\u00e9pendante (CENI) <\/strong>et chez <strong>l&#8217;op\u00e9rateur de t\u00e9l\u00e9communications Mattel.<\/strong><\/p>\n<h4><strong>DIPL\u00d4MES ET ATTESTATIONS<\/strong><\/h4>\n<p>2014 &#8211; <strong>Administrateur<\/strong> des R\u00e9gies Financi\u00e8res \u00e0 l\u2019Ecole Nationale d\u2019Administration, de Journalisme et de Magistrature (ENAJM).<\/p>\n<p>2014 &#8211; <strong>Expert juridique <\/strong>en informatique et t\u00e9l\u00e9communication agr\u00e9\u00e9 aupr\u00e8s des<\/p>\n<p>tribunaux mauritaniens.<\/p>\n<p>2013 &#8211; <strong>Doctorant <\/strong>en Informatique \u00e0 la Facult\u00e9 des Sciences et Techniques (FST) de l&#8217;Universit\u00e9 Cheikh Anta Diop de Dakar (UCAD).<\/p>\n<p>2008 &#8211; <strong>Master2 Professionnel en Informatique Option Syst\u00e8mes d\u2019Information R\u00e9partis (SIR) <\/strong>\u00e0 la FST de l\u2019UCAD.<\/p>\n<p>2007 &#8211; <strong>Ma\u00eetrise en Informatique \u00e0 la <\/strong>FST \u2013 UCAD.<\/p>\n<p>2006 &#8211; <strong>Licence en Informatique <\/strong>FST \u2013 UCAD.<\/p>\n<p>2005 \u2013 <strong>DEUG<\/strong> en MP (Math\u00e9matiques Physique) FST \u2013 UCAD.<\/p>\n<p>2002 &#8211; <strong>Baccalaur\u00e9at<\/strong> Math\u00e9matiques (S\u00e9rie C).<\/p>\n<h4><strong>Exp\u00e9riences<\/strong> <strong>dans<\/strong> <strong>le<\/strong> <strong>domaine<\/strong> <strong>de<\/strong> <strong>la<\/strong> <strong>protection<\/strong> <strong>sociale<\/strong><\/h4>\n<h4>2023 \u00e0 Aujourd\u2019hui<\/h4>\n<p><strong>Coordinateur National du Programme du Registre Social, <\/strong>de la Conception et du Suivi <strong>(D\u00e9l\u00e9gation G\u00e9n\u00e9rale TAAZOUR)<\/strong><\/p>\n<h4>2020 &#8211; 2023<\/h4>\n<p><strong>Directeur G\u00e9n\u00e9ral du Registre Social <\/strong>et du Syst\u00e8me d\u2019Information (D\u00e9l\u00e9gation G\u00e9n\u00e9rale TAAZOUR)<\/p>\n<h4>2018 &#8211; 2019<\/h4>\n<p><strong>Directeur du Registre Social <\/strong>(Minist\u00e8re de l\u2019\u00c9conomie et des Finances)<\/p>\n<p><strong>MISSIONS:<\/strong><\/p>\n<ul>\n<li><strong>Cr\u00e9er et g\u00e9rer une base de donn\u00e9es <\/strong>centralis\u00e9e des m\u00e9nages pauvres et vuln\u00e9rables au niveau<\/li>\n<li><strong>Piloter les missions d\u2019identification <\/strong>et de collecte des donn\u00e9es des m\u00e9nages<\/li>\n<li><strong>Assurer la mise \u00e0 jour r\u00e9guli\u00e8re de la base de donn\u00e9es <\/strong>des m\u00e9nages<\/li>\n<li><strong>D\u00e9finir les besoins et les priorit\u00e9s des m\u00e9nages et des individus <\/strong><\/li>\n<li><strong>Identifier les poches de pauvret\u00e9 et les zones d\u2019intervention <\/strong><\/li>\n<li><strong>D\u00e9finir les listes <\/strong>des b\u00e9n\u00e9ficiaires des interventions dans les <strong>domaines de la production sociale.<\/strong><\/li>\n<li><strong>Coordonner <\/strong>les actions entre les diff\u00e9rents intervenants dans <strong>les domaines de la protection sociale.<\/strong><\/li>\n<li><strong>Collaborer avec les partenaires techniques et <\/strong><\/li>\n<li><strong>D\u00e9velopper des outils techniques pour la modernisation du <\/strong><\/li>\n<li><strong>Former le personnel technique et de terrain pour une utilisation efficace des outils et des m\u00e9thodes.<\/strong><\/li>\n<li><strong>Mettre en place des m\u00e9canismes de suivi pour mesurer l\u2019efficacit\u00e9 des op\u00e9rations.<\/strong><\/li>\n<li>Assurer une communication transparente avec les parties prenantes.<\/li>\n<\/ul>\n<h4><strong>Exp\u00e9riences<\/strong><strong> en <\/strong><strong>Finance, \u00e9conomie<\/strong><strong> et <\/strong><strong>march\u00e9s<\/strong> <strong>publics<\/strong><\/h4>\n<h4>\u00a0 2014 &#8211; 2018<\/h4>\n<p><strong>Directeur des Statistiques, <\/strong>de la Documentation et des Archives \u00e0 <strong>l\u2019Autorit\u00e9 <\/strong><strong>de R\u00e9gulation des March\u00e9s Publics (ARMP)<\/strong><\/p>\n<p><strong>MISSIONS:<\/strong><\/p>\n<ul>\n<li><strong>Elaborer <\/strong>et mettre en \u0153uvre <strong>une base de donn\u00e9es des march\u00e9s publics et \u00e0 terme \u00e9laborer un syst\u00e8me d\u2019information int\u00e9gr\u00e9 des March\u00e9s Publics (MP).<\/strong><\/li>\n<\/ul>\n<ul>\n<li><strong>Collecter <\/strong>et <strong>centraliser la documentation sur l\u2019attribution, l\u2019ex\u00e9cution, <\/strong>et le <strong>contr\u00f4le des MP, <\/strong>puis assurer l\u2019archivage et la s\u00e9curit\u00e9 des donn\u00e9es.<\/li>\n<\/ul>\n<ul>\n<li><strong>Fournir des statistiques <\/strong>et <strong>des tableaux de bord sur les march\u00e9s publics.<\/strong><\/li>\n<\/ul>\n<ul>\n<li><strong>Garantir la qualit\u00e9 des activit\u00e9s de l\u2019ARMP <\/strong>en modernisant les proc\u00e9dures par l\u2019int\u00e9gration des nouvelles technologies (d\u00e9mat\u00e9rialisation)<\/li>\n<li>Coordonner les missions d&#8217;audit des march\u00e9s publics<\/li>\n<\/ul>\n<h4>2015 &#8211; 2016<\/h4>\n<p>Chef Division des Etudes \u00e0 la Direction G\u00e9n\u00e9rale du Tr\u00e9sor et de la Comptabilit\u00e9<\/p>\n<p>Publique (DGTCP)<\/p>\n<p><strong>MISSIONS:<\/strong><\/p>\n<ul>\n<li>\u00c9laboration des rapports sur <strong>l\u2019Ex\u00e9cution du Budget de l\u2019Etat<\/strong><\/li>\n<li>\u00c9laboration des rapports sur les <strong>Op\u00e9rations Financi\u00e8res de l\u2019Etat (ROFE)<\/strong><\/li>\n<li>\u00c9laboration des rapports de <strong>l\u2019ITIE (\u00e9valuation des recettes de l\u2019Etat) et rapport du p\u00e9trole<\/strong><\/li>\n<li>\u00c9laboration des rapports du <strong>Cadre Budg\u00e9taire \u00e0 Moyen Terme (CBMT)<\/strong><\/li>\n<\/ul>\n<h4>2014 &#8211; 2015<\/h4>\n<p><strong>Cadre \u00e0 la Direction G\u00e9n\u00e9rale du Budget (DGB) <\/strong>affect\u00e9 \u00e0 la Direction de la Coordination et des Syst\u00e8mes.<\/p>\n<h4><strong>Exp\u00e9riences<\/strong> <strong>dans<\/strong> <strong>le<\/strong> <strong>domaine<\/strong><strong> des<\/strong> <strong>\u00e9lections<\/strong><\/h4>\n<h4>2018<\/h4>\n<p>Coordinateur Technique \u00e0 la CENI<\/p>\n<p>Elections : Municipales, l\u00e9gislatives et r\u00e9gionales<\/p>\n<h4>2017<\/h4>\n<p><strong>Expert charg\u00e9 du fichier \u00e9lectoral <\/strong>et de la <strong>centralisation des r\u00e9sultats \u00e0 la <\/strong><strong>CENI<\/strong><\/p>\n<p>Elections : r\u00e9f\u00e9rendum<\/p>\n<h4>2013-2014<\/h4>\n<p>Chef Service du fichier \u00e9lectoral et de la centralisation des r\u00e9sultats \u00e0 la CENI<\/p>\n<p>Elections : pr\u00e9sidentielle, municipales et l\u00e9gislatives<\/p>\n<h4>2009<\/h4>\n<p>Chef service informatique \u00e0 la Commission Electorale Nationale Ind\u00e9pendante (CENI)<\/p>\n<p>Elections : Pr\u00e9sidentielle<\/p>\n<p><strong>MISSIONS:<\/strong><\/p>\n<ul>\n<li><strong>\u00c9laboration<\/strong>, mise en place et maintenance des syst\u00e8mes informatiques pour le processus \u00e9lectoral.<\/li>\n<\/ul>\n<ul>\n<li><strong>Pr\u00e9paration, validation et gestion <\/strong>des fichiers et listes \u00e9lectoraux.<\/li>\n<li><strong>Formation<\/strong><strong> du\u00a0\u00a0 personnel\u00a0\u00a0\u00a0 technique\u00a0\u00a0 <\/strong>pour\u00a0\u00a0\u00a0 l&#8217;utilisation\u00a0\u00a0\u00a0 des solutions informatiques.<\/li>\n<li><strong>Pilotage <\/strong>des sous-commissions techniques et coordination des \u00e9quipes.<\/li>\n<li><strong>Supervision de la centralisation et de la r\u00e9ception <\/strong>des r\u00e9sultats \u00e9lectoraux.<\/li>\n<li><strong>Administration <\/strong>des r\u00e9seaux informatiques et protection des donn\u00e9es.<\/li>\n<\/ul>\n<h4><strong>Autres<\/strong> <strong>Exp\u00e9riences<\/strong> <strong>Professionnelles<\/strong><\/h4>\n<p><strong>Chef du projet Mechili <\/strong>(Syst\u00e8me de recharges \u00e9lectroniques et transferts d\u2019argent) en qualit\u00e9 chef de service \u00e0 la Mattel.<\/p>\n<p><strong>MISSIONS:<\/strong><\/p>\n<ul>\n<li><strong>D\u00e9veloppement <\/strong>et <strong>maintenance <\/strong>du r\u00e9seau de distribution <strong>MECHILI<\/strong>.<\/li>\n<li><strong>Adaptation <\/strong>des <strong>sp\u00e9cifications fonctionnelles <\/strong>et <strong>techniques aux <\/strong><\/li>\n<li><strong>D\u00e9velopper<\/strong><strong> les\u00a0\u00a0 services\u00a0\u00a0 <\/strong>bas\u00e9s\u00a0\u00a0 sur\u00a0\u00a0 les\u00a0\u00a0 <strong>transactions\u00a0\u00a0\u00a0 \u00e9lectroniques MECHILI.<\/strong><\/li>\n<li><strong>Assurer l\u2019impl\u00e9mentation des solutions <\/strong>de <strong>Mobile-<\/strong><\/li>\n<li><strong>Mise en place de partenariats <\/strong>avec <strong>les <\/strong><\/li>\n<li><strong>Veiller \u00e0 la s\u00e9curit\u00e9 du syst\u00e8me <\/strong>et \u00e0 la <strong>confidentialit\u00e9 des donn\u00e9es.<\/strong><\/li>\n<li><strong>Fournir des statistiques <\/strong>et <strong>des \u00e9tudes sur les chiffres d\u2019affaires<\/strong><\/li>\n<\/ul>\n<p><strong>Ing\u00e9nieur cadre \u00e0 la MATTEL <\/strong>: Poste administrateur syst\u00e8me et base de donn\u00e9es<\/p>\n<p><strong>Administrateur du syst\u00e8me Billing <\/strong>(syst\u00e8me de facturation post-pay\u00e9e) Gestion de tout le processus de facturation pour les clients post-pay\u00e9s et GFU de Mattel<\/p>\n<p><strong>Professeur\u00a0\u00a0\u00a0 <\/strong>\u00e0\u00a0\u00a0\u00a0 l\u2019Universit\u00e9\u00a0\u00a0\u00a0 Intercontinentale\u00a0\u00a0\u00a0 Libre\u00a0\u00a0\u00a0 Sup\u2019\u00a0\u00a0\u00a0\u00a0\u00a0\u00a0\u00a0\u00a0\u00a0\u00a0\u00a0\u00a0\u00a0\u00a0\u00a0\u00a0\u00a0\u00a0\u00a0\u00a0\u00a0\u00a0\u00a0 Management Mauritanie<\/p>\n<p>Enseigner les mati\u00e8res : S\u00e9curit\u00e9, Oracle et Administration r\u00e9seau<\/p>\n<p>Stage de fin d\u2019\u00e9tudes 6 mois sur la s\u00e9curit\u00e9 sous Oracle 10g \u00e0 la Section Informatique de l\u2019universit\u00e9 Cheihk Anta Diop de Dakar.<\/p>\n<h4><strong>Formations<\/strong> <strong>diverses<\/strong><\/h4>\n<p>&nbsp;<\/p>\n<table style=\"height: 367px;\" width=\"577\">\n<tbody>\n<tr>\n<td width=\"572\"><strong>2023 &#8211; Gestion des entit\u00e9s publiques<\/strong><\/td>\n<\/tr>\n<tr>\n<td width=\"572\"><strong>2121 &#8211; Formation sur la gestion des projets<\/strong><\/td>\n<\/tr>\n<tr>\n<td width=\"572\"><strong>2019 &#8211; Formation sur la protection sociale<\/strong><\/td>\n<\/tr>\n<tr>\n<td width=\"572\"><strong>2017 &#8211; Formation sur (SIG) Syst\u00e8me d\u2019Information G\u00e8ographiqes<\/strong><\/td>\n<\/tr>\n<tr>\n<td width=\"572\"><strong>2015 &#8211; Formation sur (CBMT) Cadre Budg\u00e9taire \u00e0 Moyen Terme<\/strong><\/td>\n<\/tr>\n<tr>\n<td width=\"572\"><strong>2014 &#8211; Formation sur la fiscalit\u00e9 des march\u00e9s publics<\/strong><\/td>\n<\/tr>\n<tr>\n<td width=\"572\"><strong>2014 &#8211; Les proc\u00e9dures de Passation des March\u00e9s Publics<\/strong><\/td>\n<\/tr>\n<tr>\n<td width=\"572\"><strong>2013 &#8211; Formation sur le processus \u00e9lectoral<\/strong><\/td>\n<\/tr>\n<tr>\n<td width=\"572\"><strong>2010 &#8211; Formation sur la s\u00e9curit\u00e9 du syst\u00e8me d&#8217;information<\/strong><\/td>\n<\/tr>\n<\/tbody>\n<\/table>\n<p>&nbsp;<\/p>\n<h4><strong>Projets<\/strong> <strong>et<\/strong> <strong>R\u00e9alisations<\/strong><\/h4>\n<ul>\n<li><strong>Coordination des op\u00e9rations \u00e9lectorales <\/strong>pendant <strong>l\u2019\u00e9l\u00e9ction pr\u00e9sidentielle de 2024 (pour le candidat Mohamed Cheikh El Ghazouani) <\/strong>et <strong>les \u00e9lections locales de 2023 (pour le Parti El Insaf)<\/strong><\/li>\n<li>\u00a0<strong>Coordination des initiatives soutenant <\/strong>le <strong>candidat <\/strong>\u00e0 <strong>l&#8217;\u00e9lection pr\u00e9sidentielle <\/strong>de <strong>2019 Mohamed Ould Cheikh El Ghazouani<\/strong><\/li>\n<li>\u00a0<strong>Parmi les organisateurs du sommet de Transparence <\/strong>et <strong>D\u00e9veloppement Durable en Afrique organis\u00e9 par l\u2019Union Africaine (UA).<\/strong><\/li>\n<li>\u00a0<strong>L\u2019appui technique du sommet extraordinaire <\/strong>des <strong>Chefs d\u2019Etat du G5 du <\/strong><strong>Sahel.<\/strong><\/li>\n<li>\u00a0L\u2019appui technique du sommet du processus de Nouakchott organis\u00e9 par le gouvernement mauritanien et l&#8217;Union Africaine (UA).<\/li>\n<\/ul>\n<h4><strong>Autres<\/strong> <strong>Capacit\u00e9s<\/strong> <strong>et<\/strong> <strong>Aptitudes<\/strong><\/h4>\n<h4><strong><u>Habilit\u00e9s et aptitudes:<\/u><\/strong><\/h4>\n<p>Esprit de planification Esprit d\u2019organisation<\/p>\n<p>Esprit de travail en \u00e9quipe<\/p>\n<p>Esprit d\u2019initiative et de Jugement Capacit\u00e9s de convaincre<\/p>\n<p>Communication orale et \u00e9crite<\/p>\n<h4><strong><u>Attitudes et valeurs:<\/u><\/strong><\/h4>\n<p>Efficacit\u00e9<\/p>\n<p>Disponibilit\u00e9<\/p>\n<p>Discr\u00e9tion et confidentialit\u00e9 Professionnalisme<\/p>\n<p>Honn\u00eatet\u00e9<\/p>\n<h4><strong>Langues:<\/strong><\/h4>\n<p>Arabe<\/p>\n<p>Fran\u00e7ais<\/p>\n<p>Anglais Technique<\/p>\n","protected":false},"excerpt":{"rendered":"<p>BIOGRAPHIE AHMED SALEM BEDE ETFAGHA Date et lieu de naissance: 1981 \u00e0 Mederdra NNI: 1879445326 Matricule fonction publique : 96500Q Ahmed Salem Bede est un administrateur de r\u00e9gies financi\u00e8res et ing\u00e9nieur d&#8217;\u00c9tat en informatique avec plus de 15 ans d&#8217;exp\u00e9rience. Actuellement, il occupe le poste de Coordinateur National du Programme du Registre Social \u00e0 la [&hellip;]<\/p>\n","protected":false},"author":1,"featured_media":0,"parent":0,"menu_order":0,"comment_status":"closed","ping_status":"closed","template":"","meta":{"footnotes":""},"class_list":["post-251670","page","type-page","status-publish","hentry"],"_links":{"self":[{"href":"https:\/\/ami.mr\/fr\/wp-json\/wp\/v2\/pages\/251670","targetHints":{"allow":["GET"]}}],"collection":[{"href":"https:\/\/ami.mr\/fr\/wp-json\/wp\/v2\/pages"}],"about":[{"href":"https:\/\/ami.mr\/fr\/wp-json\/wp\/v2\/types\/page"}],"author":[{"embeddable":true,"href":"https:\/\/ami.mr\/fr\/wp-json\/wp\/v2\/users\/1"}],"replies":[{"embeddable":true,"href":"https:\/\/ami.mr\/fr\/wp-json\/wp\/v2\/comments?post=251670"}],"version-history":[{"count":4,"href":"https:\/\/ami.mr\/fr\/wp-json\/wp\/v2\/pages\/251670\/revisions"}],"predecessor-version":[{"id":252054,"href":"https:\/\/ami.mr\/fr\/wp-json\/wp\/v2\/pages\/251670\/revisions\/252054"}],"wp:attachment":[{"href":"https:\/\/ami.mr\/fr\/wp-json\/wp\/v2\/media?parent=251670"}],"curies":[{"name":"wp","href":"https:\/\/api.w.org\/{rel}","templated":true}]}}